{"id":4456,"date":"2025-09-10T19:33:57","date_gmt":"2025-09-10T17:33:57","guid":{"rendered":"https:\/\/cefanl.be\/?page_id=4456"},"modified":"2026-04-02T16:09:45","modified_gmt":"2026-04-02T14:09:45","slug":"mecanique","status":"publish","type":"page","link":"https:\/\/cefanl.be\/index.php\/formations\/mecanique\/","title":{"rendered":"M\u00e9canique"},"content":{"rendered":"\n<figure class=\"wp-block-image size-large\"><img loading=\"lazy\" decoding=\"async\" width=\"1024\" height=\"683\" src=\"https:\/\/cefanl.be\/wp-content\/uploads\/2025\/09\/handsome-adult-man-grey-colored-uniform-standing-automobile-1024x683.jpg\" alt=\"M\u00e9canicien(ne) d'entretien automobile\" class=\"wp-image-4457\" style=\"aspect-ratio:16\/9;object-fit:cover\" srcset=\"https:\/\/cefanl.be\/wp-content\/uploads\/2025\/09\/handsome-adult-man-grey-colored-uniform-standing-automobile-scaled.jpg 1024w, https:\/\/cefanl.be\/wp-content\/uploads\/2025\/09\/handsome-adult-man-grey-colored-uniform-standing-automobile-scaled.jpg 300w, https:\/\/cefanl.be\/wp-content\/uploads\/2025\/09\/handsome-adult-man-grey-colored-uniform-standing-automobile-scaled.jpg 768w, https:\/\/cefanl.be\/wp-content\/uploads\/2025\/09\/handsome-adult-man-grey-colored-uniform-standing-automobile-scaled.jpg 200w, https:\/\/cefanl.be\/wp-content\/uploads\/2025\/09\/handsome-adult-man-grey-colored-uniform-standing-automobile-scaled.jpg 1536w, https:\/\/cefanl.be\/wp-content\/uploads\/2025\/09\/handsome-adult-man-grey-colored-uniform-standing-automobile-scaled.jpg 2048w, https:\/\/cefanl.be\/wp-content\/uploads\/2025\/09\/handsome-adult-man-grey-colored-uniform-standing-automobile-scaled.jpg 2280w\" sizes=\"auto, (max-width: 1024px) 100vw, 1024px\" \/><\/figure>\n\n\n\n<h2 class=\"wp-block-heading has-vivid-red-color has-text-color has-link-color wp-elements-19fc16b2f0e4c96f91c68f70e2b07a86\">Lieu de formation<\/h2>\n\n\n\n<section class=\"wp-block-uagb-columns uagb-columns__wrap uagb-columns__background-none uagb-columns__stack-mobile uagb-columns__valign- uagb-columns__gap-10 align uagb-block-1335b8b0 uagb-columns__columns-3 uagb-columns__max_width-theme\"><div class=\"uagb-columns__overlay\"><\/div><div class=\"uagb-columns__inner-wrap uagb-columns__columns-3\">\n<div class=\"wp-block-uagb-column uagb-column__wrap uagb-column__background-undefined uagb-block-11c86209\"><div class=\"uagb-column__overlay\"><\/div>\n<figure class=\"wp-block-image size-medium\"><a href=\"https:\/\/cefanl.be\/index.php\/implantations\/cefa-vielsalm\/\"><img loading=\"lazy\" decoding=\"async\" width=\"300\" height=\"246\" src=\"https:\/\/cefanl.be\/wp-content\/uploads\/2024\/08\/Logo-CEFA-NL-AR-Vielsalm-2024-300x246.png\" alt=\"CEFA Vielsalm\" class=\"wp-image-3803\" srcset=\"https:\/\/cefanl.be\/wp-content\/uploads\/2024\/08\/Logo-CEFA-NL-AR-Vielsalm-2024.png 300w, https:\/\/cefanl.be\/wp-content\/uploads\/2024\/08\/Logo-CEFA-NL-AR-Vielsalm-2024.png 1024w, https:\/\/cefanl.be\/wp-content\/uploads\/2024\/08\/Logo-CEFA-NL-AR-Vielsalm-2024.png 768w, https:\/\/cefanl.be\/wp-content\/uploads\/2024\/08\/Logo-CEFA-NL-AR-Vielsalm-2024.png 200w, https:\/\/cefanl.be\/wp-content\/uploads\/2024\/08\/Logo-CEFA-NL-AR-Vielsalm-2024.png 1536w, https:\/\/cefanl.be\/wp-content\/uploads\/2024\/08\/Logo-CEFA-NL-AR-Vielsalm-2024.png 1948w\" sizes=\"auto, (max-width: 300px) 100vw, 300px\" \/><\/a><\/figure>\n\n\n\n<p class=\"has-text-align-center has-vivid-red-color has-text-color has-link-color wp-elements-30bc24310ae59d217595d371342aa17c\"><a href=\"https:\/\/cefanl.be\/index.php\/implantations\/cefa-vielsalm\/\" type=\"page\" id=\"2479\">VIELSALM<\/a><\/p>\n<\/div>\n\n\n\n<div class=\"wp-block-uagb-column uagb-column__wrap uagb-column__background-undefined uagb-block-6c605be7\"><div class=\"uagb-column__overlay\"><\/div><\/div>\n\n\n\n<div class=\"wp-block-uagb-column uagb-column__wrap uagb-column__background-undefined uagb-block-26988a55\"><div class=\"uagb-column__overlay\"><\/div><\/div>\n<\/div><\/section>\n\n\n\n<h2 class=\"wp-block-heading has-vivid-red-color has-text-color has-link-color wp-elements-805b8e954d04f7d3d8423efc1d9073c9\">Le m\u00e9tier de m\u00e9canicien(ne) d&rsquo;entretien automobile<\/h2>\n\n\n\n<p>Le m\u00e9canicien d\u2019entretien automobile r\u00e9alise une partie des op\u00e9rations (contr\u00f4le, remplacement, r\u00e9glage) li\u00e9es :<\/p>\n\n\n\n<ul class=\"wp-block-list\">\n<li>aux entretiens,<\/li>\n\n\n\n<li>aux r\u00e9parations courantes,<\/li>\n\n\n\n<li>\u00e0 la pr\u00e9paration au contr\u00f4le technique,<\/li>\n\n\n\n<li>\u00e0 la pr\u00e9paration de la livraison d\u2019un v\u00e9hicule neuf, de voitures particuli\u00e8res et de v\u00e9hicules utilitaires l\u00e9gers de maximum 6 ans d\u2019\u00e2ge.<\/li>\n<\/ul>\n\n\n\n<p>Le m\u00e9canicien d\u2019entretien automobile sera amen\u00e9 \u00e0 :<\/p>\n\n\n\n<ul class=\"wp-block-list\">\n<li>pr\u00e9parer un v\u00e9hicule neuf pour la livraison ;<\/li>\n\n\n\n<li>r\u00e9aliser le petit entretien d\u2019un v\u00e9hicule ;<\/li>\n\n\n\n<li>r\u00e9aliser le gros entretien d\u2019un v\u00e9hicule et les petite r\u00e9parations y aff\u00e9rentes ;<\/li>\n\n\n\n<li>pr\u00e9parer un v\u00e9hicule au passage du contr\u00f4le technique.<\/li>\n<\/ul>\n\n\n\n<section class=\"wp-block-uagb-columns uagb-columns__wrap uagb-columns__background-none uagb-columns__stack-mobile uagb-columns__valign- uagb-columns__gap-10 align uagb-block-a9b7fb9b uagb-columns__columns-3 uagb-columns__max_width-theme\"><div class=\"uagb-columns__overlay\"><\/div><div class=\"uagb-columns__inner-wrap uagb-columns__columns-3\">\n<div class=\"wp-block-uagb-column uagb-column__wrap uagb-column__background-undefined uagb-block-5bb91028\"><div class=\"uagb-column__overlay\"><\/div><\/div>\n\n\n\n<div class=\"wp-block-uagb-column uagb-column__wrap uagb-column__background-undefined uagb-block-80016954\"><div class=\"uagb-column__overlay\"><\/div>\n<figure class=\"wp-block-embed is-type-video is-provider-youtube wp-block-embed-youtube wp-embed-aspect-16-9 wp-has-aspect-ratio\"><div class=\"wp-block-embed__wrapper\">\n<iframe loading=\"lazy\" title=\"Pr\u00e9sentation de la section m\u00e9canique garage 2021\" width=\"1140\" height=\"641\" src=\"https:\/\/www.youtube.com\/embed\/z0i00C9N_Kc?feature=oembed\" frameborder=\"0\" allow=\"accelerometer; autoplay; clipboard-write; encrypted-media; gyroscope; picture-in-picture; web-share\" referrerpolicy=\"strict-origin-when-cross-origin\" allowfullscreen><\/iframe>\n<\/div><\/figure>\n<\/div>\n\n\n\n<div class=\"wp-block-uagb-column uagb-column__wrap uagb-column__background-undefined uagb-block-17da38ce\"><div class=\"uagb-column__overlay\"><\/div><\/div>\n<\/div><\/section>\n\n\n\n<h2 class=\"wp-block-heading has-vivid-red-color has-text-color has-link-color wp-elements-629383f5b73ff7974d2340461003f43e\">Activit\u00e9s du m\u00e9canicien \/ de la m\u00e9canicienne<\/h2>\n\n\n\n<p>Le\/La m\u00e9canicien(ne) d&rsquo;entretien automobile doit savoir de fa\u00e7on autonome :<\/p>\n\n\n\n<ul class=\"wp-block-list\">\n<li>contr\u00f4ler, r\u00e9parer et r\u00e9gler un moteur \u00e0 explosion,<\/li>\n\n\n\n<li>v\u00e9rifier, r\u00e9parer et r\u00e9gler une bo\u00eete de vitesse manuelle, r\u00e9ducteur et arbre de transmission,<\/li>\n\n\n\n<li>v\u00e9rifier, contr\u00f4ler et r\u00e9gler les diff\u00e9rents organes de suspension, direction et freinage,<\/li>\n\n\n\n<li>\u00e9quilibrer les roues d&rsquo;un v\u00e9hicule,<\/li>\n\n\n\n<li>d\u00e9poser et reposer un moteur ainsi que r\u00e9aliser de petites r\u00e9visions de moteur,<\/li>\n\n\n\n<li>d\u00e9terminer l&rsquo;importance de l&rsquo;usure d&rsquo;un moteur apr\u00e8s d\u00e9montage et faire les d\u00e9marches n\u00e9cessaires.<\/li>\n<\/ul>\n\n\n\n<p>En outre, il\/elle doit avoir :<\/p>\n\n\n\n<ul class=\"wp-block-list\">\n<li>le sens de l&rsquo;ordre et de la propret\u00e9 ainsi que le souci de la qualit\u00e9,<\/li>\n\n\n\n<li>le sens des responsabilit\u00e9s en mati\u00e8re de s\u00e9curit\u00e9, d&rsquo;hygi\u00e8ne et d&rsquo;environnement,<\/li>\n\n\n\n<li>l&rsquo;esprit d&rsquo;\u00e9quipe et d&rsquo;aide \u00e0 ses coll\u00e8gues,<\/li>\n\n\n\n<li>le souci permanent de sa formation professionnelle et de la transmission de ses connaissances.<\/li>\n<\/ul>\n\n\n\n<h3 class=\"wp-block-heading has-vivid-red-color has-text-color has-link-color wp-elements-63f9337cc54a519ae12c02eeadcf3f2e\">Grille horaire<\/h3>\n\n\n\n<figure class=\"wp-block-table has-small-font-size\"><table class=\"has-vivid-red-color has-text-color has-link-color\"><thead><tr><th class=\"has-text-align-left\" data-align=\"left\">Cours<\/th><th class=\"has-text-align-left\" data-align=\"left\">4P<\/th><th class=\"has-text-align-left\" data-align=\"left\">5P<\/th><th class=\"has-text-align-left\" data-align=\"left\">6P<\/th><\/tr><\/thead><tbody><tr><td class=\"has-text-align-left\" data-align=\"left\"><strong>FORMATION COMMUNE<\/strong><\/td><td class=\"has-text-align-left\" data-align=\"left\"><strong>5<\/strong><\/td><td class=\"has-text-align-left\" data-align=\"left\"><strong>7<\/strong><\/td><td class=\"has-text-align-left\" data-align=\"left\"><strong>7<\/strong><\/td><\/tr><tr><td class=\"has-text-align-left\" data-align=\"left\">Fran\u00e7ais<\/td><td class=\"has-text-align-left\" data-align=\"left\">3<\/td><td class=\"has-text-align-left\" data-align=\"left\">3<\/td><td class=\"has-text-align-left\" data-align=\"left\">3<\/td><\/tr><tr><td class=\"has-text-align-left\" data-align=\"left\">Math\u00e9matique<\/td><td class=\"has-text-align-left\" data-align=\"left\">2<\/td><td class=\"has-text-align-left\" data-align=\"left\">0<\/td><td class=\"has-text-align-left\" data-align=\"left\">0<\/td><\/tr><tr><td class=\"has-text-align-left\" data-align=\"left\">G\u00e9ographie<\/td><td class=\"has-text-align-left\" data-align=\"left\">0<\/td><td class=\"has-text-align-left\" data-align=\"left\">1<\/td><td class=\"has-text-align-left\" data-align=\"left\">1<\/td><\/tr><tr><td class=\"has-text-align-left\" data-align=\"left\">Histoire<\/td><td class=\"has-text-align-left\" data-align=\"left\">0<\/td><td class=\"has-text-align-left\" data-align=\"left\">1<\/td><td class=\"has-text-align-left\" data-align=\"left\">1<\/td><\/tr><tr><td class=\"has-text-align-left\" data-align=\"left\">Formation sociale et \u00e9conomique<\/td><td class=\"has-text-align-left\" data-align=\"left\">0<\/td><td class=\"has-text-align-left\" data-align=\"left\">2<\/td><td class=\"has-text-align-left\" data-align=\"left\">2<\/td><\/tr><tr><td class=\"has-text-align-left\" data-align=\"left\"><strong>OPTION DE BASE GROUP\u00c9E<\/strong><\/td><td class=\"has-text-align-left\" data-align=\"left\"><strong>10<\/strong><\/td><td class=\"has-text-align-left\" data-align=\"left\"><strong>8<\/strong><\/td><td class=\"has-text-align-left\" data-align=\"left\"><strong>8<\/strong><\/td><\/tr><tr><td class=\"has-text-align-left\" data-align=\"left\"><strong>M\u00e9canicien(ne) d&rsquo;entretien automobile<\/strong><\/td><td class=\"has-text-align-left\" data-align=\"left\"><\/td><td class=\"has-text-align-left\" data-align=\"left\"><\/td><td class=\"has-text-align-left\" data-align=\"left\"><\/td><\/tr><tr><td class=\"has-text-align-left\" data-align=\"left\">M\u00e9canique automobile<\/td><td class=\"has-text-align-left\" data-align=\"left\">2<\/td><td class=\"has-text-align-left\" data-align=\"left\">2<\/td><td class=\"has-text-align-left\" data-align=\"left\">2<\/td><\/tr><tr><td class=\"has-text-align-left\" data-align=\"left\">Electricit\u00e9 appliqu\u00e9e \u00e0 l&rsquo;automobile<\/td><td class=\"has-text-align-left\" data-align=\"left\">2<\/td><td class=\"has-text-align-left\" data-align=\"left\">1<\/td><td class=\"has-text-align-left\" data-align=\"left\">1<\/td><\/tr><tr><td class=\"has-text-align-left\" data-align=\"left\">Math\u00e9matique orient\u00e9e<\/td><td class=\"has-text-align-left\" data-align=\"left\">0<\/td><td class=\"has-text-align-left\" data-align=\"left\">1<\/td><td class=\"has-text-align-left\" data-align=\"left\">1<\/td><\/tr><tr><td class=\"has-text-align-left\" data-align=\"left\">Travaux pratiques automobile<\/td><td class=\"has-text-align-left\" data-align=\"left\">6<\/td><td class=\"has-text-align-left\" data-align=\"left\">4<\/td><td class=\"has-text-align-left\" data-align=\"left\">4<\/td><\/tr><\/tbody><\/table><\/figure>\n\n\n\n<h2 class=\"wp-block-heading has-vivid-red-color has-text-color has-link-color wp-elements-f8cfcbf2fe6f08d2a10506a734299fb4\">En fin de parcours, tu obtiens :<\/h2>\n\n\n\n<ul class=\"wp-block-list\">\n<li>CE6P<\/li>\n\n\n\n<li>CQ6<\/li>\n<\/ul>\n\n\n\n<h2 class=\"wp-block-heading has-vivid-red-color has-text-color has-link-color wp-elements-fee59d30022a2a279929f4768617cfb1\">Les d\u00e9bouch\u00e9s<\/h2>\n\n\n\n<ul class=\"wp-block-list\">\n<li>Garagiste<\/li>\n\n\n\n<li>Concessionnaire<\/li>\n\n\n\n<li>Inspection automobile<\/li>\n<\/ul>\n\n\n\n<figure class=\"wp-block-embed is-type-video is-provider-youtube wp-block-embed-youtube wp-embed-aspect-16-9 wp-has-aspect-ratio\"><div class=\"wp-block-embed__wrapper\">\n<iframe loading=\"lazy\" title=\"ETUDES POUR DEVENIR M\u00c9CANICIEN AUTOMOBILE\" width=\"1140\" height=\"641\" src=\"https:\/\/www.youtube.com\/embed\/OMpawP7_jCg?feature=oembed\" frameborder=\"0\" allow=\"accelerometer; autoplay; clipboard-write; encrypted-media; gyroscope; picture-in-picture; web-share\" referrerpolicy=\"strict-origin-when-cross-origin\" allowfullscreen><\/iframe>\n<\/div><\/figure>\n","protected":false},"excerpt":{"rendered":"<p>Lieu de formation VIELSALM Le m\u00e9tier de m\u00e9canicien(ne) d&rsquo;entretien automobile Le m\u00e9canicien d\u2019entretien automobile r\u00e9alise une partie des op\u00e9rations (contr\u00f4le, remplacement, r\u00e9glage) li\u00e9es : Le m\u00e9canicien d\u2019entretien automobile sera amen\u00e9 \u00e0 : Activit\u00e9s du m\u00e9canicien \/ de la m\u00e9canicienne Le\/La m\u00e9canicien(ne) d&rsquo;entretien automobile doit savoir de fa\u00e7on autonome : En outre, il\/elle doit avoir : [&hellip;]<\/p>\n","protected":false},"author":1,"featured_media":4457,"parent":39,"menu_order":0,"comment_status":"closed","ping_status":"closed","template":"","meta":{"_uag_custom_page_level_css":"","footnotes":""},"class_list":["post-4456","page","type-page","status-publish","has-post-thumbnail","czr-hentry"],"yoast_head":"<!-- This site is optimized with the Yoast SEO plugin v27.5 - https:\/\/yoast.com\/product\/yoast-seo-wordpress\/ -->\n<title>M\u00e9canique - CEFA Nord-Luxembourg<\/title>\n<meta name=\"robots\" content=\"index, follow, max-snippet:-1, max-image-preview:large, max-video-preview:-1\" \/>\n<link rel=\"canonical\" href=\"https:\/\/cefanl.be\/index.php\/formations\/mecanique\/\" \/>\n<meta property=\"og:locale\" content=\"fr_FR\" \/>\n<meta property=\"og:type\" content=\"article\" \/>\n<meta property=\"og:title\" content=\"M\u00e9canique - CEFA Nord-Luxembourg\" \/>\n<meta property=\"og:description\" content=\"Lieu de formation VIELSALM Le m\u00e9tier de m\u00e9canicien(ne) d&rsquo;entretien automobile Le m\u00e9canicien d\u2019entretien automobile r\u00e9alise une partie des op\u00e9rations (contr\u00f4le, remplacement, r\u00e9glage) li\u00e9es : Le m\u00e9canicien d\u2019entretien automobile sera amen\u00e9 \u00e0 : Activit\u00e9s du m\u00e9canicien \/ de la m\u00e9canicienne Le\/La m\u00e9canicien(ne) d&rsquo;entretien automobile doit savoir de fa\u00e7on autonome : En outre, il\/elle doit avoir : [&hellip;]\" \/>\n<meta property=\"og:url\" content=\"https:\/\/cefanl.be\/index.php\/formations\/mecanique\/\" \/>\n<meta property=\"og:site_name\" content=\"CEFA Nord-Luxembourg\" \/>\n<meta property=\"article:publisher\" content=\"https:\/\/www.facebook.com\/CEFA.Bastogne.Bomal.Aywaille.Erezee\/\" \/>\n<meta property=\"article:modified_time\" content=\"2026-04-02T14:09:45+00:00\" \/>\n<meta property=\"og:image\" content=\"https:\/\/cefanl.be\/wp-content\/uploads\/2025\/09\/handsome-adult-man-grey-colored-uniform-standing-automobile-scaled.jpg\" \/>\n\t<meta property=\"og:image:width\" content=\"2560\" \/>\n\t<meta property=\"og:image:height\" content=\"1707\" \/>\n\t<meta property=\"og:image:type\" content=\"image\/jpeg\" \/>\n<meta name=\"twitter:card\" content=\"summary_large_image\" \/>\n<meta name=\"twitter:label1\" content=\"Dur\u00e9e de lecture estim\u00e9e\" \/>\n\t<meta name=\"twitter:data1\" content=\"3 minutes\" \/>\n<script type=\"application\/ld+json\" class=\"yoast-schema-graph\">{\"@context\":\"https:\\\/\\\/schema.org\",\"@graph\":[{\"@type\":\"WebPage\",\"@id\":\"https:\\\/\\\/cefanl.be\\\/index.php\\\/formations\\\/mecanique\\\/\",\"url\":\"https:\\\/\\\/cefanl.be\\\/index.php\\\/formations\\\/mecanique\\\/\",\"name\":\"M\u00e9canique - CEFA Nord-Luxembourg\",\"isPartOf\":{\"@id\":\"https:\\\/\\\/cefanl.be\\\/#website\"},\"primaryImageOfPage\":{\"@id\":\"https:\\\/\\\/cefanl.be\\\/index.php\\\/formations\\\/mecanique\\\/#primaryimage\"},\"image\":{\"@id\":\"https:\\\/\\\/cefanl.be\\\/index.php\\\/formations\\\/mecanique\\\/#primaryimage\"},\"thumbnailUrl\":\"https:\\\/\\\/cefanl.be\\\/wp-content\\\/uploads\\\/2025\\\/09\\\/handsome-adult-man-grey-colored-uniform-standing-automobile-scaled.jpg\",\"datePublished\":\"2025-09-10T17:33:57+00:00\",\"dateModified\":\"2026-04-02T14:09:45+00:00\",\"breadcrumb\":{\"@id\":\"https:\\\/\\\/cefanl.be\\\/index.php\\\/formations\\\/mecanique\\\/#breadcrumb\"},\"inLanguage\":\"fr-FR\",\"potentialAction\":[{\"@type\":\"ReadAction\",\"target\":[\"https:\\\/\\\/cefanl.be\\\/index.php\\\/formations\\\/mecanique\\\/\"]}]},{\"@type\":\"ImageObject\",\"inLanguage\":\"fr-FR\",\"@id\":\"https:\\\/\\\/cefanl.be\\\/index.php\\\/formations\\\/mecanique\\\/#primaryimage\",\"url\":\"https:\\\/\\\/cefanl.be\\\/wp-content\\\/uploads\\\/2025\\\/09\\\/handsome-adult-man-grey-colored-uniform-standing-automobile-scaled.jpg\",\"contentUrl\":\"https:\\\/\\\/cefanl.be\\\/wp-content\\\/uploads\\\/2025\\\/09\\\/handsome-adult-man-grey-colored-uniform-standing-automobile-scaled.jpg\",\"width\":2560,\"height\":1707,\"caption\":\"M\u00e9canique\"},{\"@type\":\"BreadcrumbList\",\"@id\":\"https:\\\/\\\/cefanl.be\\\/index.php\\\/formations\\\/mecanique\\\/#breadcrumb\",\"itemListElement\":[{\"@type\":\"ListItem\",\"position\":1,\"name\":\"Accueil\",\"item\":\"https:\\\/\\\/cefanl.be\\\/\"},{\"@type\":\"ListItem\",\"position\":2,\"name\":\"FORMATIONS CEFA\",\"item\":\"https:\\\/\\\/cefanl.be\\\/index.php\\\/formations\\\/\"},{\"@type\":\"ListItem\",\"position\":3,\"name\":\"M\u00e9canique\"}]},{\"@type\":\"WebSite\",\"@id\":\"https:\\\/\\\/cefanl.be\\\/#website\",\"url\":\"https:\\\/\\\/cefanl.be\\\/\",\"name\":\"CEFA Nord-Luxembourg\",\"description\":\"Bastogne - Bomal - Aywaille - Erez\u00e9e - Vielsalm\",\"publisher\":{\"@id\":\"https:\\\/\\\/cefanl.be\\\/#organization\"},\"potentialAction\":[{\"@type\":\"SearchAction\",\"target\":{\"@type\":\"EntryPoint\",\"urlTemplate\":\"https:\\\/\\\/cefanl.be\\\/?s={search_term_string}\"},\"query-input\":{\"@type\":\"PropertyValueSpecification\",\"valueRequired\":true,\"valueName\":\"search_term_string\"}}],\"inLanguage\":\"fr-FR\"},{\"@type\":\"Organization\",\"@id\":\"https:\\\/\\\/cefanl.be\\\/#organization\",\"name\":\"CEFA Nord-Luxembourg\",\"url\":\"https:\\\/\\\/cefanl.be\\\/\",\"logo\":{\"@type\":\"ImageObject\",\"inLanguage\":\"fr-FR\",\"@id\":\"https:\\\/\\\/cefanl.be\\\/#\\\/schema\\\/logo\\\/image\\\/\",\"url\":\"https:\\\/\\\/cefanl.be\\\/wp-content\\\/uploads\\\/2024\\\/08\\\/cropped-Logo-CEFA-TOUS-ARBH-ARMB-ARAY-Erezee-ARMV-ICET-202.jpg\",\"contentUrl\":\"https:\\\/\\\/cefanl.be\\\/wp-content\\\/uploads\\\/2024\\\/08\\\/cropped-Logo-CEFA-TOUS-ARBH-ARMB-ARAY-Erezee-ARMV-ICET-202.jpg\",\"width\":643,\"height\":526,\"caption\":\"CEFA Nord-Luxembourg\"},\"image\":{\"@id\":\"https:\\\/\\\/cefanl.be\\\/#\\\/schema\\\/logo\\\/image\\\/\"},\"sameAs\":[\"https:\\\/\\\/www.facebook.com\\\/CEFA.Bastogne.Bomal.Aywaille.Erezee\\\/\"]}]}<\/script>\n<!-- \/ Yoast SEO plugin. -->","yoast_head_json":{"title":"M\u00e9canique - CEFA Nord-Luxembourg","robots":{"index":"index","follow":"follow","max-snippet":"max-snippet:-1","max-image-preview":"max-image-preview:large","max-video-preview":"max-video-preview:-1"},"canonical":"https:\/\/cefanl.be\/index.php\/formations\/mecanique\/","og_locale":"fr_FR","og_type":"article","og_title":"M\u00e9canique - CEFA Nord-Luxembourg","og_description":"Lieu de formation VIELSALM Le m\u00e9tier de m\u00e9canicien(ne) d&rsquo;entretien automobile Le m\u00e9canicien d\u2019entretien automobile r\u00e9alise une partie des op\u00e9rations (contr\u00f4le, remplacement, r\u00e9glage) li\u00e9es : Le m\u00e9canicien d\u2019entretien automobile sera amen\u00e9 \u00e0 : Activit\u00e9s du m\u00e9canicien \/ de la m\u00e9canicienne Le\/La m\u00e9canicien(ne) d&rsquo;entretien automobile doit savoir de fa\u00e7on autonome : En outre, il\/elle doit avoir : [&hellip;]","og_url":"https:\/\/cefanl.be\/index.php\/formations\/mecanique\/","og_site_name":"CEFA Nord-Luxembourg","article_publisher":"https:\/\/www.facebook.com\/CEFA.Bastogne.Bomal.Aywaille.Erezee\/","article_modified_time":"2026-04-02T14:09:45+00:00","og_image":[{"width":2560,"height":1707,"url":"https:\/\/cefanl.be\/wp-content\/uploads\/2025\/09\/handsome-adult-man-grey-colored-uniform-standing-automobile-scaled.jpg","type":"image\/jpeg"}],"twitter_card":"summary_large_image","twitter_misc":{"Dur\u00e9e de lecture estim\u00e9e":"3 minutes"},"schema":{"@context":"https:\/\/schema.org","@graph":[{"@type":"WebPage","@id":"https:\/\/cefanl.be\/index.php\/formations\/mecanique\/","url":"https:\/\/cefanl.be\/index.php\/formations\/mecanique\/","name":"M\u00e9canique - CEFA Nord-Luxembourg","isPartOf":{"@id":"https:\/\/cefanl.be\/#website"},"primaryImageOfPage":{"@id":"https:\/\/cefanl.be\/index.php\/formations\/mecanique\/#primaryimage"},"image":{"@id":"https:\/\/cefanl.be\/index.php\/formations\/mecanique\/#primaryimage"},"thumbnailUrl":"https:\/\/cefanl.be\/wp-content\/uploads\/2025\/09\/handsome-adult-man-grey-colored-uniform-standing-automobile-scaled.jpg","datePublished":"2025-09-10T17:33:57+00:00","dateModified":"2026-04-02T14:09:45+00:00","breadcrumb":{"@id":"https:\/\/cefanl.be\/index.php\/formations\/mecanique\/#breadcrumb"},"inLanguage":"fr-FR","potentialAction":[{"@type":"ReadAction","target":["https:\/\/cefanl.be\/index.php\/formations\/mecanique\/"]}]},{"@type":"ImageObject","inLanguage":"fr-FR","@id":"https:\/\/cefanl.be\/index.php\/formations\/mecanique\/#primaryimage","url":"https:\/\/cefanl.be\/wp-content\/uploads\/2025\/09\/handsome-adult-man-grey-colored-uniform-standing-automobile-scaled.jpg","contentUrl":"https:\/\/cefanl.be\/wp-content\/uploads\/2025\/09\/handsome-adult-man-grey-colored-uniform-standing-automobile-scaled.jpg","width":2560,"height":1707,"caption":"M\u00e9canique"},{"@type":"BreadcrumbList","@id":"https:\/\/cefanl.be\/index.php\/formations\/mecanique\/#breadcrumb","itemListElement":[{"@type":"ListItem","position":1,"name":"Accueil","item":"https:\/\/cefanl.be\/"},{"@type":"ListItem","position":2,"name":"FORMATIONS CEFA","item":"https:\/\/cefanl.be\/index.php\/formations\/"},{"@type":"ListItem","position":3,"name":"M\u00e9canique"}]},{"@type":"WebSite","@id":"https:\/\/cefanl.be\/#website","url":"https:\/\/cefanl.be\/","name":"CEFA Nord-Luxembourg","description":"Bastogne - Bomal - Aywaille - Erez\u00e9e - Vielsalm","publisher":{"@id":"https:\/\/cefanl.be\/#organization"},"potentialAction":[{"@type":"SearchAction","target":{"@type":"EntryPoint","urlTemplate":"https:\/\/cefanl.be\/?s={search_term_string}"},"query-input":{"@type":"PropertyValueSpecification","valueRequired":true,"valueName":"search_term_string"}}],"inLanguage":"fr-FR"},{"@type":"Organization","@id":"https:\/\/cefanl.be\/#organization","name":"CEFA Nord-Luxembourg","url":"https:\/\/cefanl.be\/","logo":{"@type":"ImageObject","inLanguage":"fr-FR","@id":"https:\/\/cefanl.be\/#\/schema\/logo\/image\/","url":"https:\/\/cefanl.be\/wp-content\/uploads\/2024\/08\/cropped-Logo-CEFA-TOUS-ARBH-ARMB-ARAY-Erezee-ARMV-ICET-202.jpg","contentUrl":"https:\/\/cefanl.be\/wp-content\/uploads\/2024\/08\/cropped-Logo-CEFA-TOUS-ARBH-ARMB-ARAY-Erezee-ARMV-ICET-202.jpg","width":643,"height":526,"caption":"CEFA Nord-Luxembourg"},"image":{"@id":"https:\/\/cefanl.be\/#\/schema\/logo\/image\/"},"sameAs":["https:\/\/www.facebook.com\/CEFA.Bastogne.Bomal.Aywaille.Erezee\/"]}]}},"uagb_featured_image_src":{"full":["https:\/\/cefanl.be\/wp-content\/uploads\/2025\/09\/handsome-adult-man-grey-colored-uniform-standing-automobile-scaled.jpg",2560,1707,false],"thumbnail":["https:\/\/cefanl.be\/wp-content\/uploads\/2025\/09\/handsome-adult-man-grey-colored-uniform-standing-automobile-scaled.jpg",150,150,true],"medium":["https:\/\/cefanl.be\/wp-content\/uploads\/2025\/09\/handsome-adult-man-grey-colored-uniform-standing-automobile-scaled.jpg",300,200,true],"medium_large":["https:\/\/cefanl.be\/wp-content\/uploads\/2025\/09\/handsome-adult-man-grey-colored-uniform-standing-automobile-scaled.jpg",768,512,true],"large":["https:\/\/cefanl.be\/wp-content\/uploads\/2025\/09\/handsome-adult-man-grey-colored-uniform-standing-automobile-scaled.jpg",1024,683,true],"etfrtb_logo":["https:\/\/cefanl.be\/wp-content\/uploads\/2025\/09\/handsome-adult-man-grey-colored-uniform-standing-automobile-scaled.jpg",200,133,true],"1536x1536":["https:\/\/cefanl.be\/wp-content\/uploads\/2025\/09\/handsome-adult-man-grey-colored-uniform-standing-automobile-scaled.jpg",1536,1024,true],"2048x2048":["https:\/\/cefanl.be\/wp-content\/uploads\/2025\/09\/handsome-adult-man-grey-colored-uniform-standing-automobile-scaled.jpg",2048,1366,true],"tc-grid-full":["https:\/\/cefanl.be\/wp-content\/uploads\/2025\/09\/handsome-adult-man-grey-colored-uniform-standing-automobile-scaled.jpg",1110,444,true],"tc-grid":["https:\/\/cefanl.be\/wp-content\/uploads\/2025\/09\/handsome-adult-man-grey-colored-uniform-standing-automobile-scaled.jpg",570,350,true],"tc-thumb":["https:\/\/cefanl.be\/wp-content\/uploads\/2025\/09\/handsome-adult-man-grey-colored-uniform-standing-automobile-scaled.jpg",270,250,true],"slider-full":["https:\/\/cefanl.be\/wp-content\/uploads\/2025\/09\/handsome-adult-man-grey-colored-uniform-standing-automobile-scaled.jpg",6423,500,true],"slider":["https:\/\/cefanl.be\/wp-content\/uploads\/2025\/09\/handsome-adult-man-grey-colored-uniform-standing-automobile-scaled.jpg",1110,500,true],"tc-sq-thumb":["https:\/\/cefanl.be\/wp-content\/uploads\/2025\/09\/handsome-adult-man-grey-colored-uniform-standing-automobile-scaled.jpg",510,510,true],"tc-ws-thumb":["https:\/\/cefanl.be\/wp-content\/uploads\/2025\/09\/handsome-adult-man-grey-colored-uniform-standing-automobile-scaled.jpg",1110,624,true],"tc-ws-small-thumb":["https:\/\/cefanl.be\/wp-content\/uploads\/2025\/09\/handsome-adult-man-grey-colored-uniform-standing-automobile-scaled.jpg",528,297,true],"tc-slider-small":["https:\/\/cefanl.be\/wp-content\/uploads\/2025\/09\/handsome-adult-man-grey-colored-uniform-standing-automobile-scaled.jpg",517,235,true]},"uagb_author_info":{"display_name":"Geoffrey Plat\u00e9us","author_link":"https:\/\/cefanl.be\/index.php\/author\/admin2186\/"},"uagb_comment_info":0,"uagb_excerpt":"Lieu de formation VIELSALM Le m\u00e9tier de m\u00e9canicien(ne) d&rsquo;entretien automobile Le m\u00e9canicien d\u2019entretien automobile r\u00e9alise une partie des op\u00e9rations (contr\u00f4le, remplacement, r\u00e9glage) li\u00e9es : Le m\u00e9canicien d\u2019entretien automobile sera amen\u00e9 \u00e0 : Activit\u00e9s du m\u00e9canicien \/ de la m\u00e9canicienne Le\/La m\u00e9canicien(ne) d&rsquo;entretien automobile doit savoir de fa\u00e7on autonome : En outre, il\/elle doit avoir :\u2026","jetpack_sharing_enabled":true,"_links":{"self":[{"href":"https:\/\/cefanl.be\/index.php\/wp-json\/wp\/v2\/pages\/4456","targetHints":{"allow":["GET"]}}],"collection":[{"href":"https:\/\/cefanl.be\/index.php\/wp-json\/wp\/v2\/pages"}],"about":[{"href":"https:\/\/cefanl.be\/index.php\/wp-json\/wp\/v2\/types\/page"}],"author":[{"embeddable":true,"href":"https:\/\/cefanl.be\/index.php\/wp-json\/wp\/v2\/users\/1"}],"replies":[{"embeddable":true,"href":"https:\/\/cefanl.be\/index.php\/wp-json\/wp\/v2\/comments?post=4456"}],"version-history":[{"count":3,"href":"https:\/\/cefanl.be\/index.php\/wp-json\/wp\/v2\/pages\/4456\/revisions"}],"predecessor-version":[{"id":5129,"href":"https:\/\/cefanl.be\/index.php\/wp-json\/wp\/v2\/pages\/4456\/revisions\/5129"}],"up":[{"embeddable":true,"href":"https:\/\/cefanl.be\/index.php\/wp-json\/wp\/v2\/pages\/39"}],"wp:featuredmedia":[{"embeddable":true,"href":"https:\/\/cefanl.be\/index.php\/wp-json\/wp\/v2\/media\/4457"}],"wp:attachment":[{"href":"https:\/\/cefanl.be\/index.php\/wp-json\/wp\/v2\/media?parent=4456"}],"curies":[{"name":"wp","href":"https:\/\/api.w.org\/{rel}","templated":true}]}}