{"id":422,"date":"2020-05-01T16:54:53","date_gmt":"2020-05-01T14:54:53","guid":{"rendered":"https:\/\/cefanl.be\/?page_id=422"},"modified":"2026-04-13T09:40:16","modified_gmt":"2026-04-13T07:40:16","slug":"la-source-des-saveurs","status":"publish","type":"page","link":"https:\/\/cefanl.be\/index.php\/implantations\/cefa-bomal\/la-source-des-saveurs\/","title":{"rendered":"LA SOURCE DES SAVEURS"},"content":{"rendered":"\n<h3 class=\"wp-block-heading has-text-align-center\" id=\"restaurant-didactique-du-cefa-nord-luxembourg-a-bomal\">Restaurant didactique du CEFA Nord-Luxembourg \u00e0 Bomal<\/h3>\n\n\n<div class=\"wp-block-image\">\n<figure class=\"aligncenter size-medium is-resized\"><img loading=\"lazy\" decoding=\"async\" width=\"300\" height=\"300\" src=\"https:\/\/cefanl.be\/wp-content\/uploads\/2020\/05\/Logo-Source-des-Saveurs-01-1-300x300.png\" alt=\"La Source des Saveurs\" class=\"wp-image-424\" style=\"width:300px;height:300px\" srcset=\"https:\/\/cefanl.be\/wp-content\/uploads\/2020\/05\/Logo-Source-des-Saveurs-01-1.png 300w, https:\/\/cefanl.be\/wp-content\/uploads\/2020\/05\/Logo-Source-des-Saveurs-01-1.png 1024w, https:\/\/cefanl.be\/wp-content\/uploads\/2020\/05\/Logo-Source-des-Saveurs-01-1.png 150w, https:\/\/cefanl.be\/wp-content\/uploads\/2020\/05\/Logo-Source-des-Saveurs-01-1.png 768w, https:\/\/cefanl.be\/wp-content\/uploads\/2020\/05\/Logo-Source-des-Saveurs-01-1.png 510w, https:\/\/cefanl.be\/wp-content\/uploads\/2020\/05\/Logo-Source-des-Saveurs-01-1.png 1500w\" sizes=\"auto, (max-width: 300px) 100vw, 300px\" \/><\/figure>\n<\/div>\n\n\n<p class=\"has-text-align-center\">Le restaurant didactique \u00ab\u00a0La Source des Saveurs\u00a0\u00bb est ouvert les jeudis midi durant l&rsquo;ann\u00e9e scolaire et vous propose de d\u00e9guster les repas pr\u00e9par\u00e9s par les \u00e9l\u00e8ves d&rsquo;h\u00f4tellerie.<\/p>\n\n\n\n<p class=\"has-text-align-center\">Menu unique servi pour l&rsquo;ensemble des convives au prix de 23,00 \u20ac\/p hors boissons<\/p>\n\n\n\n<p class=\"has-text-align-center\"><strong>Formule ALL-INCLUSIVE (Menu, ap\u00e9ritif, s\u00e9lection de vins, eau de table, caf\u00e9 ou th\u00e9): 35,00 \u20ac\/p<\/strong><\/p>\n\n\n\n<p class=\"has-text-align-center\">Les menus peuvent \u00eatre soumis \u00e0 modifications sans pr\u00e9avis<\/p>\n\n\n\n<p class=\"has-text-align-center has-vivid-red-color has-text-color\">Places limit\u00e9es &#8211; <strong>R\u00e9servation obligatoire minimum 1 semaine \u00e0 l&rsquo;avance !<\/strong><\/p>\n\n\n\n<p class=\"has-text-align-center\">T\u00e9l\u00e9phone: 086\/21 91 24<\/p>\n\n\n\n<p class=\"has-text-align-center\"><a href=\"https:\/\/cefanl.be\/index.php\/implantations\/cefa-bomal\/la-source-des-saveurs\/reservations\/\">Via notre formulaire en ligne<\/a><\/p>\n\n\n\n<div class=\"wp-block-buttons is-layout-flex wp-block-buttons-is-layout-flex\">\n<div class=\"wp-block-button has-custom-width wp-block-button__width-25 aligncenter\"><a class=\"wp-block-button__link has-white-color has-vivid-red-background-color has-text-color has-background wp-element-button\" href=\"https:\/\/cefanl.be\/index.php\/implantations\/cefa-bomal\/la-source-des-saveurs\/reservations\/\" target=\"_blank\" rel=\"noreferrer noopener\"><strong>R\u00c9SERVER<\/strong><\/a><\/div>\n<\/div>\n\n\n\n<h3 class=\"wp-block-heading has-text-align-center has-vivid-red-color has-text-color has-link-color wp-elements-1a44e592a285921e822ee15f891d3d6b\">Jeudi 16\/04\/26 &#8211; COMPLET<\/h3>\n\n\n\n<p class=\"has-text-align-center\">Mise en bouche<\/p>\n\n\n\n<p class=\"has-text-align-center\">~~~~~~<\/p>\n\n\n\n<p class=\"has-text-align-center\">Risotto de Saint-Jacques<\/p>\n\n\n\n<p class=\"has-text-align-center\">~~~~~~<\/p>\n\n\n\n<p class=\"has-text-align-center\">Contrefilet irlandais, sa sauce b\u00e9arnaise, frites et salade<\/p>\n\n\n\n<p class=\"has-text-align-center\">~~~~~~<\/p>\n\n\n\n<p class=\"has-text-align-center\">Plateau de fromages<\/p>\n\n\n\n<hr class=\"wp-block-separator has-alpha-channel-opacity\"\/>\n\n\n\n<h3 class=\"wp-block-heading has-text-align-center has-vivid-red-color has-text-color has-link-color wp-elements-9f103c532d1f1dd34d7f88db3bc59167\">Jeudi 23\/04\/26<\/h3>\n\n\n\n<p class=\"has-text-align-center\">Mise en bouche<\/p>\n\n\n\n<p class=\"has-text-align-center\">~~~~~~<\/p>\n\n\n\n<p class=\"has-text-align-center\">Buffet froid Terre, mer<\/p>\n\n\n\n<p class=\"has-text-align-center\">~~~~~~<\/p>\n\n\n\n<p class=\"has-text-align-center\">Plateau de fromages<\/p>\n\n\n\n<hr class=\"wp-block-separator has-alpha-channel-opacity\"\/>\n\n\n\n<h3 class=\"wp-block-heading has-text-align-center has-vivid-red-color has-text-color has-link-color wp-elements-ec578d940b49c034d0a56b58631c42e0\">Jeudi 21\/05\/26 &#8211; COMPLET<\/h3>\n\n\n\n<p class=\"has-text-align-center\">Mise en bouche<\/p>\n\n\n\n<p class=\"has-text-align-center\">~~~~~~<\/p>\n\n\n\n<p class=\"has-text-align-center\">Ceviche de crevettes \u00e0 la mexicaine<\/p>\n\n\n\n<p class=\"has-text-align-center\">~~~~~~<\/p>\n\n\n\n<p class=\"has-text-align-center\">Hamburger pur b\u0153uf, bacon, fromage de Chimay, sauce barbecue \u00e0 la bi\u00e8re, frites et crudit\u00e9s<\/p>\n\n\n\n<p class=\"has-text-align-center\">~~~~~~<\/p>\n\n\n\n<p class=\"has-text-align-center\">Moelleux au chocolat, sauce anglaise<\/p>\n\n\n\n<hr class=\"wp-block-separator has-alpha-channel-opacity\"\/>\n\n\n\n<h3 class=\"wp-block-heading has-text-align-center has-vivid-red-color has-text-color has-link-color wp-elements-a279b2995382016fd2c43582574d0171\">Jeudi 28\/05\/26<\/h3>\n\n\n\n<p class=\"has-text-align-center\">Mise en bouche<\/p>\n\n\n\n<p class=\"has-text-align-center\">~~~~~~<\/p>\n\n\n\n<p class=\"has-text-align-center\">Roulade de filet de solette au saumon fum\u00e9<\/p>\n\n\n\n<p class=\"has-text-align-center\">~~~~~~<\/p>\n\n\n\n<p class=\"has-text-align-center\">Blanquette de veau et son riz parfum\u00e9<\/p>\n\n\n\n<p class=\"has-text-align-center\">~~~~~~<\/p>\n\n\n\n<p class=\"has-text-align-center\">Panacotta aux fruits rouges<\/p>\n\n\n\n<hr class=\"wp-block-separator has-alpha-channel-opacity\"\/>\n\n\n\n<h3 class=\"wp-block-heading has-text-align-center has-vivid-red-color has-text-color has-link-color wp-elements-fe7cca4d38adca86ab80629f7dc63af7\">Jeudi 04\/06\/26<\/h3>\n\n\n\n<p class=\"has-text-align-center\">Mise en bouche<\/p>\n\n\n\n<p class=\"has-text-align-center\">~~~~~~<\/p>\n\n\n\n<p class=\"has-text-align-center\">Le melon et son jambon de Parme<\/p>\n\n\n\n<p class=\"has-text-align-center\">~~~~~~<\/p>\n\n\n\n<p class=\"has-text-align-center\">Filet de bar r\u00f4ti, pur\u00e9e de patate douce au gingembre et coriandre<\/p>\n\n\n\n<p class=\"has-text-align-center\">~~~~~~<\/p>\n\n\n\n<p class=\"has-text-align-center\">Baba au rhum<\/p>\n\n\n\n<hr class=\"wp-block-separator has-alpha-channel-opacity\"\/>\n\n\n\n<h3 class=\"wp-block-heading has-text-align-center has-vivid-red-color has-text-color has-link-color wp-elements-d6f42f02508ca36df00151e6dacabf43\">Jeudi 18\/06\/26<\/h3>\n\n\n\n<h3 class=\"wp-block-heading has-text-align-center has-vivid-red-color has-text-color has-link-color wp-elements-dc9130de8c240904f149ba1833c57274\">BARBECUE DU CEFA<\/h3>\n\n\n\n<p class=\"has-text-align-center has-vivid-red-color has-text-color has-link-color wp-elements-e15a9073a181dc12110952e49d3299e6\"><strong>Uniquement en Formule ALL-INCLUSIVE (Ap\u00e9ritif, s\u00e9lection de vins, eau de table, caf\u00e9 ou th\u00e9): 35,00 \u20ac\/p<\/strong><\/p>\n\n\n\n<p class=\"has-text-align-center\">Mise en bouche<\/p>\n\n\n\n<p class=\"has-text-align-center\">~~~~~~<\/p>\n\n\n\n<p class=\"has-text-align-center\">Barbecue 3 viandes<\/p>\n\n\n\n<p class=\"has-text-align-center\">~~~~~~<\/p>\n\n\n\n<p class=\"has-text-align-center\">Buffet de crudit\u00e9s, p\u00e2tes froides et pommes de terre<\/p>\n\n\n\n<p class=\"has-text-align-center\">~~~~~~<\/p>\n\n\n\n<p class=\"has-text-align-center\">Citron givr\u00e9<\/p>\n\n\n\n<hr class=\"wp-block-separator has-alpha-channel-opacity\"\/>\n\n\n\n<div class=\"wp-block-buttons is-layout-flex wp-block-buttons-is-layout-flex\">\n<div class=\"wp-block-button has-custom-width wp-block-button__width-25 aligncenter\"><a class=\"wp-block-button__link has-white-color has-vivid-red-background-color has-text-color has-background wp-element-button\" href=\"https:\/\/cefanl.be\/index.php\/implantations\/cefa-bomal\/la-source-des-saveurs\/reservations\/\" target=\"_blank\" rel=\"noreferrer noopener\"><strong>R\u00c9SERVER<\/strong><\/a><\/div>\n<\/div>\n\n\n\n<p><\/p>\n\n\n\n<figure class=\"wp-block-gallery has-nested-images columns-6 is-cropped wp-block-gallery-1 is-layout-flex wp-block-gallery-is-layout-flex\">\n<figure class=\"wp-block-image size-large\"><a href=\"https:\/\/cefanl.be\/wp-content\/uploads\/2020\/05\/12440298_1133097883381032_8663957197179294324_o-1.jpg\"><img loading=\"lazy\" decoding=\"async\" width=\"1024\" height=\"681\" data-id=\"536\" src=\"https:\/\/cefanl.be\/wp-content\/uploads\/2020\/05\/12440298_1133097883381032_8663957197179294324_o-1-1024x681.jpg\" alt=\"\" class=\"wp-image-536\" srcset=\"https:\/\/cefanl.be\/wp-content\/uploads\/2020\/05\/12440298_1133097883381032_8663957197179294324_o-1.jpg 1024w, https:\/\/cefanl.be\/wp-content\/uploads\/2020\/05\/12440298_1133097883381032_8663957197179294324_o-1.jpg 300w, https:\/\/cefanl.be\/wp-content\/uploads\/2020\/05\/12440298_1133097883381032_8663957197179294324_o-1.jpg 768w, https:\/\/cefanl.be\/wp-content\/uploads\/2020\/05\/12440298_1133097883381032_8663957197179294324_o-1.jpg 1504w\" sizes=\"auto, (max-width: 1024px) 100vw, 1024px\" \/><\/a><\/figure>\n\n\n\n<figure class=\"wp-block-image size-large\"><a href=\"https:\/\/cefanl.be\/wp-content\/uploads\/2020\/05\/73086109_2759526780738126_4290125764050812928_o.jpg\"><img loading=\"lazy\" decoding=\"async\" width=\"1024\" height=\"768\" data-id=\"506\" src=\"https:\/\/cefanl.be\/wp-content\/uploads\/2020\/05\/73086109_2759526780738126_4290125764050812928_o-1024x768.jpg\" alt=\"\" class=\"wp-image-506\" srcset=\"https:\/\/cefanl.be\/wp-content\/uploads\/2020\/05\/73086109_2759526780738126_4290125764050812928_o.jpg 1024w, https:\/\/cefanl.be\/wp-content\/uploads\/2020\/05\/73086109_2759526780738126_4290125764050812928_o.jpg 300w, https:\/\/cefanl.be\/wp-content\/uploads\/2020\/05\/73086109_2759526780738126_4290125764050812928_o.jpg 768w, https:\/\/cefanl.be\/wp-content\/uploads\/2020\/05\/73086109_2759526780738126_4290125764050812928_o.jpg 1334w\" sizes=\"auto, (max-width: 1024px) 100vw, 1024px\" \/><\/a><\/figure>\n\n\n\n<figure class=\"wp-block-image size-large\"><a href=\"https:\/\/cefanl.be\/wp-content\/uploads\/2020\/05\/12829445_1133097103381110_4811557010461046476_o.jpg\"><img loading=\"lazy\" decoding=\"async\" width=\"1024\" height=\"681\" data-id=\"505\" src=\"https:\/\/cefanl.be\/wp-content\/uploads\/2020\/05\/12829445_1133097103381110_4811557010461046476_o-1024x681.jpg\" alt=\"\" class=\"wp-image-505\" srcset=\"https:\/\/cefanl.be\/wp-content\/uploads\/2020\/05\/12829445_1133097103381110_4811557010461046476_o.jpg 1024w, https:\/\/cefanl.be\/wp-content\/uploads\/2020\/05\/12829445_1133097103381110_4811557010461046476_o.jpg 300w, https:\/\/cefanl.be\/wp-content\/uploads\/2020\/05\/12829445_1133097103381110_4811557010461046476_o.jpg 768w, https:\/\/cefanl.be\/wp-content\/uploads\/2020\/05\/12829445_1133097103381110_4811557010461046476_o.jpg 1504w\" sizes=\"auto, (max-width: 1024px) 100vw, 1024px\" \/><\/a><\/figure>\n\n\n\n<figure class=\"wp-block-image size-large\"><a href=\"https:\/\/cefanl.be\/wp-content\/uploads\/2020\/05\/12829386_1133097843381036_286027876818149778_o-1.jpg\"><img loading=\"lazy\" decoding=\"async\" width=\"1024\" height=\"681\" data-id=\"537\" src=\"https:\/\/cefanl.be\/wp-content\/uploads\/2020\/05\/12829386_1133097843381036_286027876818149778_o-1-1024x681.jpg\" alt=\"\" class=\"wp-image-537\" srcset=\"https:\/\/cefanl.be\/wp-content\/uploads\/2020\/05\/12829386_1133097843381036_286027876818149778_o-1.jpg 1024w, https:\/\/cefanl.be\/wp-content\/uploads\/2020\/05\/12829386_1133097843381036_286027876818149778_o-1.jpg 300w, https:\/\/cefanl.be\/wp-content\/uploads\/2020\/05\/12829386_1133097843381036_286027876818149778_o-1.jpg 768w, https:\/\/cefanl.be\/wp-content\/uploads\/2020\/05\/12829386_1133097843381036_286027876818149778_o-1.jpg 1504w\" sizes=\"auto, (max-width: 1024px) 100vw, 1024px\" \/><\/a><\/figure>\n\n\n\n<figure class=\"wp-block-image size-large\"><a href=\"https:\/\/cefanl.be\/wp-content\/uploads\/2020\/05\/12795047_1133097056714448_3976747498272665736_o.jpg\"><img loading=\"lazy\" decoding=\"async\" width=\"1024\" height=\"681\" data-id=\"504\" src=\"https:\/\/cefanl.be\/wp-content\/uploads\/2020\/05\/12795047_1133097056714448_3976747498272665736_o-1024x681.jpg\" alt=\"\" class=\"wp-image-504\" srcset=\"https:\/\/cefanl.be\/wp-content\/uploads\/2020\/05\/12795047_1133097056714448_3976747498272665736_o.jpg 1024w, https:\/\/cefanl.be\/wp-content\/uploads\/2020\/05\/12795047_1133097056714448_3976747498272665736_o.jpg 300w, https:\/\/cefanl.be\/wp-content\/uploads\/2020\/05\/12795047_1133097056714448_3976747498272665736_o.jpg 768w, https:\/\/cefanl.be\/wp-content\/uploads\/2020\/05\/12795047_1133097056714448_3976747498272665736_o.jpg 1504w\" sizes=\"auto, (max-width: 1024px) 100vw, 1024px\" \/><\/a><\/figure>\n\n\n\n<figure class=\"wp-block-image size-large\"><a href=\"https:\/\/cefanl.be\/wp-content\/uploads\/2020\/05\/85090701_3016141175076684_2699728859292499968_o.jpg\"><img loading=\"lazy\" decoding=\"async\" width=\"761\" height=\"1024\" data-id=\"508\" src=\"https:\/\/cefanl.be\/wp-content\/uploads\/2020\/05\/85090701_3016141175076684_2699728859292499968_o-761x1024.jpg\" alt=\"\" class=\"wp-image-508\" srcset=\"https:\/\/cefanl.be\/wp-content\/uploads\/2020\/05\/85090701_3016141175076684_2699728859292499968_o.jpg 761w, https:\/\/cefanl.be\/wp-content\/uploads\/2020\/05\/85090701_3016141175076684_2699728859292499968_o.jpg 223w, https:\/\/cefanl.be\/wp-content\/uploads\/2020\/05\/85090701_3016141175076684_2699728859292499968_o.jpg 768w, https:\/\/cefanl.be\/wp-content\/uploads\/2020\/05\/85090701_3016141175076684_2699728859292499968_o.jpg 992w\" sizes=\"auto, (max-width: 761px) 100vw, 761px\" \/><\/a><\/figure>\n<\/figure>\n\n\n\n<div class=\"wp-block-columns has-very-light-gray-to-cyan-bluish-gray-gradient-background has-background is-layout-flex wp-container-core-columns-is-layout-9d6595d7 wp-block-columns-is-layout-flex\">\n<div class=\"wp-block-column is-layout-flow wp-block-column-is-layout-flow\">\n<h3 class=\"wp-block-heading has-text-align-center\">La Source des Saveurs<\/h3>\n\n\n\n<p class=\"has-text-align-center\">Restaurant didactique<\/p>\n\n\n\n<p class=\"has-text-align-center\">CEFA Nord-Luxembourg<\/p>\n\n\n\n<p class=\"has-text-align-center\"><a href=\"http:\/\/www.atheneemarchebomal.be\/\" target=\"_blank\" rel=\"noreferrer noopener\">Ath\u00e9n\u00e9e Royal Marche &#8211; Barvaux &#8211; Bomal<\/a><\/p>\n<\/div>\n\n\n\n<div class=\"wp-block-column is-layout-flow wp-block-column-is-layout-flow\">\n<p class=\"has-text-align-center\">Rue du Nofiot, 1<\/p>\n\n\n\n<p class=\"has-text-align-center\">6941 Bomal s\/O<\/p>\n\n\n\n<p class=\"has-text-align-center\">086\/21 91 24<\/p>\n\n\n\n<p class=\"has-text-align-center\"><a href=\"mailto:bomal@cefanl.be\">bomal@cefanl.be<\/a><\/p>\n<\/div>\n<\/div>\n\n\n\n<p><\/p>\n","protected":false},"excerpt":{"rendered":"<p>Restaurant didactique du CEFA Nord-Luxembourg \u00e0 Bomal Le restaurant didactique \u00ab\u00a0La Source des Saveurs\u00a0\u00bb est ouvert les jeudis midi durant l&rsquo;ann\u00e9e scolaire et vous propose de d\u00e9guster les repas pr\u00e9par\u00e9s par les \u00e9l\u00e8ves d&rsquo;h\u00f4tellerie. Menu unique servi pour l&rsquo;ensemble des convives au prix de 23,00 \u20ac\/p hors boissons Formule ALL-INCLUSIVE (Menu, ap\u00e9ritif, s\u00e9lection de vins, [&hellip;]<\/p>\n","protected":false},"author":1,"featured_media":424,"parent":299,"menu_order":0,"comment_status":"closed","ping_status":"closed","template":"","meta":{"_uag_custom_page_level_css":"","footnotes":""},"class_list":["post-422","page","type-page","status-publish","has-post-thumbnail","czr-hentry"],"yoast_head":"<!-- This site is optimized with the Yoast SEO plugin v27.5 - https:\/\/yoast.com\/product\/yoast-seo-wordpress\/ -->\n<title>LA SOURCE DES SAVEURS - CEFA Nord-Luxembourg<\/title>\n<meta name=\"description\" content=\"Le restaurant didactique du CEFA de Bomal &quot;La Source des Saveurs&quot; vous propose de d\u00e9guster les repas pr\u00e9par\u00e9s par les \u00e9l\u00e8ves d&#039;h\u00f4tellerie.\" \/>\n<meta name=\"robots\" content=\"index, follow, max-snippet:-1, max-image-preview:large, max-video-preview:-1\" \/>\n<link rel=\"canonical\" href=\"https:\/\/cefanl.be\/index.php\/implantations\/cefa-bomal\/la-source-des-saveurs\/\" \/>\n<meta property=\"og:locale\" content=\"fr_FR\" \/>\n<meta property=\"og:type\" content=\"article\" \/>\n<meta property=\"og:title\" content=\"LA SOURCE DES SAVEURS - CEFA Nord-Luxembourg\" \/>\n<meta property=\"og:description\" content=\"Le restaurant didactique du CEFA de Bomal &quot;La Source des Saveurs&quot; vous propose de d\u00e9guster les repas pr\u00e9par\u00e9s par les \u00e9l\u00e8ves d&#039;h\u00f4tellerie.\" \/>\n<meta property=\"og:url\" content=\"https:\/\/cefanl.be\/index.php\/implantations\/cefa-bomal\/la-source-des-saveurs\/\" \/>\n<meta property=\"og:site_name\" content=\"CEFA Nord-Luxembourg\" \/>\n<meta property=\"article:publisher\" content=\"https:\/\/www.facebook.com\/CEFA.Bastogne.Bomal.Aywaille.Erezee\/\" \/>\n<meta property=\"article:modified_time\" content=\"2026-04-13T07:40:16+00:00\" \/>\n<meta property=\"og:image\" content=\"https:\/\/cefanl.be\/wp-content\/uploads\/2020\/05\/Logo-Source-des-Saveurs-01-1.png\" \/>\n\t<meta property=\"og:image:width\" content=\"1500\" \/>\n\t<meta property=\"og:image:height\" content=\"1500\" \/>\n\t<meta property=\"og:image:type\" content=\"image\/png\" \/>\n<meta name=\"twitter:card\" content=\"summary_large_image\" \/>\n<meta name=\"twitter:label1\" content=\"Dur\u00e9e de lecture estim\u00e9e\" \/>\n\t<meta name=\"twitter:data1\" content=\"4 minutes\" \/>\n<script type=\"application\/ld+json\" class=\"yoast-schema-graph\">{\"@context\":\"https:\\\/\\\/schema.org\",\"@graph\":[{\"@type\":\"WebPage\",\"@id\":\"https:\\\/\\\/cefanl.be\\\/index.php\\\/implantations\\\/cefa-bomal\\\/la-source-des-saveurs\\\/\",\"url\":\"https:\\\/\\\/cefanl.be\\\/index.php\\\/implantations\\\/cefa-bomal\\\/la-source-des-saveurs\\\/\",\"name\":\"LA SOURCE DES SAVEURS - CEFA Nord-Luxembourg\",\"isPartOf\":{\"@id\":\"https:\\\/\\\/cefanl.be\\\/#website\"},\"primaryImageOfPage\":{\"@id\":\"https:\\\/\\\/cefanl.be\\\/index.php\\\/implantations\\\/cefa-bomal\\\/la-source-des-saveurs\\\/#primaryimage\"},\"image\":{\"@id\":\"https:\\\/\\\/cefanl.be\\\/index.php\\\/implantations\\\/cefa-bomal\\\/la-source-des-saveurs\\\/#primaryimage\"},\"thumbnailUrl\":\"https:\\\/\\\/cefanl.be\\\/wp-content\\\/uploads\\\/2020\\\/05\\\/Logo-Source-des-Saveurs-01-1.png\",\"datePublished\":\"2020-05-01T14:54:53+00:00\",\"dateModified\":\"2026-04-13T07:40:16+00:00\",\"description\":\"Le restaurant didactique du CEFA de Bomal \\\"La Source des Saveurs\\\" vous propose de d\u00e9guster les repas pr\u00e9par\u00e9s par les \u00e9l\u00e8ves d'h\u00f4tellerie.\",\"breadcrumb\":{\"@id\":\"https:\\\/\\\/cefanl.be\\\/index.php\\\/implantations\\\/cefa-bomal\\\/la-source-des-saveurs\\\/#breadcrumb\"},\"inLanguage\":\"fr-FR\",\"potentialAction\":[{\"@type\":\"ReadAction\",\"target\":[\"https:\\\/\\\/cefanl.be\\\/index.php\\\/implantations\\\/cefa-bomal\\\/la-source-des-saveurs\\\/\"]}]},{\"@type\":\"ImageObject\",\"inLanguage\":\"fr-FR\",\"@id\":\"https:\\\/\\\/cefanl.be\\\/index.php\\\/implantations\\\/cefa-bomal\\\/la-source-des-saveurs\\\/#primaryimage\",\"url\":\"https:\\\/\\\/cefanl.be\\\/wp-content\\\/uploads\\\/2020\\\/05\\\/Logo-Source-des-Saveurs-01-1.png\",\"contentUrl\":\"https:\\\/\\\/cefanl.be\\\/wp-content\\\/uploads\\\/2020\\\/05\\\/Logo-Source-des-Saveurs-01-1.png\",\"width\":1500,\"height\":1500},{\"@type\":\"BreadcrumbList\",\"@id\":\"https:\\\/\\\/cefanl.be\\\/index.php\\\/implantations\\\/cefa-bomal\\\/la-source-des-saveurs\\\/#breadcrumb\",\"itemListElement\":[{\"@type\":\"ListItem\",\"position\":1,\"name\":\"Accueil\",\"item\":\"https:\\\/\\\/cefanl.be\\\/\"},{\"@type\":\"ListItem\",\"position\":2,\"name\":\"IMPLANTATIONS\",\"item\":\"https:\\\/\\\/cefanl.be\\\/index.php\\\/implantations\\\/\"},{\"@type\":\"ListItem\",\"position\":3,\"name\":\"CEFA BOMAL (Durbuy)\",\"item\":\"https:\\\/\\\/cefanl.be\\\/index.php\\\/implantations\\\/cefa-bomal\\\/\"},{\"@type\":\"ListItem\",\"position\":4,\"name\":\"LA SOURCE DES SAVEURS\"}]},{\"@type\":\"WebSite\",\"@id\":\"https:\\\/\\\/cefanl.be\\\/#website\",\"url\":\"https:\\\/\\\/cefanl.be\\\/\",\"name\":\"CEFA Nord-Luxembourg\",\"description\":\"Bastogne - Bomal - Aywaille - Erez\u00e9e - Vielsalm\",\"publisher\":{\"@id\":\"https:\\\/\\\/cefanl.be\\\/#organization\"},\"potentialAction\":[{\"@type\":\"SearchAction\",\"target\":{\"@type\":\"EntryPoint\",\"urlTemplate\":\"https:\\\/\\\/cefanl.be\\\/?s={search_term_string}\"},\"query-input\":{\"@type\":\"PropertyValueSpecification\",\"valueRequired\":true,\"valueName\":\"search_term_string\"}}],\"inLanguage\":\"fr-FR\"},{\"@type\":\"Organization\",\"@id\":\"https:\\\/\\\/cefanl.be\\\/#organization\",\"name\":\"CEFA Nord-Luxembourg\",\"url\":\"https:\\\/\\\/cefanl.be\\\/\",\"logo\":{\"@type\":\"ImageObject\",\"inLanguage\":\"fr-FR\",\"@id\":\"https:\\\/\\\/cefanl.be\\\/#\\\/schema\\\/logo\\\/image\\\/\",\"url\":\"https:\\\/\\\/cefanl.be\\\/wp-content\\\/uploads\\\/2024\\\/08\\\/cropped-Logo-CEFA-TOUS-ARBH-ARMB-ARAY-Erezee-ARMV-ICET-202.jpg\",\"contentUrl\":\"https:\\\/\\\/cefanl.be\\\/wp-content\\\/uploads\\\/2024\\\/08\\\/cropped-Logo-CEFA-TOUS-ARBH-ARMB-ARAY-Erezee-ARMV-ICET-202.jpg\",\"width\":643,\"height\":526,\"caption\":\"CEFA Nord-Luxembourg\"},\"image\":{\"@id\":\"https:\\\/\\\/cefanl.be\\\/#\\\/schema\\\/logo\\\/image\\\/\"},\"sameAs\":[\"https:\\\/\\\/www.facebook.com\\\/CEFA.Bastogne.Bomal.Aywaille.Erezee\\\/\"]}]}<\/script>\n<!-- \/ Yoast SEO plugin. -->","yoast_head_json":{"title":"LA SOURCE DES SAVEURS - CEFA Nord-Luxembourg","description":"Le restaurant didactique du CEFA de Bomal \"La Source des Saveurs\" vous propose de d\u00e9guster les repas pr\u00e9par\u00e9s par les \u00e9l\u00e8ves d'h\u00f4tellerie.","robots":{"index":"index","follow":"follow","max-snippet":"max-snippet:-1","max-image-preview":"max-image-preview:large","max-video-preview":"max-video-preview:-1"},"canonical":"https:\/\/cefanl.be\/index.php\/implantations\/cefa-bomal\/la-source-des-saveurs\/","og_locale":"fr_FR","og_type":"article","og_title":"LA SOURCE DES SAVEURS - CEFA Nord-Luxembourg","og_description":"Le restaurant didactique du CEFA de Bomal \"La Source des Saveurs\" vous propose de d\u00e9guster les repas pr\u00e9par\u00e9s par les \u00e9l\u00e8ves d'h\u00f4tellerie.","og_url":"https:\/\/cefanl.be\/index.php\/implantations\/cefa-bomal\/la-source-des-saveurs\/","og_site_name":"CEFA Nord-Luxembourg","article_publisher":"https:\/\/www.facebook.com\/CEFA.Bastogne.Bomal.Aywaille.Erezee\/","article_modified_time":"2026-04-13T07:40:16+00:00","og_image":[{"width":1500,"height":1500,"url":"https:\/\/cefanl.be\/wp-content\/uploads\/2020\/05\/Logo-Source-des-Saveurs-01-1.png","type":"image\/png"}],"twitter_card":"summary_large_image","twitter_misc":{"Dur\u00e9e de lecture estim\u00e9e":"4 minutes"},"schema":{"@context":"https:\/\/schema.org","@graph":[{"@type":"WebPage","@id":"https:\/\/cefanl.be\/index.php\/implantations\/cefa-bomal\/la-source-des-saveurs\/","url":"https:\/\/cefanl.be\/index.php\/implantations\/cefa-bomal\/la-source-des-saveurs\/","name":"LA SOURCE DES SAVEURS - CEFA Nord-Luxembourg","isPartOf":{"@id":"https:\/\/cefanl.be\/#website"},"primaryImageOfPage":{"@id":"https:\/\/cefanl.be\/index.php\/implantations\/cefa-bomal\/la-source-des-saveurs\/#primaryimage"},"image":{"@id":"https:\/\/cefanl.be\/index.php\/implantations\/cefa-bomal\/la-source-des-saveurs\/#primaryimage"},"thumbnailUrl":"https:\/\/cefanl.be\/wp-content\/uploads\/2020\/05\/Logo-Source-des-Saveurs-01-1.png","datePublished":"2020-05-01T14:54:53+00:00","dateModified":"2026-04-13T07:40:16+00:00","description":"Le restaurant didactique du CEFA de Bomal \"La Source des Saveurs\" vous propose de d\u00e9guster les repas pr\u00e9par\u00e9s par les \u00e9l\u00e8ves d'h\u00f4tellerie.","breadcrumb":{"@id":"https:\/\/cefanl.be\/index.php\/implantations\/cefa-bomal\/la-source-des-saveurs\/#breadcrumb"},"inLanguage":"fr-FR","potentialAction":[{"@type":"ReadAction","target":["https:\/\/cefanl.be\/index.php\/implantations\/cefa-bomal\/la-source-des-saveurs\/"]}]},{"@type":"ImageObject","inLanguage":"fr-FR","@id":"https:\/\/cefanl.be\/index.php\/implantations\/cefa-bomal\/la-source-des-saveurs\/#primaryimage","url":"https:\/\/cefanl.be\/wp-content\/uploads\/2020\/05\/Logo-Source-des-Saveurs-01-1.png","contentUrl":"https:\/\/cefanl.be\/wp-content\/uploads\/2020\/05\/Logo-Source-des-Saveurs-01-1.png","width":1500,"height":1500},{"@type":"BreadcrumbList","@id":"https:\/\/cefanl.be\/index.php\/implantations\/cefa-bomal\/la-source-des-saveurs\/#breadcrumb","itemListElement":[{"@type":"ListItem","position":1,"name":"Accueil","item":"https:\/\/cefanl.be\/"},{"@type":"ListItem","position":2,"name":"IMPLANTATIONS","item":"https:\/\/cefanl.be\/index.php\/implantations\/"},{"@type":"ListItem","position":3,"name":"CEFA BOMAL (Durbuy)","item":"https:\/\/cefanl.be\/index.php\/implantations\/cefa-bomal\/"},{"@type":"ListItem","position":4,"name":"LA SOURCE DES SAVEURS"}]},{"@type":"WebSite","@id":"https:\/\/cefanl.be\/#website","url":"https:\/\/cefanl.be\/","name":"CEFA Nord-Luxembourg","description":"Bastogne - Bomal - Aywaille - Erez\u00e9e - Vielsalm","publisher":{"@id":"https:\/\/cefanl.be\/#organization"},"potentialAction":[{"@type":"SearchAction","target":{"@type":"EntryPoint","urlTemplate":"https:\/\/cefanl.be\/?s={search_term_string}"},"query-input":{"@type":"PropertyValueSpecification","valueRequired":true,"valueName":"search_term_string"}}],"inLanguage":"fr-FR"},{"@type":"Organization","@id":"https:\/\/cefanl.be\/#organization","name":"CEFA Nord-Luxembourg","url":"https:\/\/cefanl.be\/","logo":{"@type":"ImageObject","inLanguage":"fr-FR","@id":"https:\/\/cefanl.be\/#\/schema\/logo\/image\/","url":"https:\/\/cefanl.be\/wp-content\/uploads\/2024\/08\/cropped-Logo-CEFA-TOUS-ARBH-ARMB-ARAY-Erezee-ARMV-ICET-202.jpg","contentUrl":"https:\/\/cefanl.be\/wp-content\/uploads\/2024\/08\/cropped-Logo-CEFA-TOUS-ARBH-ARMB-ARAY-Erezee-ARMV-ICET-202.jpg","width":643,"height":526,"caption":"CEFA Nord-Luxembourg"},"image":{"@id":"https:\/\/cefanl.be\/#\/schema\/logo\/image\/"},"sameAs":["https:\/\/www.facebook.com\/CEFA.Bastogne.Bomal.Aywaille.Erezee\/"]}]}},"uagb_featured_image_src":{"full":["https:\/\/cefanl.be\/wp-content\/uploads\/2020\/05\/Logo-Source-des-Saveurs-01-1.png",1500,1500,false],"thumbnail":["https:\/\/cefanl.be\/wp-content\/uploads\/2020\/05\/Logo-Source-des-Saveurs-01-1.png",150,150,true],"medium":["https:\/\/cefanl.be\/wp-content\/uploads\/2020\/05\/Logo-Source-des-Saveurs-01-1.png",300,300,true],"medium_large":["https:\/\/cefanl.be\/wp-content\/uploads\/2020\/05\/Logo-Source-des-Saveurs-01-1.png",768,768,true],"large":["https:\/\/cefanl.be\/wp-content\/uploads\/2020\/05\/Logo-Source-des-Saveurs-01-1.png",1024,1024,true],"etfrtb_logo":["https:\/\/cefanl.be\/wp-content\/uploads\/2020\/05\/Logo-Source-des-Saveurs-01-1.png",200,200,true],"1536x1536":["https:\/\/cefanl.be\/wp-content\/uploads\/2020\/05\/Logo-Source-des-Saveurs-01-1.png",1500,1500,true],"2048x2048":["https:\/\/cefanl.be\/wp-content\/uploads\/2020\/05\/Logo-Source-des-Saveurs-01-1.png",1500,1500,true],"tc-grid-full":["https:\/\/cefanl.be\/wp-content\/uploads\/2020\/05\/Logo-Source-des-Saveurs-01-1.png",1110,444,true],"tc-grid":["https:\/\/cefanl.be\/wp-content\/uploads\/2020\/05\/Logo-Source-des-Saveurs-01-1.png",570,350,true],"tc-thumb":["https:\/\/cefanl.be\/wp-content\/uploads\/2020\/05\/Logo-Source-des-Saveurs-01-1.png",270,250,true],"slider-full":["https:\/\/cefanl.be\/wp-content\/uploads\/2020\/05\/Logo-Source-des-Saveurs-01-1.png",1500,500,true],"slider":["https:\/\/cefanl.be\/wp-content\/uploads\/2020\/05\/Logo-Source-des-Saveurs-01-1.png",1110,500,true],"tc-sq-thumb":["https:\/\/cefanl.be\/wp-content\/uploads\/2020\/05\/Logo-Source-des-Saveurs-01-1.png",510,510,true],"tc-ws-thumb":["https:\/\/cefanl.be\/wp-content\/uploads\/2020\/05\/Logo-Source-des-Saveurs-01-1.png",1110,624,true],"tc-ws-small-thumb":["https:\/\/cefanl.be\/wp-content\/uploads\/2020\/05\/Logo-Source-des-Saveurs-01-1.png",528,297,true],"tc-slider-small":["https:\/\/cefanl.be\/wp-content\/uploads\/2020\/05\/Logo-Source-des-Saveurs-01-1.png",517,235,true]},"uagb_author_info":{"display_name":"Geoffrey Plat\u00e9us","author_link":"https:\/\/cefanl.be\/index.php\/author\/admin2186\/"},"uagb_comment_info":0,"uagb_excerpt":"Restaurant didactique du CEFA Nord-Luxembourg \u00e0 Bomal Le restaurant didactique \u00ab\u00a0La Source des Saveurs\u00a0\u00bb est ouvert les jeudis midi durant l&rsquo;ann\u00e9e scolaire et vous propose de d\u00e9guster les repas pr\u00e9par\u00e9s par les \u00e9l\u00e8ves d&rsquo;h\u00f4tellerie. Menu unique servi pour l&rsquo;ensemble des convives au prix de 23,00 \u20ac\/p hors boissons Formule ALL-INCLUSIVE (Menu, ap\u00e9ritif, s\u00e9lection de vins,\u2026","jetpack_sharing_enabled":true,"_links":{"self":[{"href":"https:\/\/cefanl.be\/index.php\/wp-json\/wp\/v2\/pages\/422","targetHints":{"allow":["GET"]}}],"collection":[{"href":"https:\/\/cefanl.be\/index.php\/wp-json\/wp\/v2\/pages"}],"about":[{"href":"https:\/\/cefanl.be\/index.php\/wp-json\/wp\/v2\/types\/page"}],"author":[{"embeddable":true,"href":"https:\/\/cefanl.be\/index.php\/wp-json\/wp\/v2\/users\/1"}],"replies":[{"embeddable":true,"href":"https:\/\/cefanl.be\/index.php\/wp-json\/wp\/v2\/comments?post=422"}],"version-history":[{"count":114,"href":"https:\/\/cefanl.be\/index.php\/wp-json\/wp\/v2\/pages\/422\/revisions"}],"predecessor-version":[{"id":5204,"href":"https:\/\/cefanl.be\/index.php\/wp-json\/wp\/v2\/pages\/422\/revisions\/5204"}],"up":[{"embeddable":true,"href":"https:\/\/cefanl.be\/index.php\/wp-json\/wp\/v2\/pages\/299"}],"wp:featuredmedia":[{"embeddable":true,"href":"https:\/\/cefanl.be\/index.php\/wp-json\/wp\/v2\/media\/424"}],"wp:attachment":[{"href":"https:\/\/cefanl.be\/index.php\/wp-json\/wp\/v2\/media?parent=422"}],"curies":[{"name":"wp","href":"https:\/\/api.w.org\/{rel}","templated":true}]}}