{"id":40,"date":"2017-12-01T15:53:33","date_gmt":"2017-12-01T14:53:33","guid":{"rendered":"http:\/\/cefanl.be\/?page_id=40"},"modified":"2021-05-03T13:07:53","modified_gmt":"2021-05-03T11:07:53","slug":"certification","status":"publish","type":"page","link":"https:\/\/cefanl.be\/index.php\/certification\/","title":{"rendered":"CERTIFICATION"},"content":{"rendered":"\n<figure class=\"wp-block-image size-large\"><img loading=\"lazy\" decoding=\"async\" width=\"1024\" height=\"438\" src=\"https:\/\/cefanl.be\/wp-content\/uploads\/2020\/04\/3688161-1024x438.jpg\" alt=\"\" class=\"wp-image-347\" srcset=\"https:\/\/cefanl.be\/wp-content\/uploads\/2020\/04\/3688161-scaled.jpg 1024w, https:\/\/cefanl.be\/wp-content\/uploads\/2020\/04\/3688161-scaled.jpg 300w, https:\/\/cefanl.be\/wp-content\/uploads\/2020\/04\/3688161-scaled.jpg 768w, https:\/\/cefanl.be\/wp-content\/uploads\/2020\/04\/3688161-scaled.jpg 1536w, https:\/\/cefanl.be\/wp-content\/uploads\/2020\/04\/3688161-scaled.jpg 2048w, https:\/\/cefanl.be\/wp-content\/uploads\/2020\/04\/3688161-scaled.jpg 2280w\" sizes=\"auto, (max-width: 1024px) 100vw, 1024px\" \/><\/figure>\n\n\n\n<p>En fonction de son projet et de son investissement personnel, le jeune peut obtenir divers certificats et qualifications. Les attestations re\u00e7ues et la certification du CEFA sont reconnues par la <a href=\"http:\/\/www.federation-wallonie-bruxelles.be\/\" target=\"_blank\" rel=\"noreferrer noopener\">F\u00e9d\u00e9ration Wallonie-Bruxelles<\/a>. Les certificats et attestations des formations en \u00ab\u00a0article 45\u00a0\u00bb sont sp\u00e9cifiques au CEFA tandis que ceux re\u00e7us dans l&rsquo;enseignement en alternance \u00ab\u00a0article 49\u00a0\u00bb ont la m\u00eame valeur que dans l&rsquo;enseignement de plein exercice. <\/p>\n\n\n\n<ul class=\"wp-block-list\"><li><strong>ACP<\/strong> : Attestation de Comp\u00e9tences Professionnelles du 2\u00e8me degr\u00e9 de l&rsquo;enseignement en alternance article 45<\/li><li><strong>CQS :<\/strong> Certificat de Qualification Sp\u00e9cifique : Il est d\u00e9livr\u00e9 \u00e0 la fin de la formation en alternance article 45<\/li><li><strong>CE2D<\/strong> : Certificat d&rsquo;\u00e9tudes du 2\u00e8me degr\u00e9 de l&rsquo;enseignement secondaire: Il est d\u00e9livr\u00e9 au terme de la 4\u00e8me ann\u00e9e et atteste de la r\u00e9ussite de la 3\u00e8me et 4\u00e8me ann\u00e9e. <\/li><li><strong>CQ6 : <\/strong> Certificat de Qualification de 6\u00e8me Professionnelle : Il est d\u00e9livr\u00e9 au terme de la 6\u00e8me ann\u00e9e par le jury de qualification. Il est d\u00e9cern\u00e9 aux \u00e9l\u00e8ves qui ont acquis les connaissances n\u00e9cessaires pour exercer un m\u00e9tier et donne l&rsquo;acc\u00e8s \u00e0 la profession.<\/li><li><strong>CQ7 :<\/strong> Certificat de Qualification de 7\u00e8me Professionnelle : Il est d\u00e9livr\u00e9 au terme de la 7\u00e8me ann\u00e9e par le jury de qualification. Il est d\u00e9cern\u00e9 aux \u00e9l\u00e8ves qui ont acquis les connaissances n\u00e9cessaires pour exercer un m\u00e9tier et donne l&rsquo;acc\u00e8s \u00e0 la profession.<\/li><li><strong>CE6P :<\/strong> Certificat d&rsquo;\u00c9tude de 6\u00e8me Professionnelle : Il est d\u00e9livr\u00e9 par le conseil de classe et permet d&rsquo;acc\u00e9der \u00e0 la 7\u00e8me professionnelle<\/li><li><strong>CESS :<\/strong> Certificat d&rsquo;Enseignement Secondaire Sup\u00e9rieur : Il est d\u00e9livr\u00e9 en fin de 7\u00e8me professionnelle et permet d&rsquo;acc\u00e9der \u00e0 l&rsquo;enseignement sup\u00e9rieur de plein exercice ou de promotion sociale<\/li><li><strong>Certificat de gestion de base<\/strong> : Il est d\u00e9cern\u00e9 aux \u00e9l\u00e8ves ayant r\u00e9ussi le cours de gestion et permet de s&rsquo;installer comme ind\u00e9pendant.<\/li><\/ul>\n\n\n\n<h4 class=\"has-vivid-red-color has-text-color wp-block-heading\">Article 45<\/h4>\n\n\n\n<p>La certification du CEFA sont sp\u00e9cifiques \u00e0 l&rsquo;enseignement en alternance et sont reconnus par le milieu professionnel.<\/p>\n\n\n\n<h4 class=\"has-vivid-red-color has-text-color wp-block-heading\">Article 49<\/h4>\n\n\n\n<p>L&rsquo;\u00e9l\u00e8ve devra acqu\u00e9rir les m\u00eames comp\u00e9tences que dans l&rsquo;enseignement de plein exercice. De ce fait, les programmes, les \u00e9preuves de qualification et les examens portent sur la m\u00eame mati\u00e8re. Les dipl\u00f4mes et certificats d\u00e9livr\u00e9s sont \u00e9quivalents \u00e0 ceux de l&rsquo;enseignement de plein exercice.<\/p>\n\n\n\n<h4 class=\"has-vivid-red-color has-text-color wp-block-heading\">Article 47<\/h4>\n\n\n\n<p>Les formations \u00ab\u00a0article 47\u00a0\u00bb sont propos\u00e9es par des \u00e9tablissements d\u2019enseignement secondaire sp\u00e9cialis\u00e9 organisant \u00e9galement de l\u2019alternance en collaboration avec un CEFA.<\/p>\n\n\n\n<h4 class=\"wp-block-heading\"><a href=\"https:\/\/cefanl.be\/index.php\/contact\/\">Contactez-nous<\/a> pour toute information suppl\u00e9mentaire<\/h4>\n","protected":false},"excerpt":{"rendered":"<p>En fonction de son projet et de son investissement personnel, le jeune peut obtenir divers certificats et qualifications. Les attestations re\u00e7ues et la certification du CEFA sont reconnues par la F\u00e9d\u00e9ration Wallonie-Bruxelles. Les certificats et attestations des formations en \u00ab\u00a0article 45\u00a0\u00bb sont sp\u00e9cifiques au CEFA tandis que ceux re\u00e7us dans l&rsquo;enseignement en alternance \u00ab\u00a0article 49\u00a0\u00bb [&hellip;]<\/p>\n","protected":false},"author":1,"featured_media":0,"parent":0,"menu_order":0,"comment_status":"closed","ping_status":"closed","template":"","meta":{"_uag_custom_page_level_css":"","footnotes":""},"class_list":["post-40","page","type-page","status-publish","czr-hentry"],"yoast_head":"<!-- This site is optimized with the Yoast SEO plugin v27.5 - https:\/\/yoast.com\/product\/yoast-seo-wordpress\/ -->\n<title>CERTIFICATION ET ATTESTATIONS - CEFA Nord-Luxembourg -<\/title>\n<meta name=\"description\" content=\"En fin de parcours au CEFA, le jeune peut obtenir une certification ainsi que des attestations et qualifications reconnues par la FWB\" \/>\n<meta name=\"robots\" content=\"index, follow, max-snippet:-1, max-image-preview:large, max-video-preview:-1\" \/>\n<link rel=\"canonical\" href=\"https:\/\/cefanl.be\/index.php\/certification\/\" \/>\n<meta property=\"og:locale\" content=\"fr_FR\" \/>\n<meta property=\"og:type\" content=\"article\" \/>\n<meta property=\"og:title\" content=\"CERTIFICATION ET ATTESTATIONS - CEFA Nord-Luxembourg -\" \/>\n<meta property=\"og:description\" content=\"En fin de parcours au CEFA, le jeune peut obtenir une certification ainsi que des attestations et qualifications reconnues par la FWB\" \/>\n<meta property=\"og:url\" content=\"https:\/\/cefanl.be\/index.php\/certification\/\" \/>\n<meta property=\"og:site_name\" content=\"CEFA Nord-Luxembourg\" \/>\n<meta property=\"article:publisher\" content=\"https:\/\/www.facebook.com\/CEFA.Bastogne.Bomal.Aywaille.Erezee\/\" \/>\n<meta property=\"article:modified_time\" content=\"2021-05-03T11:07:53+00:00\" \/>\n<meta property=\"og:image\" content=\"https:\/\/cefanl.be\/wp-content\/uploads\/2020\/04\/3688161-1024x438.jpg\" \/>\n<meta name=\"twitter:card\" content=\"summary_large_image\" \/>\n<meta name=\"twitter:label1\" content=\"Dur\u00e9e de lecture estim\u00e9e\" \/>\n\t<meta name=\"twitter:data1\" content=\"2 minutes\" \/>\n<script type=\"application\/ld+json\" class=\"yoast-schema-graph\">{\"@context\":\"https:\\\/\\\/schema.org\",\"@graph\":[{\"@type\":\"WebPage\",\"@id\":\"https:\\\/\\\/cefanl.be\\\/index.php\\\/certification\\\/\",\"url\":\"https:\\\/\\\/cefanl.be\\\/index.php\\\/certification\\\/\",\"name\":\"CERTIFICATION ET ATTESTATIONS - CEFA Nord-Luxembourg -\",\"isPartOf\":{\"@id\":\"https:\\\/\\\/cefanl.be\\\/#website\"},\"primaryImageOfPage\":{\"@id\":\"https:\\\/\\\/cefanl.be\\\/index.php\\\/certification\\\/#primaryimage\"},\"image\":{\"@id\":\"https:\\\/\\\/cefanl.be\\\/index.php\\\/certification\\\/#primaryimage\"},\"thumbnailUrl\":\"https:\\\/\\\/cefanl.be\\\/wp-content\\\/uploads\\\/2020\\\/04\\\/3688161-1024x438.jpg\",\"datePublished\":\"2017-12-01T14:53:33+00:00\",\"dateModified\":\"2021-05-03T11:07:53+00:00\",\"description\":\"En fin de parcours au CEFA, le jeune peut obtenir une certification ainsi que des attestations et qualifications reconnues par la FWB\",\"breadcrumb\":{\"@id\":\"https:\\\/\\\/cefanl.be\\\/index.php\\\/certification\\\/#breadcrumb\"},\"inLanguage\":\"fr-FR\",\"potentialAction\":[{\"@type\":\"ReadAction\",\"target\":[\"https:\\\/\\\/cefanl.be\\\/index.php\\\/certification\\\/\"]}]},{\"@type\":\"ImageObject\",\"inLanguage\":\"fr-FR\",\"@id\":\"https:\\\/\\\/cefanl.be\\\/index.php\\\/certification\\\/#primaryimage\",\"url\":\"https:\\\/\\\/cefanl.be\\\/wp-content\\\/uploads\\\/2020\\\/04\\\/3688161-1024x438.jpg\",\"contentUrl\":\"https:\\\/\\\/cefanl.be\\\/wp-content\\\/uploads\\\/2020\\\/04\\\/3688161-1024x438.jpg\"},{\"@type\":\"BreadcrumbList\",\"@id\":\"https:\\\/\\\/cefanl.be\\\/index.php\\\/certification\\\/#breadcrumb\",\"itemListElement\":[{\"@type\":\"ListItem\",\"position\":1,\"name\":\"Accueil\",\"item\":\"https:\\\/\\\/cefanl.be\\\/\"},{\"@type\":\"ListItem\",\"position\":2,\"name\":\"CERTIFICATION\"}]},{\"@type\":\"WebSite\",\"@id\":\"https:\\\/\\\/cefanl.be\\\/#website\",\"url\":\"https:\\\/\\\/cefanl.be\\\/\",\"name\":\"CEFA Nord-Luxembourg\",\"description\":\"Bastogne - Bomal - Aywaille - Erez\u00e9e - Vielsalm\",\"publisher\":{\"@id\":\"https:\\\/\\\/cefanl.be\\\/#organization\"},\"potentialAction\":[{\"@type\":\"SearchAction\",\"target\":{\"@type\":\"EntryPoint\",\"urlTemplate\":\"https:\\\/\\\/cefanl.be\\\/?s={search_term_string}\"},\"query-input\":{\"@type\":\"PropertyValueSpecification\",\"valueRequired\":true,\"valueName\":\"search_term_string\"}}],\"inLanguage\":\"fr-FR\"},{\"@type\":\"Organization\",\"@id\":\"https:\\\/\\\/cefanl.be\\\/#organization\",\"name\":\"CEFA Nord-Luxembourg\",\"url\":\"https:\\\/\\\/cefanl.be\\\/\",\"logo\":{\"@type\":\"ImageObject\",\"inLanguage\":\"fr-FR\",\"@id\":\"https:\\\/\\\/cefanl.be\\\/#\\\/schema\\\/logo\\\/image\\\/\",\"url\":\"https:\\\/\\\/cefanl.be\\\/wp-content\\\/uploads\\\/2024\\\/08\\\/cropped-Logo-CEFA-TOUS-ARBH-ARMB-ARAY-Erezee-ARMV-ICET-202.jpg\",\"contentUrl\":\"https:\\\/\\\/cefanl.be\\\/wp-content\\\/uploads\\\/2024\\\/08\\\/cropped-Logo-CEFA-TOUS-ARBH-ARMB-ARAY-Erezee-ARMV-ICET-202.jpg\",\"width\":643,\"height\":526,\"caption\":\"CEFA Nord-Luxembourg\"},\"image\":{\"@id\":\"https:\\\/\\\/cefanl.be\\\/#\\\/schema\\\/logo\\\/image\\\/\"},\"sameAs\":[\"https:\\\/\\\/www.facebook.com\\\/CEFA.Bastogne.Bomal.Aywaille.Erezee\\\/\"]}]}<\/script>\n<!-- \/ Yoast SEO plugin. -->","yoast_head_json":{"title":"CERTIFICATION ET ATTESTATIONS - CEFA Nord-Luxembourg -","description":"En fin de parcours au CEFA, le jeune peut obtenir une certification ainsi que des attestations et qualifications reconnues par la FWB","robots":{"index":"index","follow":"follow","max-snippet":"max-snippet:-1","max-image-preview":"max-image-preview:large","max-video-preview":"max-video-preview:-1"},"canonical":"https:\/\/cefanl.be\/index.php\/certification\/","og_locale":"fr_FR","og_type":"article","og_title":"CERTIFICATION ET ATTESTATIONS - CEFA Nord-Luxembourg -","og_description":"En fin de parcours au CEFA, le jeune peut obtenir une certification ainsi que des attestations et qualifications reconnues par la FWB","og_url":"https:\/\/cefanl.be\/index.php\/certification\/","og_site_name":"CEFA Nord-Luxembourg","article_publisher":"https:\/\/www.facebook.com\/CEFA.Bastogne.Bomal.Aywaille.Erezee\/","article_modified_time":"2021-05-03T11:07:53+00:00","og_image":[{"url":"https:\/\/cefanl.be\/wp-content\/uploads\/2020\/04\/3688161-1024x438.jpg","type":"","width":"","height":""}],"twitter_card":"summary_large_image","twitter_misc":{"Dur\u00e9e de lecture estim\u00e9e":"2 minutes"},"schema":{"@context":"https:\/\/schema.org","@graph":[{"@type":"WebPage","@id":"https:\/\/cefanl.be\/index.php\/certification\/","url":"https:\/\/cefanl.be\/index.php\/certification\/","name":"CERTIFICATION ET ATTESTATIONS - CEFA Nord-Luxembourg -","isPartOf":{"@id":"https:\/\/cefanl.be\/#website"},"primaryImageOfPage":{"@id":"https:\/\/cefanl.be\/index.php\/certification\/#primaryimage"},"image":{"@id":"https:\/\/cefanl.be\/index.php\/certification\/#primaryimage"},"thumbnailUrl":"https:\/\/cefanl.be\/wp-content\/uploads\/2020\/04\/3688161-1024x438.jpg","datePublished":"2017-12-01T14:53:33+00:00","dateModified":"2021-05-03T11:07:53+00:00","description":"En fin de parcours au CEFA, le jeune peut obtenir une certification ainsi que des attestations et qualifications reconnues par la FWB","breadcrumb":{"@id":"https:\/\/cefanl.be\/index.php\/certification\/#breadcrumb"},"inLanguage":"fr-FR","potentialAction":[{"@type":"ReadAction","target":["https:\/\/cefanl.be\/index.php\/certification\/"]}]},{"@type":"ImageObject","inLanguage":"fr-FR","@id":"https:\/\/cefanl.be\/index.php\/certification\/#primaryimage","url":"https:\/\/cefanl.be\/wp-content\/uploads\/2020\/04\/3688161-1024x438.jpg","contentUrl":"https:\/\/cefanl.be\/wp-content\/uploads\/2020\/04\/3688161-1024x438.jpg"},{"@type":"BreadcrumbList","@id":"https:\/\/cefanl.be\/index.php\/certification\/#breadcrumb","itemListElement":[{"@type":"ListItem","position":1,"name":"Accueil","item":"https:\/\/cefanl.be\/"},{"@type":"ListItem","position":2,"name":"CERTIFICATION"}]},{"@type":"WebSite","@id":"https:\/\/cefanl.be\/#website","url":"https:\/\/cefanl.be\/","name":"CEFA Nord-Luxembourg","description":"Bastogne - Bomal - Aywaille - Erez\u00e9e - Vielsalm","publisher":{"@id":"https:\/\/cefanl.be\/#organization"},"potentialAction":[{"@type":"SearchAction","target":{"@type":"EntryPoint","urlTemplate":"https:\/\/cefanl.be\/?s={search_term_string}"},"query-input":{"@type":"PropertyValueSpecification","valueRequired":true,"valueName":"search_term_string"}}],"inLanguage":"fr-FR"},{"@type":"Organization","@id":"https:\/\/cefanl.be\/#organization","name":"CEFA Nord-Luxembourg","url":"https:\/\/cefanl.be\/","logo":{"@type":"ImageObject","inLanguage":"fr-FR","@id":"https:\/\/cefanl.be\/#\/schema\/logo\/image\/","url":"https:\/\/cefanl.be\/wp-content\/uploads\/2024\/08\/cropped-Logo-CEFA-TOUS-ARBH-ARMB-ARAY-Erezee-ARMV-ICET-202.jpg","contentUrl":"https:\/\/cefanl.be\/wp-content\/uploads\/2024\/08\/cropped-Logo-CEFA-TOUS-ARBH-ARMB-ARAY-Erezee-ARMV-ICET-202.jpg","width":643,"height":526,"caption":"CEFA Nord-Luxembourg"},"image":{"@id":"https:\/\/cefanl.be\/#\/schema\/logo\/image\/"},"sameAs":["https:\/\/www.facebook.com\/CEFA.Bastogne.Bomal.Aywaille.Erezee\/"]}]}},"uagb_featured_image_src":{"full":false,"thumbnail":false,"medium":false,"medium_large":false,"large":false,"etfrtb_logo":false,"1536x1536":false,"2048x2048":false,"tc-grid-full":false,"tc-grid":false,"tc-thumb":false,"slider-full":false,"slider":false,"tc-sq-thumb":false,"tc-ws-thumb":false,"tc-ws-small-thumb":false,"tc-slider-small":false},"uagb_author_info":{"display_name":"Geoffrey Plat\u00e9us","author_link":"https:\/\/cefanl.be\/index.php\/author\/admin2186\/"},"uagb_comment_info":0,"uagb_excerpt":"En fonction de son projet et de son investissement personnel, le jeune peut obtenir divers certificats et qualifications. Les attestations re\u00e7ues et la certification du CEFA sont reconnues par la F\u00e9d\u00e9ration Wallonie-Bruxelles. Les certificats et attestations des formations en \u00ab\u00a0article 45\u00a0\u00bb sont sp\u00e9cifiques au CEFA tandis que ceux re\u00e7us dans l&rsquo;enseignement en alternance \u00ab\u00a0article 49\u00a0\u00bb\u2026","jetpack_sharing_enabled":true,"_links":{"self":[{"href":"https:\/\/cefanl.be\/index.php\/wp-json\/wp\/v2\/pages\/40","targetHints":{"allow":["GET"]}}],"collection":[{"href":"https:\/\/cefanl.be\/index.php\/wp-json\/wp\/v2\/pages"}],"about":[{"href":"https:\/\/cefanl.be\/index.php\/wp-json\/wp\/v2\/types\/page"}],"author":[{"embeddable":true,"href":"https:\/\/cefanl.be\/index.php\/wp-json\/wp\/v2\/users\/1"}],"replies":[{"embeddable":true,"href":"https:\/\/cefanl.be\/index.php\/wp-json\/wp\/v2\/comments?post=40"}],"version-history":[{"count":6,"href":"https:\/\/cefanl.be\/index.php\/wp-json\/wp\/v2\/pages\/40\/revisions"}],"predecessor-version":[{"id":1478,"href":"https:\/\/cefanl.be\/index.php\/wp-json\/wp\/v2\/pages\/40\/revisions\/1478"}],"wp:attachment":[{"href":"https:\/\/cefanl.be\/index.php\/wp-json\/wp\/v2\/media?parent=40"}],"curies":[{"name":"wp","href":"https:\/\/api.w.org\/{rel}","templated":true}]}}