{"id":38,"date":"2017-12-01T15:53:33","date_gmt":"2017-12-01T14:53:33","guid":{"rendered":"http:\/\/cefanl.be\/?page_id=38"},"modified":"2026-04-20T08:42:36","modified_gmt":"2026-04-20T06:42:36","slug":"lalternance","status":"publish","type":"page","link":"https:\/\/cefanl.be\/index.php\/lalternance\/","title":{"rendered":"L&rsquo;ALTERNANCE"},"content":{"rendered":"\n<h2 class=\"wp-block-heading font_8 has-vivid-red-color has-text-color\"><span style=\"color: #993366;\">L&rsquo;ORGANISATION EN ALTERNANCE<\/span><\/h2>\n\n\n\n<div class=\"wp-block-group alignwide\"><div class=\"wp-block-group__inner-container is-layout-flow wp-block-group-is-layout-flow\">\n<div class=\"wp-block-media-text alignwide is-stacked-on-mobile\" style=\"grid-template-columns:43% auto\"><figure class=\"wp-block-media-text__media\"><img loading=\"lazy\" decoding=\"async\" width=\"500\" height=\"500\" src=\"https:\/\/cefanl.be\/wp-content\/uploads\/2020\/04\/1387ff_748257bad779499d9a01625fb456280cmv2.png\" alt=\"\" class=\"wp-image-273 size-full\" srcset=\"https:\/\/cefanl.be\/wp-content\/uploads\/2020\/04\/1387ff_748257bad779499d9a01625fb456280cmv2.png 500w, https:\/\/cefanl.be\/wp-content\/uploads\/2020\/04\/1387ff_748257bad779499d9a01625fb456280cmv2.png 300w, https:\/\/cefanl.be\/wp-content\/uploads\/2020\/04\/1387ff_748257bad779499d9a01625fb456280cmv2.png 150w\" sizes=\"auto, (max-width: 500px) 100vw, 500px\" \/><\/figure><div class=\"wp-block-media-text__content\">\n<ul class=\"wp-block-list\">\n<li> 15 p\u00e9riodes \u00e0 l&rsquo;\u00e9cole et 24 heures en entreprise par semaine.<\/li>\n\n\n\n<li>collaboration de mani\u00e8re \u00e0 assurer un parcours coh\u00e9rent et qualifiant<\/li>\n\n\n\n<li>un programme de formation partag\u00e9 entre l&rsquo;\u00e9cole et l&rsquo;entreprise<\/li>\n\n\n\n<li>l&rsquo;accompagnateur du CEFA assure la liaison entre le jeune l&rsquo;\u00e9cole et l&rsquo;entreprise<\/li>\n<\/ul>\n<\/div><\/div>\n<\/div><\/div>\n\n\n\n<div class=\"wp-block-columns is-layout-flex wp-container-core-columns-is-layout-9d6595d7 wp-block-columns-is-layout-flex\">\n<div class=\"wp-block-column is-layout-flow wp-block-column-is-layout-flow\" style=\"flex-basis:25%\"><\/div>\n\n\n\n<div class=\"wp-block-column is-layout-flow wp-block-column-is-layout-flow\" style=\"flex-basis:50%\">\n<figure class=\"wp-block-embed is-type-video is-provider-youtube wp-block-embed-youtube wp-embed-aspect-16-9 wp-has-aspect-ratio\"><div class=\"wp-block-embed__wrapper\">\n<iframe loading=\"lazy\" title=\"ETUDIER EN ALTERNANCE\" width=\"1140\" height=\"641\" src=\"https:\/\/www.youtube.com\/embed\/XVL7IhEDWcQ?list=PLGcyDCAgpg_P6uWsRMeEUaWyZ0Rli5JwJ\" frameborder=\"0\" allow=\"accelerometer; autoplay; clipboard-write; encrypted-media; gyroscope; picture-in-picture; web-share\" referrerpolicy=\"strict-origin-when-cross-origin\" allowfullscreen><\/iframe>\n<\/div><\/figure>\n<\/div>\n\n\n\n<div class=\"wp-block-column is-layout-flow wp-block-column-is-layout-flow\" style=\"flex-basis:25%\"><\/div>\n<\/div>\n\n\n\n<div class=\"wp-block-group\"><div class=\"wp-block-group__inner-container is-layout-flow wp-block-group-is-layout-flow\">\n<!--more-->\n\n\n\n<h3 class=\"wp-block-heading has-vivid-red-color has-text-color\" id=\"alternance\">L&rsquo;alternance, c&rsquo;est quoi?<\/h3>\n\n\n\n<p>Pour ceux et celles qui souhaitent combiner une formation g\u00e9n\u00e9rale \u00e0 l&rsquo;\u00e9cole avec l\u2019apprentissage d\u2019un m\u00e9tier en entreprise\/milieu professionnel, l&rsquo;enseignement propose une structure adapt\u00e9e : le CEFA (Centre d&rsquo;Education et de Formation en Alternance).<\/p>\n\n\n\n<h4 class=\"wp-block-heading has-vivid-red-color has-text-color\">2 jours \/ semaine au CEFA<\/h4>\n\n\n\n<p>Pendant les 2 jours au CEFA, tu suis des cours g\u00e9n\u00e9raux (fran\u00e7ais, math\u00e9matiques, etc.) et des cours de formation professionnelle.<\/p>\n\n\n\n<h4 class=\"wp-block-heading has-vivid-red-color has-text-color\">24 heures \/ semaine en entreprise<\/h4>\n\n\n\n<p>Les 3 ou 4 autres jours de la semaine, tu travailles sous contrat (contrat d\u2019alternance) en entreprise.&nbsp;Cela te permet d\u2019exercer ce que tu as appris \u00e0 l\u2019\u00e9cole et d\u00e9couvrir tous les aspects de ton futur m\u00e9tier.<\/p>\n\n\n\n<p>Lors de ta formation, tu seras r\u00e9mun\u00e9r\u00e9 en fonction de ton niveau de formation.<\/p>\n\n\n\n<h4 class=\"wp-block-heading has-vivid-red-color has-text-color\">Qui t&rsquo;encadre durant ta formation en alternance?<\/h4>\n\n\n\n<p>Au CEFA, un accompagnateur te soutiendra pendant ta formation \u00e0 travers des entretiens r\u00e9guliers. Il est l\u2019interface entre le CEFA, le milieu professionnel et toi-m\u00eame. Il peut t\u2019aider \u00e0 choisir ton orientation professionnelle.<\/p>\n\n\n\n<p>Un tuteur en entreprise t\u2019encadrera \u00e9galement afin de veiller au bon d\u00e9roulement de ta formation.<\/p>\n\n\n\n<h4 class=\"wp-block-heading has-vivid-red-color has-text-color has-link-color wp-elements-17e46b4bb33e865b8e166a8a777ddf92\">CEFAvenir<\/h4>\n\n\n\n<p>Notre CEFA fait partie du programme europ\u00e9en <a href=\"https:\/\/ccgpe-dgeo.cfwb.be\/accueil-agent\/projets\/cefavenir\/\">CEFAvenir<\/a> :<\/p>\n\n\n\n<div class=\"wp-block-media-text is-stacked-on-mobile\" style=\"grid-template-columns:15% auto\"><figure class=\"wp-block-media-text__media\"><a href=\"https:\/\/ccgpe-dgeo.cfwb.be\/accueil-agent\/projets\/cefavenir\/\"><img loading=\"lazy\" decoding=\"async\" width=\"910\" height=\"922\" src=\"https:\/\/cefanl.be\/wp-content\/uploads\/2024\/10\/embleme_UE-couleur_vertical.png\" alt=\"CEFAvenir Logo\" class=\"wp-image-3958 size-full\" srcset=\"https:\/\/cefanl.be\/wp-content\/uploads\/2024\/10\/embleme_UE-couleur_vertical.png 910w, https:\/\/cefanl.be\/wp-content\/uploads\/2024\/10\/embleme_UE-couleur_vertical.png 296w, https:\/\/cefanl.be\/wp-content\/uploads\/2024\/10\/embleme_UE-couleur_vertical.png 768w, https:\/\/cefanl.be\/wp-content\/uploads\/2024\/10\/embleme_UE-couleur_vertical.png 197w\" sizes=\"auto, (max-width: 910px) 100vw, 910px\" \/><\/a><\/figure><div class=\"wp-block-media-text__content\">\n<p>CEFAvenir est une action cofinanc\u00e9e par le Fond Social Europ\u00e9en (FSE) permettant aux \u00e9quipes \u00e9ducatives des CEFA qui se sont port\u00e9 candidats de d\u00e9velopper des projets ou de mettre en place des strat\u00e9gies d\u2019encadrement pour mieux r\u00e9pondre aux besoins sp\u00e9cifiques des publics fr\u00e9quentant l\u2019enseignement en alternance.<\/p>\n\n\n\n<p>Le cofinancement FSE permet d\u2019engager du personnel suppl\u00e9mentaire et de d\u00e9signer des personnes-ressources, les r\u00e9f\u00e9rents th\u00e9matiques, en fonction des priorit\u00e9s choisies parmi les 7 th\u00e9matiques du projet. <\/p>\n\n\n\n<p><a href=\"https:\/\/ccgpe-dgeo.cfwb.be\/accueil-agent\/projets\/cefavenir\/\">En savoir plus&#8230;<\/a><\/p>\n<\/div><\/div>\n\n\n\n<h4 class=\"wp-block-heading has-vivid-red-color has-text-color\">Quels sont les atouts de la formation en alternance&nbsp;?<\/h4>\n\n\n\n<p>La formation en alternance vise notamment \u00e0 d\u00e9velopper chez l\u2019\u00e9l\u00e8ve :<\/p>\n\n\n\n<ul class=\"wp-block-list\">\n<li>l\u2019\u00e9laboration du projet de vie,<\/li>\n\n\n\n<li>l\u2019orientation vers un m\u00e9tier,<\/li>\n\n\n\n<li>l\u2019\u00e9ducation aux r\u00e8gles de vie en commun dans le CEFA et dans la soci\u00e9t\u00e9,<\/li>\n\n\n\n<li>la mise \u00e0 niveau des connaissances \u00e9l\u00e9mentaires de base,<\/li>\n\n\n\n<li>l\u2019acquisition de comp\u00e9tences minimales n\u00e9cessaires pour acc\u00e9der \u00e0 la formation par le travail en entreprise.<\/li>\n<\/ul>\n\n\n\n<p>Cette exp\u00e9rience professionnelle facilite l\u2019acc\u00e8s \u00e0 l\u2019emploi au terme de la formation.<\/p>\n\n\n\n<p>Lorsque tu as r\u00e9ussi ta formation, tu re\u00e7ois des certifications semblables \u00e0 celles d\u00e9livr\u00e9es dans l\u2019enseignement de plein exercice (article 49) ou une qualification sp\u00e9cifique \u00e0 l\u2019alternance (articles 45 et 47).<\/p>\n\n\n\n<h3 class=\"wp-block-heading has-vivid-red-color has-text-color\" id=\"formations\">Quelles formations en alternance ?<\/h3>\n\n\n\n<p>Dans l\u2019enseignement en alternance, il existe trois types de formation qui se distinguent par les&nbsp;<a href=\"https:\/\/monecolemonmetier.cfwb.be\/elevesparents\/je-reussis-mes-etudes\/\" target=\"_blank\" rel=\"noreferrer noopener\">dipl\u00f4mes&nbsp;<\/a>que tu pourras valider en fin de formation&nbsp;:<\/p>\n\n\n\n<ul class=\"wp-block-list\">\n<li>Les formations \u00ab&nbsp;<strong>article 49<\/strong>&nbsp;\u00bb&nbsp;reprennent les m\u00eames intitul\u00e9s que les formations qualifiantes de plein exercice et permettent d\u2019acqu\u00e9rir les m\u00eames comp\u00e9tences et les m\u00eames dipl\u00f4mes (CE, CESS et CQ). Elles sont r\u00e9alisables \u00e0 partir du 2<sup>e<\/sup>&nbsp;degr\u00e9 du secondaire.<\/li>\n\n\n\n<li>Les formations \u00ab&nbsp;<strong>article 45<\/strong>&nbsp;\u00bb permettent d\u2019acqu\u00e9rir des comp\u00e9tences sp\u00e9cifiques \u00e0 un m\u00e9tier. Ces formations comportent moins de cours g\u00e9n\u00e9raux et ont une finalit\u00e9 purement pratique. Elles sont certifi\u00e9es par un Certificat de Qualification Sp\u00e9cifique (CQS).<\/li>\n\n\n\n<li>Les formations \u00ab&nbsp;<strong>article 47<\/strong>&nbsp;\u00bb sont propos\u00e9es par des \u00e9tablissements d\u2019enseignement secondaire sp\u00e9cialis\u00e9 organisant \u00e9galement de l\u2019alternance en collaboration avec un CEFA. Elles correspondent aux formations \u00ab&nbsp;article 45&nbsp;\u00bb de l\u2019enseignement ordinaire.<\/li>\n<\/ul>\n\n\n\n<h3 class=\"wp-block-heading has-vivid-red-color has-text-color\" id=\"inscriptions\">Comment s\u2019inscrire au CEFA ?<\/h3>\n\n\n\n<p>Le CEFA Nord-Luxembourg est une structure qui d\u00e9pend de plusieurs \u00e9tablissements d&rsquo;enseignement secondaire ordinaire et sp\u00e9cialis\u00e9 de plein exercice.<\/p>\n\n\n\n<p><a href=\"https:\/\/cefanl.be\/index.php\/implantations\/cefa-bastogne\/\">Le si\u00e8ge du CEFA Nord-Luxembourg se situe \u00e0 Bastogne (Ath\u00e9n\u00e9e royal Bastogne-Houffalize)<\/a> et il collabore avec d&rsquo;autres \u00e9tablissements:<\/p>\n\n\n\n<ul class=\"wp-block-list\">\n<li><a href=\"https:\/\/cefanl.be\/index.php\/implantations\/bomal\/\">Ath\u00e9n\u00e9e royal Marche-Barvaux-Bomal (sur le site de Bomal)<\/a><\/li>\n\n\n\n<li><a href=\"https:\/\/cefanl.be\/index.php\/implantations\/cefa-aywaille\/\">Ath\u00e9n\u00e9e royal d&rsquo;Aywaille (sur le site du Pr\u00e9fond)<\/a><\/li>\n\n\n\n<li><a href=\"https:\/\/cefanl.be\/index.php\/implantations\/cefa-vielsalm\/\">Ath\u00e9n\u00e9e Royal Vielsalm &#8211; Manhay (sur le site de Rencheux)<\/a><\/li>\n\n\n\n<li><a href=\"https:\/\/cefanl.be\/index.php\/implantations\/cefa-erezee\/\">EPSI du Val d&rsquo;Aisne \u00e0 Briscol &#8211; Erez\u00e9e (enseignement sp\u00e9cialis\u00e9)<\/a><\/li>\n<\/ul>\n\n\n\n<h4 class=\"wp-block-heading has-vivid-red-color has-text-color\">Conditions d&rsquo;inscription:<\/h4>\n\n\n\n<p>Si la formation en alternance te correspond, d\u00e8s l\u2019\u00e2ge de 15 ans, tu peux t\u2019y orienter.<\/p>\n\n\n\n<p>C\u2019est possible si tu as :<\/p>\n\n\n\n<ul class=\"wp-block-list\">\n<li>15 ans \u00e0 condition d\u2019avoir d\u00e9j\u00e0 fr\u00e9quent\u00e9 l\u2019enseignement secondaire de plein exercice pendant deux ans<\/li>\n\n\n\n<li>entre 16 ans et 18 ans sans condition<\/li>\n\n\n\n<li>entre 18 et 20 ans \u00e0 condition d\u2019avoir conclu un contrat de travail<\/li>\n\n\n\n<li>entre 21 et 25 ans \u00e0 condition d\u2019\u00eatre inscrit dans un CEFA au plus tard le 1er octobre de l\u2019ann\u00e9e de tes 21 ans et d\u2019avoir conclu un contrat de travail<\/li>\n<\/ul>\n\n\n\n<p>Tu peux t\u2019inscrire \u00e0&nbsp;<strong>tout moment de l\u2019ann\u00e9e scolaire<\/strong>&nbsp;dans le CEFA qui organise l\u2019option de ton choix.<\/p>\n\n\n\n<h3 class=\"wp-block-heading has-vivid-red-color has-text-color\">Questions pratiques<\/h3>\n\n\n\n<h4 class=\"wp-block-heading has-vivid-red-color has-text-color\">Comment est organis\u00e9e une semaine ?<\/h4>\n\n\n\n<p>Quelle que soit l\u2019option choisie, l&rsquo;horaire de formation sera constitu\u00e9 de :<\/p>\n\n\n\n<ul class=\"wp-block-list\">\n<li>environ 15 p\u00e9riodes de cours (de 50 minutes) par semaine au CEFA;<\/li>\n\n\n\n<li>600 heures de travail par an en milieu professionnel, r\u00e9parties sur un minimum de 20 semaines. Le nombre exact d\u2019heures de travail par semaine n\u2019est pas fixe. Il d\u00e9pend des exigences du m\u00e9tier et des n\u00e9cessit\u00e9s du milieu professionnel pour lequel&nbsp;tu travailles. Tes heures de travail peuvent ne pas correspondre au rythme scolaire habituel.<\/li>\n<\/ul>\n\n\n\n<p>L\u2019ann\u00e9e de formation peut se d\u00e9rouler conform\u00e9ment au calendrier scolaire ou \u00eatre organis\u00e9e selon d\u2019autres modalit\u00e9s. La formation peut \u00eatre organis\u00e9e en modules de formation.<\/p>\n\n\n\n<h4 class=\"wp-block-heading has-vivid-red-color has-text-color\">Dois-tu signer un contrat avec un employeur ?<\/h4>\n\n\n\n<p>Oui, les engagements de chacun sont repris dans un contrat d\u2019alternance&nbsp;sign\u00e9 par l&#8217;employeur et toi-m\u00eame.<\/p>\n\n\n\n<p>Quand tu commences \u00e0 travailler chez un employeur, tu t\u2019engages \u00e0 plusieurs choses : arriver \u00e0 temps au travail, le pr\u00e9venir en cas de maladie, de retard ou d\u2019absence, etc. De son c\u00f4t\u00e9, ton employeur s\u2019engage aussi \u00e0 te former, t\u2019encadrer pour que tu puisses travailler en toute s\u00e9curit\u00e9 et dans de bonnes conditions.<\/p>\n\n\n\n<p>Pour \u00e9viter tout malentendu, penses \u00e0 bien lire ton contrat, c\u2019est important et si tu as une question, prends contact avec ton accompagnateur.<\/p>\n\n\n\n<div class=\"wp-block-file\"><a id=\"wp-block-file--media-ebbc3858-2b44-4f92-85fb-3dfcc7a81ca9\" href=\"https:\/\/cefanl.be\/wp-content\/uploads\/2021\/10\/Modele-contrat-alternance.pdf\" target=\"_blank\" rel=\"noreferrer noopener\">Mod\u00e8le contrat alternance<\/a><a href=\"https:\/\/cefanl.be\/wp-content\/uploads\/2021\/10\/Modele-contrat-alternance.pdf\" class=\"wp-block-file__button wp-element-button\" download aria-describedby=\"wp-block-file--media-ebbc3858-2b44-4f92-85fb-3dfcc7a81ca9\">T\u00e9l\u00e9charger<\/a><\/div>\n\n\n\n<h4 class=\"wp-block-heading has-vivid-red-color has-text-color\">Quels sont les contrats autoris\u00e9s en alternance ?<\/h4>\n\n\n\n<ul class=\"wp-block-list\">\n<li>Un Contrat d\u2019alternance qui devient LE contrat de r\u00e9f\u00e9rence (cf. d\u00e9cret \u2013 voir mod\u00e8le disponible sur le site internet de l\u2019OFFA):&nbsp;<a rel=\"noreferrer noopener\" href=\"https:\/\/www.cza-bxl.be\/IMG\/pdf\/2015_arrete_du_gvnmt_fwb_relatif_au_contrat_d_alternance.pdf\" target=\"_blank\">Arr\u00eat\u00e9 du Gouvernement de la Communaut\u00e9 Fran\u00e7aise relatif au contrat d\u2019alternance <\/a>;<\/li>\n\n\n\n<li>un Contrat d\u2019Apprentissage Industriel (CAI) ou Contrat d\u2019Apprentissage pour Professions Salari\u00e9es (CAPS)&nbsp;;<\/li>\n\n\n\n<li>un Contrat de travail \u00e0 temps partiel.<\/li>\n<\/ul>\n\n\n\n<p>Tu veux travailler tout en apprenant&nbsp;? Adresses-toi directement \u00e0 notre CEFA !<\/p>\n<\/div><\/div>\n\n\n\n<h5 class=\"wp-block-heading has-vivid-red-color has-text-color\">Retrouvez via le lien ci-dessous des t\u00e9moignages d&rsquo;\u00e9l\u00e8ves, de parents, d&rsquo;accompagnateurs, de professeurs et d&#8217;employeurs sur l&rsquo;enseignement en alternance<\/h5>\n\n\n\n<p><a href=\"https:\/\/monecolemonmetier.cfwb.be\/professionnels\/enseignement-secondaire-en-alternance\/lalternance-cest-tendance\/\" target=\"_blank\" rel=\"noreferrer noopener\">L&rsquo;alternance, c&rsquo;est tendance!<\/a><\/p>\n","protected":false},"excerpt":{"rendered":"<p>L&rsquo;ORGANISATION EN ALTERNANCE<\/p>\n","protected":false},"author":1,"featured_media":273,"parent":0,"menu_order":0,"comment_status":"closed","ping_status":"closed","template":"","meta":{"_uag_custom_page_level_css":"","footnotes":""},"class_list":["post-38","page","type-page","status-publish","has-post-thumbnail","czr-hentry"],"yoast_head":"<!-- This site is optimized with the Yoast SEO plugin v27.5 - https:\/\/yoast.com\/product\/yoast-seo-wordpress\/ -->\n<title>L&#039;ALTERNANCE - CEFA Nord-Luxembourg<\/title>\n<meta name=\"description\" content=\"L&#039;alternance, c&#039;est 2 jours \u00e0 l&#039;\u00e9cole, 24 heures\/semaine en entreprise, un salaire \u00e9volutif et une qualification professionnelle\" \/>\n<meta name=\"robots\" content=\"index, follow, max-snippet:-1, max-image-preview:large, max-video-preview:-1\" \/>\n<link rel=\"canonical\" href=\"https:\/\/cefanl.be\/index.php\/lalternance\/\" \/>\n<meta property=\"og:locale\" content=\"fr_FR\" \/>\n<meta property=\"og:type\" content=\"article\" \/>\n<meta property=\"og:title\" content=\"L&#039;ALTERNANCE - CEFA Nord-Luxembourg\" \/>\n<meta property=\"og:description\" content=\"L&#039;alternance, c&#039;est 2 jours \u00e0 l&#039;\u00e9cole, 24 heures\/semaine en entreprise, un salaire \u00e9volutif et une qualification professionnelle\" \/>\n<meta property=\"og:url\" content=\"https:\/\/cefanl.be\/index.php\/lalternance\/\" \/>\n<meta property=\"og:site_name\" content=\"CEFA Nord-Luxembourg\" \/>\n<meta property=\"article:publisher\" content=\"https:\/\/www.facebook.com\/CEFA.Bastogne.Bomal.Aywaille.Erezee\/\" \/>\n<meta property=\"article:modified_time\" content=\"2026-04-20T06:42:36+00:00\" \/>\n<meta property=\"og:image\" content=\"https:\/\/cefanl.be\/wp-content\/uploads\/2020\/04\/1387ff_748257bad779499d9a01625fb456280cmv2.png\" \/>\n\t<meta property=\"og:image:width\" content=\"500\" \/>\n\t<meta property=\"og:image:height\" content=\"500\" \/>\n\t<meta property=\"og:image:type\" content=\"image\/png\" \/>\n<meta name=\"twitter:card\" content=\"summary_large_image\" \/>\n<meta name=\"twitter:label1\" content=\"Dur\u00e9e de lecture estim\u00e9e\" \/>\n\t<meta name=\"twitter:data1\" content=\"6 minutes\" \/>\n<script type=\"application\/ld+json\" class=\"yoast-schema-graph\">{\"@context\":\"https:\\\/\\\/schema.org\",\"@graph\":[{\"@type\":\"WebPage\",\"@id\":\"https:\\\/\\\/cefanl.be\\\/index.php\\\/lalternance\\\/\",\"url\":\"https:\\\/\\\/cefanl.be\\\/index.php\\\/lalternance\\\/\",\"name\":\"L'ALTERNANCE - CEFA Nord-Luxembourg\",\"isPartOf\":{\"@id\":\"https:\\\/\\\/cefanl.be\\\/#website\"},\"primaryImageOfPage\":{\"@id\":\"https:\\\/\\\/cefanl.be\\\/index.php\\\/lalternance\\\/#primaryimage\"},\"image\":{\"@id\":\"https:\\\/\\\/cefanl.be\\\/index.php\\\/lalternance\\\/#primaryimage\"},\"thumbnailUrl\":\"https:\\\/\\\/cefanl.be\\\/wp-content\\\/uploads\\\/2020\\\/04\\\/1387ff_748257bad779499d9a01625fb456280cmv2.png\",\"datePublished\":\"2017-12-01T14:53:33+00:00\",\"dateModified\":\"2026-04-20T06:42:36+00:00\",\"description\":\"L'alternance, c'est 2 jours \u00e0 l'\u00e9cole, 24 heures\\\/semaine en entreprise, un salaire \u00e9volutif et une qualification professionnelle\",\"breadcrumb\":{\"@id\":\"https:\\\/\\\/cefanl.be\\\/index.php\\\/lalternance\\\/#breadcrumb\"},\"inLanguage\":\"fr-FR\",\"potentialAction\":[{\"@type\":\"ReadAction\",\"target\":[\"https:\\\/\\\/cefanl.be\\\/index.php\\\/lalternance\\\/\"]}]},{\"@type\":\"ImageObject\",\"inLanguage\":\"fr-FR\",\"@id\":\"https:\\\/\\\/cefanl.be\\\/index.php\\\/lalternance\\\/#primaryimage\",\"url\":\"https:\\\/\\\/cefanl.be\\\/wp-content\\\/uploads\\\/2020\\\/04\\\/1387ff_748257bad779499d9a01625fb456280cmv2.png\",\"contentUrl\":\"https:\\\/\\\/cefanl.be\\\/wp-content\\\/uploads\\\/2020\\\/04\\\/1387ff_748257bad779499d9a01625fb456280cmv2.png\",\"width\":500,\"height\":500},{\"@type\":\"BreadcrumbList\",\"@id\":\"https:\\\/\\\/cefanl.be\\\/index.php\\\/lalternance\\\/#breadcrumb\",\"itemListElement\":[{\"@type\":\"ListItem\",\"position\":1,\"name\":\"Accueil\",\"item\":\"https:\\\/\\\/cefanl.be\\\/\"},{\"@type\":\"ListItem\",\"position\":2,\"name\":\"L&rsquo;ALTERNANCE\"}]},{\"@type\":\"WebSite\",\"@id\":\"https:\\\/\\\/cefanl.be\\\/#website\",\"url\":\"https:\\\/\\\/cefanl.be\\\/\",\"name\":\"CEFA Nord-Luxembourg\",\"description\":\"Bastogne - Bomal - Aywaille - Erez\u00e9e - Vielsalm\",\"publisher\":{\"@id\":\"https:\\\/\\\/cefanl.be\\\/#organization\"},\"potentialAction\":[{\"@type\":\"SearchAction\",\"target\":{\"@type\":\"EntryPoint\",\"urlTemplate\":\"https:\\\/\\\/cefanl.be\\\/?s={search_term_string}\"},\"query-input\":{\"@type\":\"PropertyValueSpecification\",\"valueRequired\":true,\"valueName\":\"search_term_string\"}}],\"inLanguage\":\"fr-FR\"},{\"@type\":\"Organization\",\"@id\":\"https:\\\/\\\/cefanl.be\\\/#organization\",\"name\":\"CEFA Nord-Luxembourg\",\"url\":\"https:\\\/\\\/cefanl.be\\\/\",\"logo\":{\"@type\":\"ImageObject\",\"inLanguage\":\"fr-FR\",\"@id\":\"https:\\\/\\\/cefanl.be\\\/#\\\/schema\\\/logo\\\/image\\\/\",\"url\":\"https:\\\/\\\/cefanl.be\\\/wp-content\\\/uploads\\\/2024\\\/08\\\/cropped-Logo-CEFA-TOUS-ARBH-ARMB-ARAY-Erezee-ARMV-ICET-202.jpg\",\"contentUrl\":\"https:\\\/\\\/cefanl.be\\\/wp-content\\\/uploads\\\/2024\\\/08\\\/cropped-Logo-CEFA-TOUS-ARBH-ARMB-ARAY-Erezee-ARMV-ICET-202.jpg\",\"width\":643,\"height\":526,\"caption\":\"CEFA Nord-Luxembourg\"},\"image\":{\"@id\":\"https:\\\/\\\/cefanl.be\\\/#\\\/schema\\\/logo\\\/image\\\/\"},\"sameAs\":[\"https:\\\/\\\/www.facebook.com\\\/CEFA.Bastogne.Bomal.Aywaille.Erezee\\\/\"]}]}<\/script>\n<!-- \/ Yoast SEO plugin. -->","yoast_head_json":{"title":"L'ALTERNANCE - CEFA Nord-Luxembourg","description":"L'alternance, c'est 2 jours \u00e0 l'\u00e9cole, 24 heures\/semaine en entreprise, un salaire \u00e9volutif et une qualification professionnelle","robots":{"index":"index","follow":"follow","max-snippet":"max-snippet:-1","max-image-preview":"max-image-preview:large","max-video-preview":"max-video-preview:-1"},"canonical":"https:\/\/cefanl.be\/index.php\/lalternance\/","og_locale":"fr_FR","og_type":"article","og_title":"L'ALTERNANCE - CEFA Nord-Luxembourg","og_description":"L'alternance, c'est 2 jours \u00e0 l'\u00e9cole, 24 heures\/semaine en entreprise, un salaire \u00e9volutif et une qualification professionnelle","og_url":"https:\/\/cefanl.be\/index.php\/lalternance\/","og_site_name":"CEFA Nord-Luxembourg","article_publisher":"https:\/\/www.facebook.com\/CEFA.Bastogne.Bomal.Aywaille.Erezee\/","article_modified_time":"2026-04-20T06:42:36+00:00","og_image":[{"width":500,"height":500,"url":"https:\/\/cefanl.be\/wp-content\/uploads\/2020\/04\/1387ff_748257bad779499d9a01625fb456280cmv2.png","type":"image\/png"}],"twitter_card":"summary_large_image","twitter_misc":{"Dur\u00e9e de lecture estim\u00e9e":"6 minutes"},"schema":{"@context":"https:\/\/schema.org","@graph":[{"@type":"WebPage","@id":"https:\/\/cefanl.be\/index.php\/lalternance\/","url":"https:\/\/cefanl.be\/index.php\/lalternance\/","name":"L'ALTERNANCE - CEFA Nord-Luxembourg","isPartOf":{"@id":"https:\/\/cefanl.be\/#website"},"primaryImageOfPage":{"@id":"https:\/\/cefanl.be\/index.php\/lalternance\/#primaryimage"},"image":{"@id":"https:\/\/cefanl.be\/index.php\/lalternance\/#primaryimage"},"thumbnailUrl":"https:\/\/cefanl.be\/wp-content\/uploads\/2020\/04\/1387ff_748257bad779499d9a01625fb456280cmv2.png","datePublished":"2017-12-01T14:53:33+00:00","dateModified":"2026-04-20T06:42:36+00:00","description":"L'alternance, c'est 2 jours \u00e0 l'\u00e9cole, 24 heures\/semaine en entreprise, un salaire \u00e9volutif et une qualification professionnelle","breadcrumb":{"@id":"https:\/\/cefanl.be\/index.php\/lalternance\/#breadcrumb"},"inLanguage":"fr-FR","potentialAction":[{"@type":"ReadAction","target":["https:\/\/cefanl.be\/index.php\/lalternance\/"]}]},{"@type":"ImageObject","inLanguage":"fr-FR","@id":"https:\/\/cefanl.be\/index.php\/lalternance\/#primaryimage","url":"https:\/\/cefanl.be\/wp-content\/uploads\/2020\/04\/1387ff_748257bad779499d9a01625fb456280cmv2.png","contentUrl":"https:\/\/cefanl.be\/wp-content\/uploads\/2020\/04\/1387ff_748257bad779499d9a01625fb456280cmv2.png","width":500,"height":500},{"@type":"BreadcrumbList","@id":"https:\/\/cefanl.be\/index.php\/lalternance\/#breadcrumb","itemListElement":[{"@type":"ListItem","position":1,"name":"Accueil","item":"https:\/\/cefanl.be\/"},{"@type":"ListItem","position":2,"name":"L&rsquo;ALTERNANCE"}]},{"@type":"WebSite","@id":"https:\/\/cefanl.be\/#website","url":"https:\/\/cefanl.be\/","name":"CEFA Nord-Luxembourg","description":"Bastogne - Bomal - Aywaille - Erez\u00e9e - Vielsalm","publisher":{"@id":"https:\/\/cefanl.be\/#organization"},"potentialAction":[{"@type":"SearchAction","target":{"@type":"EntryPoint","urlTemplate":"https:\/\/cefanl.be\/?s={search_term_string}"},"query-input":{"@type":"PropertyValueSpecification","valueRequired":true,"valueName":"search_term_string"}}],"inLanguage":"fr-FR"},{"@type":"Organization","@id":"https:\/\/cefanl.be\/#organization","name":"CEFA Nord-Luxembourg","url":"https:\/\/cefanl.be\/","logo":{"@type":"ImageObject","inLanguage":"fr-FR","@id":"https:\/\/cefanl.be\/#\/schema\/logo\/image\/","url":"https:\/\/cefanl.be\/wp-content\/uploads\/2024\/08\/cropped-Logo-CEFA-TOUS-ARBH-ARMB-ARAY-Erezee-ARMV-ICET-202.jpg","contentUrl":"https:\/\/cefanl.be\/wp-content\/uploads\/2024\/08\/cropped-Logo-CEFA-TOUS-ARBH-ARMB-ARAY-Erezee-ARMV-ICET-202.jpg","width":643,"height":526,"caption":"CEFA Nord-Luxembourg"},"image":{"@id":"https:\/\/cefanl.be\/#\/schema\/logo\/image\/"},"sameAs":["https:\/\/www.facebook.com\/CEFA.Bastogne.Bomal.Aywaille.Erezee\/"]}]}},"uagb_featured_image_src":{"full":["https:\/\/cefanl.be\/wp-content\/uploads\/2020\/04\/1387ff_748257bad779499d9a01625fb456280cmv2.png",500,500,false],"thumbnail":["https:\/\/cefanl.be\/wp-content\/uploads\/2020\/04\/1387ff_748257bad779499d9a01625fb456280cmv2.png",150,150,true],"medium":["https:\/\/cefanl.be\/wp-content\/uploads\/2020\/04\/1387ff_748257bad779499d9a01625fb456280cmv2.png",300,300,true],"medium_large":["https:\/\/cefanl.be\/wp-content\/uploads\/2020\/04\/1387ff_748257bad779499d9a01625fb456280cmv2.png",500,500,true],"large":["https:\/\/cefanl.be\/wp-content\/uploads\/2020\/04\/1387ff_748257bad779499d9a01625fb456280cmv2.png",500,500,true],"etfrtb_logo":["https:\/\/cefanl.be\/wp-content\/uploads\/2020\/04\/1387ff_748257bad779499d9a01625fb456280cmv2.png",200,200,true],"1536x1536":["https:\/\/cefanl.be\/wp-content\/uploads\/2020\/04\/1387ff_748257bad779499d9a01625fb456280cmv2.png",500,500,true],"2048x2048":["https:\/\/cefanl.be\/wp-content\/uploads\/2020\/04\/1387ff_748257bad779499d9a01625fb456280cmv2.png",500,500,true],"tc-grid-full":["https:\/\/cefanl.be\/wp-content\/uploads\/2020\/04\/1387ff_748257bad779499d9a01625fb456280cmv2.png",500,444,true],"tc-grid":["https:\/\/cefanl.be\/wp-content\/uploads\/2020\/04\/1387ff_748257bad779499d9a01625fb456280cmv2.png",500,350,true],"tc-thumb":["https:\/\/cefanl.be\/wp-content\/uploads\/2020\/04\/1387ff_748257bad779499d9a01625fb456280cmv2.png",270,250,true],"slider-full":["https:\/\/cefanl.be\/wp-content\/uploads\/2020\/04\/1387ff_748257bad779499d9a01625fb456280cmv2.png",500,500,true],"slider":["https:\/\/cefanl.be\/wp-content\/uploads\/2020\/04\/1387ff_748257bad779499d9a01625fb456280cmv2.png",500,500,true],"tc-sq-thumb":["https:\/\/cefanl.be\/wp-content\/uploads\/2020\/04\/1387ff_748257bad779499d9a01625fb456280cmv2.png",500,500,true],"tc-ws-thumb":["https:\/\/cefanl.be\/wp-content\/uploads\/2020\/04\/1387ff_748257bad779499d9a01625fb456280cmv2.png",500,500,true],"tc-ws-small-thumb":["https:\/\/cefanl.be\/wp-content\/uploads\/2020\/04\/1387ff_748257bad779499d9a01625fb456280cmv2.png",500,297,true],"tc-slider-small":["https:\/\/cefanl.be\/wp-content\/uploads\/2020\/04\/1387ff_748257bad779499d9a01625fb456280cmv2.png",500,235,true]},"uagb_author_info":{"display_name":"Geoffrey Plat\u00e9us","author_link":"https:\/\/cefanl.be\/index.php\/author\/admin2186\/"},"uagb_comment_info":0,"uagb_excerpt":"L&rsquo;ORGANISATION EN ALTERNANCE","jetpack_sharing_enabled":true,"_links":{"self":[{"href":"https:\/\/cefanl.be\/index.php\/wp-json\/wp\/v2\/pages\/38","targetHints":{"allow":["GET"]}}],"collection":[{"href":"https:\/\/cefanl.be\/index.php\/wp-json\/wp\/v2\/pages"}],"about":[{"href":"https:\/\/cefanl.be\/index.php\/wp-json\/wp\/v2\/types\/page"}],"author":[{"embeddable":true,"href":"https:\/\/cefanl.be\/index.php\/wp-json\/wp\/v2\/users\/1"}],"replies":[{"embeddable":true,"href":"https:\/\/cefanl.be\/index.php\/wp-json\/wp\/v2\/comments?post=38"}],"version-history":[{"count":24,"href":"https:\/\/cefanl.be\/index.php\/wp-json\/wp\/v2\/pages\/38\/revisions"}],"predecessor-version":[{"id":5223,"href":"https:\/\/cefanl.be\/index.php\/wp-json\/wp\/v2\/pages\/38\/revisions\/5223"}],"wp:featuredmedia":[{"embeddable":true,"href":"https:\/\/cefanl.be\/index.php\/wp-json\/wp\/v2\/media\/273"}],"wp:attachment":[{"href":"https:\/\/cefanl.be\/index.php\/wp-json\/wp\/v2\/media?parent=38"}],"curies":[{"name":"wp","href":"https:\/\/api.w.org\/{rel}","templated":true}]}}