{"id":37,"date":"2017-12-01T15:53:33","date_gmt":"2017-12-01T14:53:33","guid":{"rendered":"http:\/\/cefanl.be\/?page_id=37"},"modified":"2025-05-27T15:44:40","modified_gmt":"2025-05-27T13:44:40","slug":"implantations","status":"publish","type":"page","link":"https:\/\/cefanl.be\/index.php\/implantations\/","title":{"rendered":"IMPLANTATIONS"},"content":{"rendered":"\n<div class=\"wp-block-columns alignwide is-layout-flex wp-container-core-columns-is-layout-9d6595d7 wp-block-columns-is-layout-flex\">\n<div class=\"wp-block-column is-layout-flow wp-block-column-is-layout-flow\" style=\"flex-basis:50%\">\n<figure class=\"wp-block-image size-full\"><a href=\"https:\/\/cefanl.be\/index.php\/implantations\/cefa-bastogne\/\"><img loading=\"lazy\" decoding=\"async\" width=\"1378\" height=\"650\" src=\"https:\/\/cefanl.be\/wp-content\/uploads\/2020\/04\/photo-cefa-arbh-bloc-h.jpg\" alt=\"CEFA Bastogne\" class=\"wp-image-223\" style=\"aspect-ratio:16\/9;object-fit:cover\" srcset=\"https:\/\/cefanl.be\/wp-content\/uploads\/2020\/04\/photo-cefa-arbh-bloc-h.jpg 1378w, https:\/\/cefanl.be\/wp-content\/uploads\/2020\/04\/photo-cefa-arbh-bloc-h.jpg 300w, https:\/\/cefanl.be\/wp-content\/uploads\/2020\/04\/photo-cefa-arbh-bloc-h.jpg 1024w, https:\/\/cefanl.be\/wp-content\/uploads\/2020\/04\/photo-cefa-arbh-bloc-h.jpg 768w, https:\/\/cefanl.be\/wp-content\/uploads\/2020\/04\/photo-cefa-arbh-bloc-h.jpg 900w, https:\/\/cefanl.be\/wp-content\/uploads\/2020\/04\/photo-cefa-arbh-bloc-h.jpg 260w\" sizes=\"auto, (max-width: 1140px) 100vw, 1140px\" \/><\/a><\/figure>\n<\/div>\n\n\n\n<div class=\"wp-block-column is-layout-flow wp-block-column-is-layout-flow\" style=\"flex-basis:50%\">\n<h2 class=\"wp-block-heading has-text-align-left has-vivid-red-color has-text-color\"><a href=\"https:\/\/cefanl.be\/index.php\/implantations\/cefa-bastogne\/\">BASTOGNE<\/a><\/h2>\n\n\n\n<p class=\"has-text-align-left\">Ath\u00e9n\u00e9e Royal de Bastogne<\/p>\n\n\n\n<p class=\"has-text-align-left\">Av. de la Gare, 12<br>6600 Bastogne<br>T\u00e9l : 061 216 668<\/p>\n\n\n\n<p class=\"has-text-align-left\"><a href=\"mailto:bastogne@cefanl.be\">bastogne@cefanl.be<\/a><\/p>\n<\/div>\n<\/div>\n\n\n\n<p><\/p>\n\n\n\n<div class=\"wp-block-columns alignwide is-layout-flex wp-container-core-columns-is-layout-9d6595d7 wp-block-columns-is-layout-flex\">\n<div class=\"wp-block-column is-layout-flow wp-block-column-is-layout-flow\" style=\"flex-basis:50%\">\n<figure class=\"wp-block-image size-large\"><a href=\"https:\/\/cefanl.be\/index.php\/implantations\/bomal\/\"><img loading=\"lazy\" decoding=\"async\" width=\"1024\" height=\"404\" src=\"https:\/\/cefanl.be\/wp-content\/uploads\/2020\/04\/IMG_1140-scaled-e1587397809763-1024x404.jpg\" alt=\"CEFA Bomal\" class=\"wp-image-298\" style=\"aspect-ratio:16\/9;object-fit:cover\" srcset=\"https:\/\/cefanl.be\/wp-content\/uploads\/2020\/04\/IMG_1140-scaled-e1587397809763.jpg 1024w, https:\/\/cefanl.be\/wp-content\/uploads\/2020\/04\/IMG_1140-scaled-e1587397809763.jpg 300w, https:\/\/cefanl.be\/wp-content\/uploads\/2020\/04\/IMG_1140-scaled-e1587397809763.jpg 768w, https:\/\/cefanl.be\/wp-content\/uploads\/2020\/04\/IMG_1140-scaled-e1587397809763.jpg 1536w, https:\/\/cefanl.be\/wp-content\/uploads\/2020\/04\/IMG_1140-scaled-e1587397809763.jpg 2048w, https:\/\/cefanl.be\/wp-content\/uploads\/2020\/04\/IMG_1140-scaled-e1587397809763.jpg 2280w\" sizes=\"auto, (max-width: 1024px) 100vw, 1024px\" \/><\/a><\/figure>\n<\/div>\n\n\n\n<div class=\"wp-block-column is-layout-flow wp-block-column-is-layout-flow\" style=\"flex-basis:50%\">\n<h2 class=\"wp-block-heading has-vivid-red-color has-text-color\"><a href=\"https:\/\/cefanl.be\/index.php\/implantations\/cefa-bomal\/\">BOMAL<\/a><\/h2>\n\n\n\n<p>Ath\u00e9n\u00e9e Royal Marche &#8211; Bomal<\/p>\n\n\n\n<p>Rue du Nofiot, 1<br>6941 Bomal-sur-Ourthe<br>T\u00e9l : 086 219 124<\/p>\n\n\n\n<p><a href=\"mailto:bomal@cefanl.be\">bomal@cefanl.be<\/a><\/p>\n\n\n\n<p><\/p>\n<\/div>\n<\/div>\n\n\n\n<p><\/p>\n\n\n\n<div class=\"wp-block-columns alignwide is-layout-flex wp-container-core-columns-is-layout-9d6595d7 wp-block-columns-is-layout-flex\">\n<div class=\"wp-block-column is-layout-flow wp-block-column-is-layout-flow\" style=\"flex-basis:50%\">\n<figure class=\"wp-block-image size-large\"><a href=\"https:\/\/cefanl.be\/index.php\/implantations\/cefa-aywaille\/\"><img loading=\"lazy\" decoding=\"async\" width=\"1024\" height=\"474\" src=\"https:\/\/cefanl.be\/wp-content\/uploads\/2020\/04\/photo-ar-aywaille1-1024x474.jpg\" alt=\"CEFA Aywaille\" class=\"wp-image-332\" style=\"aspect-ratio:16\/9;object-fit:cover\" srcset=\"https:\/\/cefanl.be\/wp-content\/uploads\/2020\/04\/photo-ar-aywaille1.jpg 1024w, https:\/\/cefanl.be\/wp-content\/uploads\/2020\/04\/photo-ar-aywaille1.jpg 300w, https:\/\/cefanl.be\/wp-content\/uploads\/2020\/04\/photo-ar-aywaille1.jpg 768w, https:\/\/cefanl.be\/wp-content\/uploads\/2020\/04\/photo-ar-aywaille1.jpg 1254w\" sizes=\"auto, (max-width: 1024px) 100vw, 1024px\" \/><\/a><\/figure>\n<\/div>\n\n\n\n<div class=\"wp-block-column is-layout-flow wp-block-column-is-layout-flow\" style=\"flex-basis:50%\">\n<h2 class=\"wp-block-heading has-text-align-left has-vivid-red-color has-text-color\"><a href=\"https:\/\/cefanl.be\/index.php\/implantations\/cefa-aywaille\/\">AYWAILLE<\/a><\/h2>\n\n\n\n<p class=\"has-text-align-left\">Ath\u00e9n\u00e9e Royal Princesse Elisabeth<\/p>\n\n\n\n<p class=\"has-text-align-left\">Av. Fran\u00e7ois Cornesse, 48<br>4920 Aywaille<br>T\u00e9l : 04 384 42 45<\/p>\n\n\n\n<p class=\"has-text-align-left\"><a href=\"mailto:aywaille@cefanl.be\">aywaille@cefanl.be<\/a><\/p>\n<\/div>\n<\/div>\n\n\n\n<p><\/p>\n\n\n\n<div class=\"wp-block-columns alignwide is-layout-flex wp-container-core-columns-is-layout-9d6595d7 wp-block-columns-is-layout-flex\">\n<div class=\"wp-block-column is-layout-flow wp-block-column-is-layout-flow\" style=\"flex-basis:50%\">\n<figure class=\"wp-block-image size-large\"><a href=\"https:\/\/cefanl.be\/index.php\/implantations\/erezee\/\"><img loading=\"lazy\" decoding=\"async\" width=\"1024\" height=\"407\" src=\"https:\/\/cefanl.be\/wp-content\/uploads\/2020\/04\/Briscol-e1587480853880-1024x407.jpg\" alt=\"CEFA Erez\u00e9e\" class=\"wp-image-336\" style=\"aspect-ratio:16\/9;object-fit:cover\" srcset=\"https:\/\/cefanl.be\/wp-content\/uploads\/2020\/04\/Briscol-e1587480853880.jpg 1024w, https:\/\/cefanl.be\/wp-content\/uploads\/2020\/04\/Briscol-e1587480853880.jpg 300w, https:\/\/cefanl.be\/wp-content\/uploads\/2020\/04\/Briscol-e1587480853880.jpg 768w, https:\/\/cefanl.be\/wp-content\/uploads\/2020\/04\/Briscol-e1587480853880.jpg 1536w, https:\/\/cefanl.be\/wp-content\/uploads\/2020\/04\/Briscol-e1587480853880.jpg 2000w\" sizes=\"auto, (max-width: 1024px) 100vw, 1024px\" \/><\/a><\/figure>\n<\/div>\n\n\n\n<div class=\"wp-block-column is-layout-flow wp-block-column-is-layout-flow\" style=\"flex-basis:50%\">\n<h2 class=\"wp-block-heading has-vivid-red-color has-text-color\"><a href=\"https:\/\/cefanl.be\/index.php\/implantations\/cefa-erezee\/\">EREZ\u00c9E (Briscol)<\/a><\/h2>\n\n\n\n<p>EPSI Val d&rsquo;Aisne<br><\/p>\n\n\n\n<p>Briscol 12<br>6997 Erez\u00e9e<br>T\u00e9l : 086 349 483<\/p>\n\n\n\n<p><a href=\"mailto:erezee@cefanl.be\">erezee@cefanl.be<\/a><\/p>\n<\/div>\n<\/div>\n\n\n\n<p><\/p>\n\n\n\n<div class=\"wp-block-columns alignwide is-layout-flex wp-container-core-columns-is-layout-9d6595d7 wp-block-columns-is-layout-flex\">\n<div class=\"wp-block-column is-layout-flow wp-block-column-is-layout-flow\" style=\"flex-basis:50%\">\n<figure class=\"wp-block-image size-large\"><a href=\"https:\/\/cefanl.be\/index.php\/implantations\/cefa-vielsalm\/\"><img loading=\"lazy\" decoding=\"async\" width=\"1024\" height=\"682\" src=\"https:\/\/cefanl.be\/wp-content\/uploads\/2024\/08\/DSC_5528-1-1024x682.jpg\" alt=\"CEFA Vielsalm - Rencheux\" class=\"wp-image-3809\" style=\"aspect-ratio:16\/9;object-fit:cover\" srcset=\"https:\/\/cefanl.be\/wp-content\/uploads\/2024\/08\/DSC_5528-1.jpg 1024w, https:\/\/cefanl.be\/wp-content\/uploads\/2024\/08\/DSC_5528-1.jpg 300w, https:\/\/cefanl.be\/wp-content\/uploads\/2024\/08\/DSC_5528-1.jpg 768w, https:\/\/cefanl.be\/wp-content\/uploads\/2024\/08\/DSC_5528-1.jpg 200w, https:\/\/cefanl.be\/wp-content\/uploads\/2024\/08\/DSC_5528-1.jpg 1536w, https:\/\/cefanl.be\/wp-content\/uploads\/2024\/08\/DSC_5528-1.jpg 1803w\" sizes=\"auto, (max-width: 1024px) 100vw, 1024px\" \/><\/a><\/figure>\n<\/div>\n\n\n\n<div class=\"wp-block-column is-layout-flow wp-block-column-is-layout-flow\" style=\"flex-basis:50%\">\n<h2 class=\"wp-block-heading has-text-align-left has-vivid-red-color has-text-color\"><a href=\"https:\/\/cefanl.be\/index.php\/implantations\/cefa-vielsalm\/\">VIELSALM<\/a><\/h2>\n\n\n\n<p class=\"has-text-align-left\">Ath\u00e9n\u00e9e Royal Vielsalm &#8211; Manhay<br><\/p>\n\n\n\n<p class=\"has-text-align-left\">Rue des Chasseurs Ardennais, 1<br>6690 Vielsalm<br>T\u00e9l : 086\/ 21 91 24 &#8211; 080\/21.66.62<\/p>\n\n\n\n<p class=\"has-text-align-left\"><a href=\"mailto:vielsalm@cefanl.be\">vielsalm@cefanl.be<\/a><\/p>\n<\/div>\n<\/div>\n\n\n\n<p><\/p>\n\n\n\n<p><\/p>\n","protected":false},"excerpt":{"rendered":"<p>BASTOGNE Ath\u00e9n\u00e9e Royal de Bastogne Av. de la Gare, 126600 BastogneT\u00e9l : 061 216 668 bastogne@cefanl.be BOMAL Ath\u00e9n\u00e9e Royal Marche &#8211; Bomal Rue du Nofiot, 16941 Bomal-sur-OurtheT\u00e9l : 086 219 124 bomal@cefanl.be AYWAILLE Ath\u00e9n\u00e9e Royal Princesse Elisabeth Av. Fran\u00e7ois Cornesse, 484920 AywailleT\u00e9l : 04 384 42 45 aywaille@cefanl.be EREZ\u00c9E (Briscol) EPSI Val d&rsquo;Aisne Briscol 126997 [&hellip;]<\/p>\n","protected":false},"author":1,"featured_media":1489,"parent":0,"menu_order":0,"comment_status":"closed","ping_status":"closed","template":"","meta":{"_uag_custom_page_level_css":"","footnotes":""},"class_list":["post-37","page","type-page","status-publish","has-post-thumbnail","czr-hentry"],"yoast_head":"<!-- This site is optimized with the Yoast SEO plugin v27.5 - https:\/\/yoast.com\/product\/yoast-seo-wordpress\/ -->\n<title>IMPLANTATIONS - CEFA Nord-Luxembourg<\/title>\n<meta name=\"description\" content=\"D\u00e9couvrez les diff\u00e9rentes implantations et les \u00e9coles partenaires de notre Centre d&#039;Education et de Formation en Alternance - CEFA\" \/>\n<meta name=\"robots\" content=\"index, follow, max-snippet:-1, max-image-preview:large, max-video-preview:-1\" \/>\n<link rel=\"canonical\" href=\"https:\/\/cefanl.be\/index.php\/implantations\/\" \/>\n<meta property=\"og:locale\" content=\"fr_FR\" \/>\n<meta property=\"og:type\" content=\"article\" \/>\n<meta property=\"og:title\" content=\"IMPLANTATIONS - CEFA Nord-Luxembourg\" \/>\n<meta property=\"og:description\" content=\"D\u00e9couvrez les diff\u00e9rentes implantations et les \u00e9coles partenaires de notre Centre d&#039;Education et de Formation en Alternance - CEFA\" \/>\n<meta property=\"og:url\" content=\"https:\/\/cefanl.be\/index.php\/implantations\/\" \/>\n<meta property=\"og:site_name\" content=\"CEFA Nord-Luxembourg\" \/>\n<meta property=\"article:publisher\" content=\"https:\/\/www.facebook.com\/CEFA.Bastogne.Bomal.Aywaille.Erezee\/\" \/>\n<meta property=\"article:modified_time\" content=\"2025-05-27T13:44:40+00:00\" \/>\n<meta property=\"og:image\" content=\"https:\/\/cefanl.be\/wp-content\/uploads\/2021\/05\/79-scaled-e1620048406170.jpg\" \/>\n\t<meta property=\"og:image:width\" content=\"270\" \/>\n\t<meta property=\"og:image:height\" content=\"270\" \/>\n\t<meta property=\"og:image:type\" content=\"image\/jpeg\" \/>\n<meta name=\"twitter:card\" content=\"summary_large_image\" \/>\n<meta name=\"twitter:label1\" content=\"Dur\u00e9e de lecture estim\u00e9e\" \/>\n\t<meta name=\"twitter:data1\" content=\"2 minutes\" \/>\n<script type=\"application\/ld+json\" class=\"yoast-schema-graph\">{\"@context\":\"https:\\\/\\\/schema.org\",\"@graph\":[{\"@type\":\"WebPage\",\"@id\":\"https:\\\/\\\/cefanl.be\\\/index.php\\\/implantations\\\/\",\"url\":\"https:\\\/\\\/cefanl.be\\\/index.php\\\/implantations\\\/\",\"name\":\"IMPLANTATIONS - CEFA Nord-Luxembourg\",\"isPartOf\":{\"@id\":\"https:\\\/\\\/cefanl.be\\\/#website\"},\"primaryImageOfPage\":{\"@id\":\"https:\\\/\\\/cefanl.be\\\/index.php\\\/implantations\\\/#primaryimage\"},\"image\":{\"@id\":\"https:\\\/\\\/cefanl.be\\\/index.php\\\/implantations\\\/#primaryimage\"},\"thumbnailUrl\":\"https:\\\/\\\/cefanl.be\\\/wp-content\\\/uploads\\\/2021\\\/05\\\/79-scaled-e1620048406170.jpg\",\"datePublished\":\"2017-12-01T14:53:33+00:00\",\"dateModified\":\"2025-05-27T13:44:40+00:00\",\"description\":\"D\u00e9couvrez les diff\u00e9rentes implantations et les \u00e9coles partenaires de notre Centre d'Education et de Formation en Alternance - CEFA\",\"breadcrumb\":{\"@id\":\"https:\\\/\\\/cefanl.be\\\/index.php\\\/implantations\\\/#breadcrumb\"},\"inLanguage\":\"fr-FR\",\"potentialAction\":[{\"@type\":\"ReadAction\",\"target\":[\"https:\\\/\\\/cefanl.be\\\/index.php\\\/implantations\\\/\"]}]},{\"@type\":\"ImageObject\",\"inLanguage\":\"fr-FR\",\"@id\":\"https:\\\/\\\/cefanl.be\\\/index.php\\\/implantations\\\/#primaryimage\",\"url\":\"https:\\\/\\\/cefanl.be\\\/wp-content\\\/uploads\\\/2021\\\/05\\\/79-scaled-e1620048406170.jpg\",\"contentUrl\":\"https:\\\/\\\/cefanl.be\\\/wp-content\\\/uploads\\\/2021\\\/05\\\/79-scaled-e1620048406170.jpg\",\"width\":270,\"height\":270},{\"@type\":\"BreadcrumbList\",\"@id\":\"https:\\\/\\\/cefanl.be\\\/index.php\\\/implantations\\\/#breadcrumb\",\"itemListElement\":[{\"@type\":\"ListItem\",\"position\":1,\"name\":\"Accueil\",\"item\":\"https:\\\/\\\/cefanl.be\\\/\"},{\"@type\":\"ListItem\",\"position\":2,\"name\":\"IMPLANTATIONS\"}]},{\"@type\":\"WebSite\",\"@id\":\"https:\\\/\\\/cefanl.be\\\/#website\",\"url\":\"https:\\\/\\\/cefanl.be\\\/\",\"name\":\"CEFA Nord-Luxembourg\",\"description\":\"Bastogne - Bomal - Aywaille - Erez\u00e9e - Vielsalm\",\"publisher\":{\"@id\":\"https:\\\/\\\/cefanl.be\\\/#organization\"},\"potentialAction\":[{\"@type\":\"SearchAction\",\"target\":{\"@type\":\"EntryPoint\",\"urlTemplate\":\"https:\\\/\\\/cefanl.be\\\/?s={search_term_string}\"},\"query-input\":{\"@type\":\"PropertyValueSpecification\",\"valueRequired\":true,\"valueName\":\"search_term_string\"}}],\"inLanguage\":\"fr-FR\"},{\"@type\":\"Organization\",\"@id\":\"https:\\\/\\\/cefanl.be\\\/#organization\",\"name\":\"CEFA Nord-Luxembourg\",\"url\":\"https:\\\/\\\/cefanl.be\\\/\",\"logo\":{\"@type\":\"ImageObject\",\"inLanguage\":\"fr-FR\",\"@id\":\"https:\\\/\\\/cefanl.be\\\/#\\\/schema\\\/logo\\\/image\\\/\",\"url\":\"https:\\\/\\\/cefanl.be\\\/wp-content\\\/uploads\\\/2024\\\/08\\\/cropped-Logo-CEFA-TOUS-ARBH-ARMB-ARAY-Erezee-ARMV-ICET-202.jpg\",\"contentUrl\":\"https:\\\/\\\/cefanl.be\\\/wp-content\\\/uploads\\\/2024\\\/08\\\/cropped-Logo-CEFA-TOUS-ARBH-ARMB-ARAY-Erezee-ARMV-ICET-202.jpg\",\"width\":643,\"height\":526,\"caption\":\"CEFA Nord-Luxembourg\"},\"image\":{\"@id\":\"https:\\\/\\\/cefanl.be\\\/#\\\/schema\\\/logo\\\/image\\\/\"},\"sameAs\":[\"https:\\\/\\\/www.facebook.com\\\/CEFA.Bastogne.Bomal.Aywaille.Erezee\\\/\"]}]}<\/script>\n<!-- \/ Yoast SEO plugin. -->","yoast_head_json":{"title":"IMPLANTATIONS - CEFA Nord-Luxembourg","description":"D\u00e9couvrez les diff\u00e9rentes implantations et les \u00e9coles partenaires de notre Centre d'Education et de Formation en Alternance - CEFA","robots":{"index":"index","follow":"follow","max-snippet":"max-snippet:-1","max-image-preview":"max-image-preview:large","max-video-preview":"max-video-preview:-1"},"canonical":"https:\/\/cefanl.be\/index.php\/implantations\/","og_locale":"fr_FR","og_type":"article","og_title":"IMPLANTATIONS - CEFA Nord-Luxembourg","og_description":"D\u00e9couvrez les diff\u00e9rentes implantations et les \u00e9coles partenaires de notre Centre d'Education et de Formation en Alternance - CEFA","og_url":"https:\/\/cefanl.be\/index.php\/implantations\/","og_site_name":"CEFA Nord-Luxembourg","article_publisher":"https:\/\/www.facebook.com\/CEFA.Bastogne.Bomal.Aywaille.Erezee\/","article_modified_time":"2025-05-27T13:44:40+00:00","og_image":[{"width":270,"height":270,"url":"https:\/\/cefanl.be\/wp-content\/uploads\/2021\/05\/79-scaled-e1620048406170.jpg","type":"image\/jpeg"}],"twitter_card":"summary_large_image","twitter_misc":{"Dur\u00e9e de lecture estim\u00e9e":"2 minutes"},"schema":{"@context":"https:\/\/schema.org","@graph":[{"@type":"WebPage","@id":"https:\/\/cefanl.be\/index.php\/implantations\/","url":"https:\/\/cefanl.be\/index.php\/implantations\/","name":"IMPLANTATIONS - CEFA Nord-Luxembourg","isPartOf":{"@id":"https:\/\/cefanl.be\/#website"},"primaryImageOfPage":{"@id":"https:\/\/cefanl.be\/index.php\/implantations\/#primaryimage"},"image":{"@id":"https:\/\/cefanl.be\/index.php\/implantations\/#primaryimage"},"thumbnailUrl":"https:\/\/cefanl.be\/wp-content\/uploads\/2021\/05\/79-scaled-e1620048406170.jpg","datePublished":"2017-12-01T14:53:33+00:00","dateModified":"2025-05-27T13:44:40+00:00","description":"D\u00e9couvrez les diff\u00e9rentes implantations et les \u00e9coles partenaires de notre Centre d'Education et de Formation en Alternance - CEFA","breadcrumb":{"@id":"https:\/\/cefanl.be\/index.php\/implantations\/#breadcrumb"},"inLanguage":"fr-FR","potentialAction":[{"@type":"ReadAction","target":["https:\/\/cefanl.be\/index.php\/implantations\/"]}]},{"@type":"ImageObject","inLanguage":"fr-FR","@id":"https:\/\/cefanl.be\/index.php\/implantations\/#primaryimage","url":"https:\/\/cefanl.be\/wp-content\/uploads\/2021\/05\/79-scaled-e1620048406170.jpg","contentUrl":"https:\/\/cefanl.be\/wp-content\/uploads\/2021\/05\/79-scaled-e1620048406170.jpg","width":270,"height":270},{"@type":"BreadcrumbList","@id":"https:\/\/cefanl.be\/index.php\/implantations\/#breadcrumb","itemListElement":[{"@type":"ListItem","position":1,"name":"Accueil","item":"https:\/\/cefanl.be\/"},{"@type":"ListItem","position":2,"name":"IMPLANTATIONS"}]},{"@type":"WebSite","@id":"https:\/\/cefanl.be\/#website","url":"https:\/\/cefanl.be\/","name":"CEFA Nord-Luxembourg","description":"Bastogne - Bomal - Aywaille - Erez\u00e9e - Vielsalm","publisher":{"@id":"https:\/\/cefanl.be\/#organization"},"potentialAction":[{"@type":"SearchAction","target":{"@type":"EntryPoint","urlTemplate":"https:\/\/cefanl.be\/?s={search_term_string}"},"query-input":{"@type":"PropertyValueSpecification","valueRequired":true,"valueName":"search_term_string"}}],"inLanguage":"fr-FR"},{"@type":"Organization","@id":"https:\/\/cefanl.be\/#organization","name":"CEFA Nord-Luxembourg","url":"https:\/\/cefanl.be\/","logo":{"@type":"ImageObject","inLanguage":"fr-FR","@id":"https:\/\/cefanl.be\/#\/schema\/logo\/image\/","url":"https:\/\/cefanl.be\/wp-content\/uploads\/2024\/08\/cropped-Logo-CEFA-TOUS-ARBH-ARMB-ARAY-Erezee-ARMV-ICET-202.jpg","contentUrl":"https:\/\/cefanl.be\/wp-content\/uploads\/2024\/08\/cropped-Logo-CEFA-TOUS-ARBH-ARMB-ARAY-Erezee-ARMV-ICET-202.jpg","width":643,"height":526,"caption":"CEFA Nord-Luxembourg"},"image":{"@id":"https:\/\/cefanl.be\/#\/schema\/logo\/image\/"},"sameAs":["https:\/\/www.facebook.com\/CEFA.Bastogne.Bomal.Aywaille.Erezee\/"]}]}},"uagb_featured_image_src":{"full":["https:\/\/cefanl.be\/wp-content\/uploads\/2021\/05\/79-scaled-e1620048406170.jpg",270,270,false],"thumbnail":["https:\/\/cefanl.be\/wp-content\/uploads\/2021\/05\/79-scaled-e1620048406170.jpg",150,150,true],"medium":["https:\/\/cefanl.be\/wp-content\/uploads\/2021\/05\/79-scaled-e1620048406170.jpg",300,300,true],"medium_large":["https:\/\/cefanl.be\/wp-content\/uploads\/2021\/05\/79-scaled-e1620048406170.jpg",768,768,true],"large":["https:\/\/cefanl.be\/wp-content\/uploads\/2021\/05\/79-scaled-e1620048406170.jpg",1024,1024,true],"etfrtb_logo":["https:\/\/cefanl.be\/wp-content\/uploads\/2021\/05\/79-scaled-e1620048406170.jpg",200,200,true],"1536x1536":["https:\/\/cefanl.be\/wp-content\/uploads\/2021\/05\/79-scaled-e1620048406170.jpg",270,270,true],"2048x2048":["https:\/\/cefanl.be\/wp-content\/uploads\/2021\/05\/79-scaled-e1620048406170.jpg",270,270,true],"tc-grid-full":["https:\/\/cefanl.be\/wp-content\/uploads\/2021\/05\/79-scaled-e1620048406170.jpg",270,270,true],"tc-grid":["https:\/\/cefanl.be\/wp-content\/uploads\/2021\/05\/79-scaled-e1620048406170.jpg",270,270,true],"tc-thumb":["https:\/\/cefanl.be\/wp-content\/uploads\/2021\/05\/79-scaled-e1620048406170.jpg",270,250,true],"slider-full":["https:\/\/cefanl.be\/wp-content\/uploads\/2021\/05\/79-scaled-e1620048406170.jpg",270,270,true],"slider":["https:\/\/cefanl.be\/wp-content\/uploads\/2021\/05\/79-scaled-e1620048406170.jpg",270,270,true],"tc-sq-thumb":["https:\/\/cefanl.be\/wp-content\/uploads\/2021\/05\/79-scaled-e1620048406170.jpg",270,270,true],"tc-ws-thumb":["https:\/\/cefanl.be\/wp-content\/uploads\/2021\/05\/79-scaled-e1620048406170.jpg",270,270,true],"tc-ws-small-thumb":["https:\/\/cefanl.be\/wp-content\/uploads\/2021\/05\/79-scaled-e1620048406170.jpg",270,270,true],"tc-slider-small":["https:\/\/cefanl.be\/wp-content\/uploads\/2021\/05\/79-scaled-e1620048406170.jpg",270,235,true]},"uagb_author_info":{"display_name":"Geoffrey Plat\u00e9us","author_link":"https:\/\/cefanl.be\/index.php\/author\/admin2186\/"},"uagb_comment_info":0,"uagb_excerpt":"BASTOGNE Ath\u00e9n\u00e9e Royal de Bastogne Av. de la Gare, 126600 BastogneT\u00e9l : 061 216 668 bastogne@cefanl.be BOMAL Ath\u00e9n\u00e9e Royal Marche &#8211; Bomal Rue du Nofiot, 16941 Bomal-sur-OurtheT\u00e9l : 086 219 124 bomal@cefanl.be AYWAILLE Ath\u00e9n\u00e9e Royal Princesse Elisabeth Av. Fran\u00e7ois Cornesse, 484920 AywailleT\u00e9l : 04 384 42 45 aywaille@cefanl.be EREZ\u00c9E (Briscol) EPSI Val d&rsquo;Aisne Briscol 126997\u2026","jetpack_sharing_enabled":true,"_links":{"self":[{"href":"https:\/\/cefanl.be\/index.php\/wp-json\/wp\/v2\/pages\/37","targetHints":{"allow":["GET"]}}],"collection":[{"href":"https:\/\/cefanl.be\/index.php\/wp-json\/wp\/v2\/pages"}],"about":[{"href":"https:\/\/cefanl.be\/index.php\/wp-json\/wp\/v2\/types\/page"}],"author":[{"embeddable":true,"href":"https:\/\/cefanl.be\/index.php\/wp-json\/wp\/v2\/users\/1"}],"replies":[{"embeddable":true,"href":"https:\/\/cefanl.be\/index.php\/wp-json\/wp\/v2\/comments?post=37"}],"version-history":[{"count":32,"href":"https:\/\/cefanl.be\/index.php\/wp-json\/wp\/v2\/pages\/37\/revisions"}],"predecessor-version":[{"id":4334,"href":"https:\/\/cefanl.be\/index.php\/wp-json\/wp\/v2\/pages\/37\/revisions\/4334"}],"wp:featuredmedia":[{"embeddable":true,"href":"https:\/\/cefanl.be\/index.php\/wp-json\/wp\/v2\/media\/1489"}],"wp:attachment":[{"href":"https:\/\/cefanl.be\/index.php\/wp-json\/wp\/v2\/media?parent=37"}],"curies":[{"name":"wp","href":"https:\/\/api.w.org\/{rel}","templated":true}]}}