{"id":339,"date":"2020-04-21T17:51:42","date_gmt":"2020-04-21T15:51:42","guid":{"rendered":"https:\/\/cefanl.be\/?page_id=339"},"modified":"2025-04-25T12:10:56","modified_gmt":"2025-04-25T10:10:56","slug":"menuisier","status":"publish","type":"page","link":"https:\/\/cefanl.be\/index.php\/formations\/menuisier\/","title":{"rendered":"Menuisier(\u00e8re)"},"content":{"rendered":"\n<figure class=\"wp-block-image size-large\"><img loading=\"lazy\" decoding=\"async\" width=\"1024\" height=\"512\" src=\"https:\/\/cefanl.be\/wp-content\/uploads\/2020\/04\/Menuiserie-1024x512.png\" alt=\"\" class=\"wp-image-340\" srcset=\"https:\/\/cefanl.be\/wp-content\/uploads\/2020\/04\/Menuiserie.png 1024w, https:\/\/cefanl.be\/wp-content\/uploads\/2020\/04\/Menuiserie.png 300w, https:\/\/cefanl.be\/wp-content\/uploads\/2020\/04\/Menuiserie.png 768w, https:\/\/cefanl.be\/wp-content\/uploads\/2020\/04\/Menuiserie.png 1438w\" sizes=\"auto, (max-width: 1024px) 100vw, 1024px\" \/><\/figure>\n\n\n\n<h3 class=\"wp-block-heading has-vivid-red-color has-text-color\">Lieu de formation<\/h3>\n\n\n\n<section class=\"wp-block-uagb-columns uagb-columns__wrap uagb-columns__background-none uagb-columns__stack-mobile uagb-columns__valign- uagb-columns__gap-10 align uagb-block-26785aa1 uagb-columns__columns-4 uagb-columns__max_width-theme\"><div class=\"uagb-columns__overlay\"><\/div><div class=\"uagb-columns__inner-wrap uagb-columns__columns-4\">\n<div class=\"wp-block-uagb-column uagb-column__wrap uagb-column__background-undefined uagb-block-3c8477b7\"><div class=\"uagb-column__overlay\"><\/div>\n<div class=\"wp-block-uagb-image uagb-block-5df82712 wp-block-uagb-image--layout-default wp-block-uagb-image--effect-zoomin wp-block-uagb-image--align-none\"><figure class=\"wp-block-uagb-image__figure\"><a class=\"\" href=\"https:\/\/cefanl.be\/index.php\/implantations\/cefa-erezee\/\" target=\"\" rel=\"noopener\"><img decoding=\"async\" srcset=\"https:\/\/cefanl.be\/wp-content\/uploads\/2020\/04\/Logo-CEFA-Nord-Luxembourg-EPSI-Erez\u00e9e-2013-1024x838.jpg \" sizes=\"auto, (max-width: 480px) 150px\" src=\"https:\/\/cefanl.be\/wp-content\/uploads\/2020\/04\/Logo-CEFA-Nord-Luxembourg-EPSI-Erez\u00e9e-2013-1024x838.jpg\" alt=\"\" class=\"uag-image-395\" width=\"1024\" height=\"838\" title=\"\" loading=\"lazy\"\/><\/a><figcaption class=\"uagb-image-caption\"><a href=\"https:\/\/cefanl.be\/index.php\/implantations\/cefa-erezee\/\">EREZ\u00c9E<\/a><\/figcaption><\/figure><\/div>\n<\/div>\n\n\n\n<div class=\"wp-block-uagb-column uagb-column__wrap uagb-column__background-undefined uagb-block-dd2e22da\"><div class=\"uagb-column__overlay\"><\/div><\/div>\n\n\n\n<div class=\"wp-block-uagb-column uagb-column__wrap uagb-column__background-undefined uagb-block-b72b8e8a\"><div class=\"uagb-column__overlay\"><\/div><\/div>\n\n\n\n<div class=\"wp-block-uagb-column uagb-column__wrap uagb-column__background-undefined uagb-block-16a4824c\"><div class=\"uagb-column__overlay\"><\/div><\/div>\n<\/div><\/section>\n\n\n\n<h3 class=\"wp-block-heading has-vivid-red-color has-text-color\">M\u00e9tier<\/h3>\n\n\n\n<p>Le menuisier\/la menuisi\u00e8re travaille le bois et ses d\u00e9riv\u00e9s ainsi que le PVC et l&rsquo;aluminium. Dans son atelier, il\/elle con\u00e7oit et fabrique divers ouvrages en menuiserie. Ensuite, il\/elle les place, les entretient et les r\u00e9pare.<\/p>\n\n\n\n<p>Le m\u00e9tier de menuisier\/menuisi\u00e8re poss\u00e8de de nombreuses facettes : la menuiserie ext\u00e9rieure comme les ch\u00e2ssis de fen\u00eatres, les menuiseries int\u00e9rieures comme les escaliers et les portes, mais aussi l\u2019am\u00e9nagement d\u2019int\u00e9rieur comme la fabrication et la pose de cuisines, de dressings sur mesure, de v\u00e9randas,&#8230;<\/p>\n\n\n\n<p>Il\/elle travaille pour un(e)&nbsp;client(e)&nbsp;ou pour d&rsquo;autres menuisiers\/menuisi\u00e8res. Dans tous les cas, il\/elle doit \u00eatre capable d\u2019utiliser l\u2019ensemble du parc machines de son atelier.<\/p>\n\n\n\n<p><\/p>\n\n\n\n<div class=\"wp-block-columns is-layout-flex wp-container-core-columns-is-layout-9d6595d7 wp-block-columns-is-layout-flex\">\n<div class=\"wp-block-column is-layout-flow wp-block-column-is-layout-flow\" style=\"flex-basis:25%\"><\/div>\n\n\n\n<div class=\"wp-block-column is-layout-flow wp-block-column-is-layout-flow\" style=\"flex-basis:50%\">\n<figure class=\"wp-block-embed is-type-video is-provider-youtube wp-block-embed-youtube wp-embed-aspect-16-9 wp-has-aspect-ratio\"><div class=\"wp-block-embed__wrapper\">\n<iframe loading=\"lazy\" title=\"DEVENIR MENUISIER MENUISERIE\" width=\"1140\" height=\"641\" src=\"https:\/\/www.youtube.com\/embed\/0WkUwrbrXLM?list=PLGcyDCAgpg_P6uWsRMeEUaWyZ0Rli5JwJ\" frameborder=\"0\" allow=\"accelerometer; autoplay; clipboard-write; encrypted-media; gyroscope; picture-in-picture; web-share\" referrerpolicy=\"strict-origin-when-cross-origin\" allowfullscreen><\/iframe>\n<\/div><\/figure>\n<\/div>\n\n\n\n<div class=\"wp-block-column is-layout-flow wp-block-column-is-layout-flow\" style=\"flex-basis:25%\"><\/div>\n<\/div>\n\n\n\n<h3 class=\"wp-block-heading has-vivid-red-color has-text-color\">Activit\u00e9s<\/h3>\n\n\n\n<ul class=\"wp-block-list\">\n<li>Concevoir des ouvrages en bois ou autres mat\u00e9riaux<\/li>\n\n\n\n<li>Elaborer les plans<\/li>\n\n\n\n<li>Effectuer les devis sur base des m\u00e9tr\u00e9s<\/li>\n\n\n\n<li>Acheter les mati\u00e8res premi\u00e8res<\/li>\n\n\n\n<li>Fabriquer et\/ou r\u00e9parer des ouvrages<\/li>\n\n\n\n<li>Placer les ouvrages en bois ou autres mat\u00e9riaux<\/li>\n\n\n\n<li>Assurer le suivi des chantiers<\/li>\n<\/ul>\n\n\n\n<div class=\"wp-block-group\"><div class=\"wp-block-group__inner-container is-layout-flow wp-block-group-is-layout-flow\">\n<h3 class=\"wp-block-heading has-vivid-red-color has-text-color\">En fin de parcours, tu obtiens:<\/h3>\n\n\n\n<ul class=\"wp-block-list\">\n<li>CQ6<\/li>\n<\/ul>\n<\/div><\/div>\n\n\n\n<h3 class=\"wp-block-heading has-vivid-red-color has-text-color\">Les d\u00e9bouch\u00e9s<\/h3>\n\n\n\n<ul class=\"wp-block-list\">\n<li>Fili\u00e8re bois : toute entreprise de fabrication d\u2019\u00e9l\u00e9ments en bois, n\u00e9gociants de mat\u00e9riaux,\u2026<\/li>\n\n\n\n<li>Construction : gros \u0153uvre, \u00e9quipements, parach\u00e8vement du b\u00e2timent<\/li>\n\n\n\n<li>Energie : isolation, panneaux photovolta\u00efques,\u2026<\/li>\n\n\n\n<li>Administrations publiques : r\u00e9novation des monuments historiques, immeubles de bureaux,\u2026<\/li>\n<\/ul>\n","protected":false},"excerpt":{"rendered":"<p>Lieu de formation M\u00e9tier Le menuisier\/la menuisi\u00e8re travaille le bois et ses d\u00e9riv\u00e9s ainsi que le PVC et l&rsquo;aluminium. Dans son atelier, il\/elle con\u00e7oit et fabrique divers ouvrages en menuiserie. Ensuite, il\/elle les place, les entretient et les r\u00e9pare. Le m\u00e9tier de menuisier\/menuisi\u00e8re poss\u00e8de de nombreuses facettes : la menuiserie ext\u00e9rieure comme les ch\u00e2ssis de [&hellip;]<\/p>\n","protected":false},"author":1,"featured_media":0,"parent":39,"menu_order":0,"comment_status":"closed","ping_status":"closed","template":"","meta":{"_uag_custom_page_level_css":"","footnotes":""},"class_list":["post-339","page","type-page","status-publish","czr-hentry"],"yoast_head":"<!-- This site is optimized with the Yoast SEO plugin v27.5 - https:\/\/yoast.com\/product\/yoast-seo-wordpress\/ -->\n<title>Menuisier(\u00e8re) - CEFA Nord-Luxembourg<\/title>\n<meta name=\"description\" content=\"Formation de menuisier en alternance. Enseignement sp\u00e9cialis\u00e9 d&#039;Erez\u00e9e. - Menuisier(\u00e8re) - CEFA Nord-Luxembourg\" \/>\n<meta name=\"robots\" content=\"index, follow, max-snippet:-1, max-image-preview:large, max-video-preview:-1\" \/>\n<link rel=\"canonical\" href=\"https:\/\/cefanl.be\/index.php\/formations\/menuisier\/\" \/>\n<meta property=\"og:locale\" content=\"fr_FR\" \/>\n<meta property=\"og:type\" content=\"article\" \/>\n<meta property=\"og:title\" content=\"Menuisier(\u00e8re) - CEFA Nord-Luxembourg\" \/>\n<meta property=\"og:description\" content=\"Formation de menuisier en alternance. Enseignement sp\u00e9cialis\u00e9 d&#039;Erez\u00e9e. - Menuisier(\u00e8re) - CEFA Nord-Luxembourg\" \/>\n<meta property=\"og:url\" content=\"https:\/\/cefanl.be\/index.php\/formations\/menuisier\/\" \/>\n<meta property=\"og:site_name\" content=\"CEFA Nord-Luxembourg\" \/>\n<meta property=\"article:publisher\" content=\"https:\/\/www.facebook.com\/CEFA.Bastogne.Bomal.Aywaille.Erezee\/\" \/>\n<meta property=\"article:modified_time\" content=\"2025-04-25T10:10:56+00:00\" \/>\n<meta property=\"og:image\" content=\"https:\/\/cefanl.be\/wp-content\/uploads\/2020\/04\/Menuiserie.png\" \/>\n\t<meta property=\"og:image:width\" content=\"1438\" \/>\n\t<meta property=\"og:image:height\" content=\"719\" \/>\n\t<meta property=\"og:image:type\" content=\"image\/png\" \/>\n<meta name=\"twitter:card\" content=\"summary_large_image\" \/>\n<meta name=\"twitter:label1\" content=\"Dur\u00e9e de lecture estim\u00e9e\" \/>\n\t<meta name=\"twitter:data1\" content=\"2 minutes\" \/>\n<script type=\"application\/ld+json\" class=\"yoast-schema-graph\">{\"@context\":\"https:\\\/\\\/schema.org\",\"@graph\":[{\"@type\":\"WebPage\",\"@id\":\"https:\\\/\\\/cefanl.be\\\/index.php\\\/formations\\\/menuisier\\\/\",\"url\":\"https:\\\/\\\/cefanl.be\\\/index.php\\\/formations\\\/menuisier\\\/\",\"name\":\"Menuisier(\u00e8re) - CEFA Nord-Luxembourg\",\"isPartOf\":{\"@id\":\"https:\\\/\\\/cefanl.be\\\/#website\"},\"primaryImageOfPage\":{\"@id\":\"https:\\\/\\\/cefanl.be\\\/index.php\\\/formations\\\/menuisier\\\/#primaryimage\"},\"image\":{\"@id\":\"https:\\\/\\\/cefanl.be\\\/index.php\\\/formations\\\/menuisier\\\/#primaryimage\"},\"thumbnailUrl\":\"https:\\\/\\\/cefanl.be\\\/wp-content\\\/uploads\\\/2020\\\/04\\\/Menuiserie-1024x512.png\",\"datePublished\":\"2020-04-21T15:51:42+00:00\",\"dateModified\":\"2025-04-25T10:10:56+00:00\",\"description\":\"Formation de menuisier en alternance. Enseignement sp\u00e9cialis\u00e9 d'Erez\u00e9e. - Menuisier(\u00e8re) - CEFA Nord-Luxembourg\",\"breadcrumb\":{\"@id\":\"https:\\\/\\\/cefanl.be\\\/index.php\\\/formations\\\/menuisier\\\/#breadcrumb\"},\"inLanguage\":\"fr-FR\",\"potentialAction\":[{\"@type\":\"ReadAction\",\"target\":[\"https:\\\/\\\/cefanl.be\\\/index.php\\\/formations\\\/menuisier\\\/\"]}]},{\"@type\":\"ImageObject\",\"inLanguage\":\"fr-FR\",\"@id\":\"https:\\\/\\\/cefanl.be\\\/index.php\\\/formations\\\/menuisier\\\/#primaryimage\",\"url\":\"https:\\\/\\\/cefanl.be\\\/wp-content\\\/uploads\\\/2020\\\/04\\\/Menuiserie.png\",\"contentUrl\":\"https:\\\/\\\/cefanl.be\\\/wp-content\\\/uploads\\\/2020\\\/04\\\/Menuiserie.png\",\"width\":1438,\"height\":719},{\"@type\":\"BreadcrumbList\",\"@id\":\"https:\\\/\\\/cefanl.be\\\/index.php\\\/formations\\\/menuisier\\\/#breadcrumb\",\"itemListElement\":[{\"@type\":\"ListItem\",\"position\":1,\"name\":\"Accueil\",\"item\":\"https:\\\/\\\/cefanl.be\\\/\"},{\"@type\":\"ListItem\",\"position\":2,\"name\":\"FORMATIONS CEFA\",\"item\":\"https:\\\/\\\/cefanl.be\\\/index.php\\\/formations\\\/\"},{\"@type\":\"ListItem\",\"position\":3,\"name\":\"Menuisier(\u00e8re)\"}]},{\"@type\":\"WebSite\",\"@id\":\"https:\\\/\\\/cefanl.be\\\/#website\",\"url\":\"https:\\\/\\\/cefanl.be\\\/\",\"name\":\"CEFA Nord-Luxembourg\",\"description\":\"Bastogne - Bomal - Aywaille - Erez\u00e9e - Vielsalm\",\"publisher\":{\"@id\":\"https:\\\/\\\/cefanl.be\\\/#organization\"},\"potentialAction\":[{\"@type\":\"SearchAction\",\"target\":{\"@type\":\"EntryPoint\",\"urlTemplate\":\"https:\\\/\\\/cefanl.be\\\/?s={search_term_string}\"},\"query-input\":{\"@type\":\"PropertyValueSpecification\",\"valueRequired\":true,\"valueName\":\"search_term_string\"}}],\"inLanguage\":\"fr-FR\"},{\"@type\":\"Organization\",\"@id\":\"https:\\\/\\\/cefanl.be\\\/#organization\",\"name\":\"CEFA Nord-Luxembourg\",\"url\":\"https:\\\/\\\/cefanl.be\\\/\",\"logo\":{\"@type\":\"ImageObject\",\"inLanguage\":\"fr-FR\",\"@id\":\"https:\\\/\\\/cefanl.be\\\/#\\\/schema\\\/logo\\\/image\\\/\",\"url\":\"https:\\\/\\\/cefanl.be\\\/wp-content\\\/uploads\\\/2024\\\/08\\\/cropped-Logo-CEFA-TOUS-ARBH-ARMB-ARAY-Erezee-ARMV-ICET-202.jpg\",\"contentUrl\":\"https:\\\/\\\/cefanl.be\\\/wp-content\\\/uploads\\\/2024\\\/08\\\/cropped-Logo-CEFA-TOUS-ARBH-ARMB-ARAY-Erezee-ARMV-ICET-202.jpg\",\"width\":643,\"height\":526,\"caption\":\"CEFA Nord-Luxembourg\"},\"image\":{\"@id\":\"https:\\\/\\\/cefanl.be\\\/#\\\/schema\\\/logo\\\/image\\\/\"},\"sameAs\":[\"https:\\\/\\\/www.facebook.com\\\/CEFA.Bastogne.Bomal.Aywaille.Erezee\\\/\"]}]}<\/script>\n<!-- \/ Yoast SEO plugin. -->","yoast_head_json":{"title":"Menuisier(\u00e8re) - CEFA Nord-Luxembourg","description":"Formation de menuisier en alternance. Enseignement sp\u00e9cialis\u00e9 d'Erez\u00e9e. - Menuisier(\u00e8re) - CEFA Nord-Luxembourg","robots":{"index":"index","follow":"follow","max-snippet":"max-snippet:-1","max-image-preview":"max-image-preview:large","max-video-preview":"max-video-preview:-1"},"canonical":"https:\/\/cefanl.be\/index.php\/formations\/menuisier\/","og_locale":"fr_FR","og_type":"article","og_title":"Menuisier(\u00e8re) - CEFA Nord-Luxembourg","og_description":"Formation de menuisier en alternance. Enseignement sp\u00e9cialis\u00e9 d'Erez\u00e9e. - Menuisier(\u00e8re) - CEFA Nord-Luxembourg","og_url":"https:\/\/cefanl.be\/index.php\/formations\/menuisier\/","og_site_name":"CEFA Nord-Luxembourg","article_publisher":"https:\/\/www.facebook.com\/CEFA.Bastogne.Bomal.Aywaille.Erezee\/","article_modified_time":"2025-04-25T10:10:56+00:00","og_image":[{"width":1438,"height":719,"url":"https:\/\/cefanl.be\/wp-content\/uploads\/2020\/04\/Menuiserie.png","type":"image\/png"}],"twitter_card":"summary_large_image","twitter_misc":{"Dur\u00e9e de lecture estim\u00e9e":"2 minutes"},"schema":{"@context":"https:\/\/schema.org","@graph":[{"@type":"WebPage","@id":"https:\/\/cefanl.be\/index.php\/formations\/menuisier\/","url":"https:\/\/cefanl.be\/index.php\/formations\/menuisier\/","name":"Menuisier(\u00e8re) - CEFA Nord-Luxembourg","isPartOf":{"@id":"https:\/\/cefanl.be\/#website"},"primaryImageOfPage":{"@id":"https:\/\/cefanl.be\/index.php\/formations\/menuisier\/#primaryimage"},"image":{"@id":"https:\/\/cefanl.be\/index.php\/formations\/menuisier\/#primaryimage"},"thumbnailUrl":"https:\/\/cefanl.be\/wp-content\/uploads\/2020\/04\/Menuiserie-1024x512.png","datePublished":"2020-04-21T15:51:42+00:00","dateModified":"2025-04-25T10:10:56+00:00","description":"Formation de menuisier en alternance. Enseignement sp\u00e9cialis\u00e9 d'Erez\u00e9e. - Menuisier(\u00e8re) - CEFA Nord-Luxembourg","breadcrumb":{"@id":"https:\/\/cefanl.be\/index.php\/formations\/menuisier\/#breadcrumb"},"inLanguage":"fr-FR","potentialAction":[{"@type":"ReadAction","target":["https:\/\/cefanl.be\/index.php\/formations\/menuisier\/"]}]},{"@type":"ImageObject","inLanguage":"fr-FR","@id":"https:\/\/cefanl.be\/index.php\/formations\/menuisier\/#primaryimage","url":"https:\/\/cefanl.be\/wp-content\/uploads\/2020\/04\/Menuiserie.png","contentUrl":"https:\/\/cefanl.be\/wp-content\/uploads\/2020\/04\/Menuiserie.png","width":1438,"height":719},{"@type":"BreadcrumbList","@id":"https:\/\/cefanl.be\/index.php\/formations\/menuisier\/#breadcrumb","itemListElement":[{"@type":"ListItem","position":1,"name":"Accueil","item":"https:\/\/cefanl.be\/"},{"@type":"ListItem","position":2,"name":"FORMATIONS CEFA","item":"https:\/\/cefanl.be\/index.php\/formations\/"},{"@type":"ListItem","position":3,"name":"Menuisier(\u00e8re)"}]},{"@type":"WebSite","@id":"https:\/\/cefanl.be\/#website","url":"https:\/\/cefanl.be\/","name":"CEFA Nord-Luxembourg","description":"Bastogne - Bomal - Aywaille - Erez\u00e9e - Vielsalm","publisher":{"@id":"https:\/\/cefanl.be\/#organization"},"potentialAction":[{"@type":"SearchAction","target":{"@type":"EntryPoint","urlTemplate":"https:\/\/cefanl.be\/?s={search_term_string}"},"query-input":{"@type":"PropertyValueSpecification","valueRequired":true,"valueName":"search_term_string"}}],"inLanguage":"fr-FR"},{"@type":"Organization","@id":"https:\/\/cefanl.be\/#organization","name":"CEFA Nord-Luxembourg","url":"https:\/\/cefanl.be\/","logo":{"@type":"ImageObject","inLanguage":"fr-FR","@id":"https:\/\/cefanl.be\/#\/schema\/logo\/image\/","url":"https:\/\/cefanl.be\/wp-content\/uploads\/2024\/08\/cropped-Logo-CEFA-TOUS-ARBH-ARMB-ARAY-Erezee-ARMV-ICET-202.jpg","contentUrl":"https:\/\/cefanl.be\/wp-content\/uploads\/2024\/08\/cropped-Logo-CEFA-TOUS-ARBH-ARMB-ARAY-Erezee-ARMV-ICET-202.jpg","width":643,"height":526,"caption":"CEFA Nord-Luxembourg"},"image":{"@id":"https:\/\/cefanl.be\/#\/schema\/logo\/image\/"},"sameAs":["https:\/\/www.facebook.com\/CEFA.Bastogne.Bomal.Aywaille.Erezee\/"]}]}},"uagb_featured_image_src":{"full":false,"thumbnail":false,"medium":false,"medium_large":false,"large":false,"etfrtb_logo":false,"1536x1536":false,"2048x2048":false,"tc-grid-full":false,"tc-grid":false,"tc-thumb":false,"slider-full":false,"slider":false,"tc-sq-thumb":false,"tc-ws-thumb":false,"tc-ws-small-thumb":false,"tc-slider-small":false},"uagb_author_info":{"display_name":"Geoffrey Plat\u00e9us","author_link":"https:\/\/cefanl.be\/index.php\/author\/admin2186\/"},"uagb_comment_info":0,"uagb_excerpt":"Lieu de formation M\u00e9tier Le menuisier\/la menuisi\u00e8re travaille le bois et ses d\u00e9riv\u00e9s ainsi que le PVC et l&rsquo;aluminium. Dans son atelier, il\/elle con\u00e7oit et fabrique divers ouvrages en menuiserie. Ensuite, il\/elle les place, les entretient et les r\u00e9pare. Le m\u00e9tier de menuisier\/menuisi\u00e8re poss\u00e8de de nombreuses facettes : la menuiserie ext\u00e9rieure comme les ch\u00e2ssis de\u2026","jetpack_sharing_enabled":true,"_links":{"self":[{"href":"https:\/\/cefanl.be\/index.php\/wp-json\/wp\/v2\/pages\/339","targetHints":{"allow":["GET"]}}],"collection":[{"href":"https:\/\/cefanl.be\/index.php\/wp-json\/wp\/v2\/pages"}],"about":[{"href":"https:\/\/cefanl.be\/index.php\/wp-json\/wp\/v2\/types\/page"}],"author":[{"embeddable":true,"href":"https:\/\/cefanl.be\/index.php\/wp-json\/wp\/v2\/users\/1"}],"replies":[{"embeddable":true,"href":"https:\/\/cefanl.be\/index.php\/wp-json\/wp\/v2\/comments?post=339"}],"version-history":[{"count":9,"href":"https:\/\/cefanl.be\/index.php\/wp-json\/wp\/v2\/pages\/339\/revisions"}],"predecessor-version":[{"id":4281,"href":"https:\/\/cefanl.be\/index.php\/wp-json\/wp\/v2\/pages\/339\/revisions\/4281"}],"up":[{"embeddable":true,"href":"https:\/\/cefanl.be\/index.php\/wp-json\/wp\/v2\/pages\/39"}],"wp:attachment":[{"href":"https:\/\/cefanl.be\/index.php\/wp-json\/wp\/v2\/media?parent=339"}],"curies":[{"name":"wp","href":"https:\/\/api.w.org\/{rel}","templated":true}]}}