{"id":2479,"date":"2023-01-23T15:29:38","date_gmt":"2023-01-23T14:29:38","guid":{"rendered":"https:\/\/cefanl.be\/?page_id=2479"},"modified":"2026-04-07T19:32:03","modified_gmt":"2026-04-07T17:32:03","slug":"cefa-vielsalm","status":"publish","type":"page","link":"https:\/\/cefanl.be\/index.php\/implantations\/cefa-vielsalm\/","title":{"rendered":"CEFA VIELSALM"},"content":{"rendered":"\n<div class=\"wp-block-uagb-image uagb-block-df64a025 wp-block-uagb-image--layout-default wp-block-uagb-image--effect-static wp-block-uagb-image--align-none\"><figure class=\"wp-block-uagb-image__figure\"><img decoding=\"async\" srcset=\"https:\/\/cefanl.be\/wp-content\/uploads\/2024\/08\/DSC_5528-1024x682.jpg ,https:\/\/cefanl.be\/wp-content\/uploads\/2024\/08\/DSC_5528.jpg 780w, https:\/\/cefanl.be\/wp-content\/uploads\/2024\/08\/DSC_5528.jpg 360w\" sizes=\"auto, (max-width: 480px) 150px\" src=\"https:\/\/cefanl.be\/wp-content\/uploads\/2024\/08\/DSC_5528-1024x682.jpg\" alt=\"\" class=\"uag-image-3802\" width=\"1024\" height=\"682\" title=\"DSC_5528\" loading=\"lazy\" role=\"img\"\/><\/figure><\/div>\n\n\n\n<p>Le CEFA Nord-Luxembourg vient de finaliser sa coop\u00e9ration avec l&rsquo;<a href=\"http:\/\/www.arvm.be\/\">Ath\u00e9n\u00e9e Royal de Vielsalm &#8211; Manhay<\/a>. Cette collaboration sera active \u00e0 partir de l&rsquo;ann\u00e9e scolaire 2023-2024 sur le site de Rencheux<\/p>\n\n\n\n<p>Notre collaboration avec l&rsquo;Ath\u00e9n\u00e9e Royal de Vielsalm est \u00e9galement l&rsquo;occasion de proposer une nouvelle offre de formations et d&rsquo;options.<\/p>\n\n\n\n<p>L&rsquo;ouverture de ces options est sous r\u00e9serve du nombre requis d&rsquo;inscription et de l&rsquo;acceptation de l&rsquo;administration. <\/p>\n\n\n\n<figure class=\"wp-block-gallery has-nested-images columns-6 is-cropped has-white-background-color has-background wp-block-gallery-1 is-layout-flex wp-block-gallery-is-layout-flex\">\n<figure class=\"wp-block-image size-large\"><a href=\"https:\/\/cefanl.be\/wp-content\/uploads\/2024\/08\/DSC_5348.jpg\" target=\"_blank\" rel=\"noopener\"><img loading=\"lazy\" decoding=\"async\" width=\"1024\" height=\"682\" data-id=\"3804\" src=\"https:\/\/cefanl.be\/wp-content\/uploads\/2024\/08\/DSC_5348-1024x682.jpg\" alt=\"\" class=\"wp-image-3804\" srcset=\"https:\/\/cefanl.be\/wp-content\/uploads\/2024\/08\/DSC_5348.jpg 1024w, https:\/\/cefanl.be\/wp-content\/uploads\/2024\/08\/DSC_5348.jpg 300w, https:\/\/cefanl.be\/wp-content\/uploads\/2024\/08\/DSC_5348.jpg 768w, https:\/\/cefanl.be\/wp-content\/uploads\/2024\/08\/DSC_5348.jpg 200w, https:\/\/cefanl.be\/wp-content\/uploads\/2024\/08\/DSC_5348.jpg 1536w, https:\/\/cefanl.be\/wp-content\/uploads\/2024\/08\/DSC_5348.jpg 1803w\" sizes=\"auto, (max-width: 1024px) 100vw, 1024px\" \/><\/a><\/figure>\n\n\n\n<figure class=\"wp-block-image size-large\"><a href=\"https:\/\/cefanl.be\/wp-content\/uploads\/2024\/08\/DSC_5353.jpg\" target=\"_blank\" rel=\"noopener\"><img loading=\"lazy\" decoding=\"async\" width=\"1024\" height=\"682\" data-id=\"3805\" src=\"https:\/\/cefanl.be\/wp-content\/uploads\/2024\/08\/DSC_5353-1024x682.jpg\" alt=\"\" class=\"wp-image-3805\" srcset=\"https:\/\/cefanl.be\/wp-content\/uploads\/2024\/08\/DSC_5353.jpg 1024w, https:\/\/cefanl.be\/wp-content\/uploads\/2024\/08\/DSC_5353.jpg 300w, https:\/\/cefanl.be\/wp-content\/uploads\/2024\/08\/DSC_5353.jpg 768w, https:\/\/cefanl.be\/wp-content\/uploads\/2024\/08\/DSC_5353.jpg 200w, https:\/\/cefanl.be\/wp-content\/uploads\/2024\/08\/DSC_5353.jpg 1536w, https:\/\/cefanl.be\/wp-content\/uploads\/2024\/08\/DSC_5353.jpg 1803w\" sizes=\"auto, (max-width: 1024px) 100vw, 1024px\" \/><\/a><\/figure>\n\n\n\n<figure class=\"wp-block-image size-large\"><a href=\"https:\/\/cefanl.be\/wp-content\/uploads\/2024\/08\/DSC_5452.jpg\" target=\"_blank\" rel=\"noopener\"><img loading=\"lazy\" decoding=\"async\" width=\"1024\" height=\"682\" data-id=\"3806\" src=\"https:\/\/cefanl.be\/wp-content\/uploads\/2024\/08\/DSC_5452-1024x682.jpg\" alt=\"\" class=\"wp-image-3806\" srcset=\"https:\/\/cefanl.be\/wp-content\/uploads\/2024\/08\/DSC_5452.jpg 1024w, https:\/\/cefanl.be\/wp-content\/uploads\/2024\/08\/DSC_5452.jpg 300w, https:\/\/cefanl.be\/wp-content\/uploads\/2024\/08\/DSC_5452.jpg 768w, https:\/\/cefanl.be\/wp-content\/uploads\/2024\/08\/DSC_5452.jpg 200w, https:\/\/cefanl.be\/wp-content\/uploads\/2024\/08\/DSC_5452.jpg 1536w, https:\/\/cefanl.be\/wp-content\/uploads\/2024\/08\/DSC_5452.jpg 1803w\" sizes=\"auto, (max-width: 1024px) 100vw, 1024px\" \/><\/a><\/figure>\n\n\n\n<figure class=\"wp-block-image size-large\"><a href=\"https:\/\/cefanl.be\/wp-content\/uploads\/2024\/08\/DSC_5469.jpg\" target=\"_blank\" rel=\"noopener\"><img loading=\"lazy\" decoding=\"async\" width=\"1024\" height=\"682\" data-id=\"3807\" src=\"https:\/\/cefanl.be\/wp-content\/uploads\/2024\/08\/DSC_5469-1024x682.jpg\" alt=\"\" class=\"wp-image-3807\" srcset=\"https:\/\/cefanl.be\/wp-content\/uploads\/2024\/08\/DSC_5469.jpg 1024w, https:\/\/cefanl.be\/wp-content\/uploads\/2024\/08\/DSC_5469.jpg 300w, https:\/\/cefanl.be\/wp-content\/uploads\/2024\/08\/DSC_5469.jpg 768w, https:\/\/cefanl.be\/wp-content\/uploads\/2024\/08\/DSC_5469.jpg 200w, https:\/\/cefanl.be\/wp-content\/uploads\/2024\/08\/DSC_5469.jpg 1536w, https:\/\/cefanl.be\/wp-content\/uploads\/2024\/08\/DSC_5469.jpg 1803w\" sizes=\"auto, (max-width: 1024px) 100vw, 1024px\" \/><\/a><\/figure>\n\n\n\n<figure class=\"wp-block-image size-large\"><a href=\"https:\/\/cefanl.be\/wp-content\/uploads\/2024\/08\/DSC_5504.jpg\" target=\"_blank\" rel=\"noopener\"><img loading=\"lazy\" decoding=\"async\" width=\"1024\" height=\"682\" data-id=\"3808\" src=\"https:\/\/cefanl.be\/wp-content\/uploads\/2024\/08\/DSC_5504-1024x682.jpg\" alt=\"\" class=\"wp-image-3808\" srcset=\"https:\/\/cefanl.be\/wp-content\/uploads\/2024\/08\/DSC_5504.jpg 1024w, https:\/\/cefanl.be\/wp-content\/uploads\/2024\/08\/DSC_5504.jpg 300w, https:\/\/cefanl.be\/wp-content\/uploads\/2024\/08\/DSC_5504.jpg 768w, https:\/\/cefanl.be\/wp-content\/uploads\/2024\/08\/DSC_5504.jpg 200w, https:\/\/cefanl.be\/wp-content\/uploads\/2024\/08\/DSC_5504.jpg 1536w, https:\/\/cefanl.be\/wp-content\/uploads\/2024\/08\/DSC_5504.jpg 1803w\" sizes=\"auto, (max-width: 1024px) 100vw, 1024px\" \/><\/a><\/figure>\n\n\n\n<figure class=\"wp-block-image size-large\"><a href=\"https:\/\/cefanl.be\/wp-content\/uploads\/2024\/08\/DSC_5528-1.jpg\" target=\"_blank\" rel=\"noopener\"><img loading=\"lazy\" decoding=\"async\" width=\"1024\" height=\"682\" data-id=\"3809\" src=\"https:\/\/cefanl.be\/wp-content\/uploads\/2024\/08\/DSC_5528-1-1024x682.jpg\" alt=\"\" class=\"wp-image-3809\" srcset=\"https:\/\/cefanl.be\/wp-content\/uploads\/2024\/08\/DSC_5528-1.jpg 1024w, https:\/\/cefanl.be\/wp-content\/uploads\/2024\/08\/DSC_5528-1.jpg 300w, https:\/\/cefanl.be\/wp-content\/uploads\/2024\/08\/DSC_5528-1.jpg 768w, https:\/\/cefanl.be\/wp-content\/uploads\/2024\/08\/DSC_5528-1.jpg 200w, https:\/\/cefanl.be\/wp-content\/uploads\/2024\/08\/DSC_5528-1.jpg 1536w, https:\/\/cefanl.be\/wp-content\/uploads\/2024\/08\/DSC_5528-1.jpg 1803w\" sizes=\"auto, (max-width: 1024px) 100vw, 1024px\" \/><\/a><\/figure>\n<\/figure>\n\n\n\n<h3 class=\"wp-block-heading has-vivid-red-color has-text-color\">Options sur le site du CEFA de Vielsalm<\/h3>\n\n\n\n<p><strong>Formations technique de qualification PEQ (4\u00e8me, 5\u00e8me &amp; 6\u00e8me) Article 49<\/strong><\/p>\n\n\n\n<ul class=\"wp-block-list\">\n<li><a href=\"https:\/\/cefanl.be\/index.php\/formations\/electricien-electricienne-de-maintenance-industrielle\/\" type=\"page\" id=\"5133\">Electricit\u00e9 de maintenance Industrielle<\/a><\/li>\n<\/ul>\n\n\n\n<h4 class=\"wp-block-heading\">Formations professionnelle PEQ (4\u00e8me, 5\u00e8me &amp; 6\u00e8me) art. 49<\/h4>\n\n\n\n<ul class=\"wp-block-list\">\n<li><a href=\"https:\/\/cefanl.be\/index.php\/formations\/boulangerie-patisserie\/\" type=\"page\" id=\"5118\">Boulangerie<\/a> &#8211; NOUVEAU<\/li>\n\n\n\n<li><a href=\"https:\/\/cefanl.be\/index.php\/formations\/carrosserie\/\">Carrosserie<\/a><\/li>\n\n\n\n<li><a href=\"https:\/\/cefanl.be\/index.php\/formations\/coiffure\/\" type=\"page\" id=\"5080\">Coiffure<\/a> &#8211; NOUVEAU<\/li>\n\n\n\n<li><a href=\"https:\/\/cefanl.be\/index.php\/formations\/conducteur-conductrice-dengins-de-chantier\/\" type=\"page\" id=\"5112\">Conducteur \/ Conductrice d&rsquo;Engins de Chantier<\/a> (6\u00e8me) &#8211; NOUVEAU<\/li>\n\n\n\n<li><a href=\"https:\/\/cefanl.be\/index.php\/formations\/macon\/\">Ma\u00e7onnerie<\/a><\/li>\n\n\n\n<li><a href=\"https:\/\/cefanl.be\/index.php\/formations\/mecanique\/\">M\u00e9canique<\/a> (4\u00e8me &amp; 5\u00e8me)<\/li>\n<\/ul>\n\n\n\n<h4 class=\"wp-block-heading\">7\u00e8me professionnelle<\/h4>\n\n\n\n<ul class=\"wp-block-list\">\n<li><a href=\"https:\/\/cefanl.be\/index.php\/options\/gestionnaire-de-tres-petites-entreprises\/\">Gestionnaire de Tr\u00e8s Petites Entreprises<\/a><\/li>\n<\/ul>\n\n\n\n<hr class=\"wp-block-separator has-alpha-channel-opacity\"\/>\n\n\n\n<section class=\"wp-block-uagb-columns uagb-columns__wrap uagb-columns__background-none uagb-columns__stack-mobile uagb-columns__valign- uagb-columns__gap-10 alignwide uagb-block-d9300bdd uagb-columns__columns-3 uagb-columns__max_width-theme\"><div class=\"uagb-columns__overlay\"><\/div><div class=\"uagb-columns__inner-wrap uagb-columns__columns-3\">\n<div class=\"wp-block-uagb-column uagb-column__wrap uagb-column__background-undefined uagb-block-88c7ca42\"><div class=\"uagb-column__overlay\"><\/div>\n<div class=\"wp-block-uagb-image aligncenter uagb-block-f9c16bd9 wp-block-uagb-image--layout-default wp-block-uagb-image--effect-static wp-block-uagb-image--align-center\"><figure class=\"wp-block-uagb-image__figure\"><img decoding=\"async\" srcset=\"https:\/\/cefanl.be\/wp-content\/uploads\/2024\/08\/Logo-CEFA-NL-AR-Vielsalm-2024-1024x838.png ,https:\/\/cefanl.be\/wp-content\/uploads\/2024\/08\/Logo-CEFA-NL-AR-Vielsalm-2024.png 780w, https:\/\/cefanl.be\/wp-content\/uploads\/2024\/08\/Logo-CEFA-NL-AR-Vielsalm-2024.png 360w\" sizes=\"auto, (max-width: 480px) 150px\" src=\"https:\/\/cefanl.be\/wp-content\/uploads\/2024\/08\/Logo-CEFA-NL-AR-Vielsalm-2024-1024x838.png\" alt=\"\" class=\"uag-image-3803\" width=\"300\" height=\"246\" title=\"Logo CEFA NL-AR Vielsalm-2024\" loading=\"lazy\" role=\"img\"\/><\/figure><\/div>\n<\/div>\n\n\n\n<div class=\"wp-block-uagb-column uagb-column__wrap uagb-column__background-undefined uagb-block-0e93f021\"><div class=\"uagb-column__overlay\"><\/div>\n<h3 class=\"wp-block-heading has-text-align-center font_5 has-vivid-red-color has-text-color\">Vielsalm<\/h3>\n\n\n\n<p class=\"has-text-align-center\">Ath\u00e9n\u00e9e Royal Vielsalm &#8211; Manhay<\/p>\n\n\n\n<p class=\"has-text-align-center font_8\"><span class=\"color_15\">Rue d<\/span>es Chasseurs Ardennais, 1<\/p>\n\n\n\n<p class=\"has-text-align-center\">6690 Vielsalm<\/p>\n\n\n\n<p class=\"has-text-align-center font_8\"><span class=\"color_15\">T\u00e9l : 08<\/span>6 21 91 24<\/p>\n\n\n\n<p class=\"has-text-align-center font_8\"><a href=\"mailto:vielsalm@cefanl.be\" target=\"_blank\" rel=\"noreferrer noopener\">vielsalm@cefanl.be<\/a><\/p>\n<\/div>\n\n\n\n<div class=\"wp-block-uagb-column uagb-column__wrap uagb-column__background-undefined uagb-block-d2337012\"><div class=\"uagb-column__overlay\"><\/div>\t\t\t<div \n\t\t\tclass=\"wp-block-uagb-google-map uagb-google-map__wrap uagb-block-cfa63dce     \"\n\t\t\tstyle=\"\" >\n\t\t\t\t<embed\n\t\t\t\t\tclass=\"uagb-google-map__iframe\"\n\t\t\t\t\ttitle=\"Carte Google pour \"\n\t\t\t\t\tsrc=\"https:\/\/maps.google.com\/maps?q=Rue%20des%20chasseurs%20ardennais%201%206690&#038;z=12&#038;hl=fr&#038;t=m&#038;output=embed&#038;iwloc=near\"\n\t\t\t\t\twidth=\"640\"\n\t\t\t\t\theight=\"300\"\n\t\t\t\t\tloading=\"lazy\"\n\t\t\t\t><\/embed>\n\t\t\t<\/div>\n\t\t\t<\/div>\n<\/div><\/section>\n\n\n\n<p class=\"has-white-color has-text-color\">CEFA Bomal<\/p>\n\n\n\n<hr class=\"wp-block-separator has-css-opacity\"\/>\n\n\n\n<div class=\"wp-block-columns is-layout-flex wp-container-core-columns-is-layout-9d6595d7 wp-block-columns-is-layout-flex\">\n<div class=\"wp-block-column is-layout-flow wp-block-column-is-layout-flow\"><\/div>\n\n\n\n<div class=\"wp-block-column is-layout-flow wp-block-column-is-layout-flow\"><div class=\"wp-block-image\">\n<figure class=\"aligncenter size-full\"><a href=\"http:\/\/www.arvm.be\/\" target=\"_blank\" rel=\"noopener noreferrer\"><img loading=\"lazy\" decoding=\"async\" width=\"400\" height=\"157\" src=\"https:\/\/cefanl.be\/wp-content\/uploads\/2023\/01\/Logo-AR-Vielsalm-Manhay.jpg\" alt=\"\" class=\"wp-image-2493\" srcset=\"https:\/\/cefanl.be\/wp-content\/uploads\/2023\/01\/Logo-AR-Vielsalm-Manhay.jpg 400w, https:\/\/cefanl.be\/wp-content\/uploads\/2023\/01\/Logo-AR-Vielsalm-Manhay.jpg 300w, https:\/\/cefanl.be\/wp-content\/uploads\/2023\/01\/Logo-AR-Vielsalm-Manhay.jpg 200w\" sizes=\"auto, (max-width: 400px) 100vw, 400px\" \/><\/a><\/figure>\n<\/div><\/div>\n\n\n\n<div class=\"wp-block-column is-layout-flow wp-block-column-is-layout-flow\"><\/div>\n<\/div>\n","protected":false},"excerpt":{"rendered":"<p>Le CEFA Nord-Luxembourg vient de finaliser sa coop\u00e9ration avec l&rsquo;Ath\u00e9n\u00e9e Royal de Vielsalm &#8211; Manhay. Cette collaboration sera active \u00e0 partir de l&rsquo;ann\u00e9e scolaire 2023-2024 sur le site de Rencheux Notre collaboration avec l&rsquo;Ath\u00e9n\u00e9e Royal de Vielsalm est \u00e9galement l&rsquo;occasion de proposer une nouvelle offre de formations et d&rsquo;options. L&rsquo;ouverture de ces options est sous [&hellip;]<\/p>\n","protected":false},"author":1,"featured_media":2480,"parent":37,"menu_order":1,"comment_status":"closed","ping_status":"closed","template":"","meta":{"_uag_custom_page_level_css":"","footnotes":""},"class_list":["post-2479","page","type-page","status-publish","has-post-thumbnail","czr-hentry"],"yoast_head":"<!-- This site is optimized with the Yoast SEO plugin v27.5 - https:\/\/yoast.com\/product\/yoast-seo-wordpress\/ -->\n<title>CEFA VIELSALM - CEFA Nord-Luxembourg<\/title>\n<meta name=\"description\" content=\"CEFA - Centre d&#039;Education et de Formation en Alternance \u00e0 Manhay - CEFA Nord-Luxembourg Ath\u00e9n\u00e9e Royal Vielsalm - Manhay\" \/>\n<meta name=\"robots\" content=\"index, follow, max-snippet:-1, max-image-preview:large, max-video-preview:-1\" \/>\n<link rel=\"canonical\" href=\"https:\/\/cefanl.be\/index.php\/implantations\/cefa-vielsalm\/\" \/>\n<meta property=\"og:locale\" content=\"fr_FR\" \/>\n<meta property=\"og:type\" content=\"article\" \/>\n<meta property=\"og:title\" content=\"CEFA VIELSALM - CEFA Nord-Luxembourg\" \/>\n<meta property=\"og:description\" content=\"CEFA - Centre d&#039;Education et de Formation en Alternance \u00e0 Manhay - CEFA Nord-Luxembourg Ath\u00e9n\u00e9e Royal Vielsalm - Manhay\" \/>\n<meta property=\"og:url\" content=\"https:\/\/cefanl.be\/index.php\/implantations\/cefa-vielsalm\/\" \/>\n<meta property=\"og:site_name\" content=\"CEFA Nord-Luxembourg\" \/>\n<meta property=\"article:publisher\" content=\"https:\/\/www.facebook.com\/CEFA.Bastogne.Bomal.Aywaille.Erezee\/\" \/>\n<meta property=\"article:modified_time\" content=\"2026-04-07T17:32:03+00:00\" \/>\n<meta property=\"og:image\" content=\"https:\/\/cefanl.be\/wp-content\/uploads\/2023\/01\/Manhay.jpg\" \/>\n\t<meta property=\"og:image:width\" content=\"1803\" \/>\n\t<meta property=\"og:image:height\" content=\"1200\" \/>\n\t<meta property=\"og:image:type\" content=\"image\/jpeg\" \/>\n<meta name=\"twitter:card\" content=\"summary_large_image\" \/>\n<meta name=\"twitter:label1\" content=\"Dur\u00e9e de lecture estim\u00e9e\" \/>\n\t<meta name=\"twitter:data1\" content=\"3 minutes\" \/>\n<script type=\"application\/ld+json\" class=\"yoast-schema-graph\">{\"@context\":\"https:\\\/\\\/schema.org\",\"@graph\":[{\"@type\":\"WebPage\",\"@id\":\"https:\\\/\\\/cefanl.be\\\/index.php\\\/implantations\\\/cefa-vielsalm\\\/\",\"url\":\"https:\\\/\\\/cefanl.be\\\/index.php\\\/implantations\\\/cefa-vielsalm\\\/\",\"name\":\"CEFA VIELSALM - CEFA Nord-Luxembourg\",\"isPartOf\":{\"@id\":\"https:\\\/\\\/cefanl.be\\\/#website\"},\"primaryImageOfPage\":{\"@id\":\"https:\\\/\\\/cefanl.be\\\/index.php\\\/implantations\\\/cefa-vielsalm\\\/#primaryimage\"},\"image\":{\"@id\":\"https:\\\/\\\/cefanl.be\\\/index.php\\\/implantations\\\/cefa-vielsalm\\\/#primaryimage\"},\"thumbnailUrl\":\"https:\\\/\\\/cefanl.be\\\/wp-content\\\/uploads\\\/2023\\\/01\\\/Manhay.jpg\",\"datePublished\":\"2023-01-23T14:29:38+00:00\",\"dateModified\":\"2026-04-07T17:32:03+00:00\",\"description\":\"CEFA - Centre d'Education et de Formation en Alternance \u00e0 Manhay - CEFA Nord-Luxembourg Ath\u00e9n\u00e9e Royal Vielsalm - Manhay\",\"breadcrumb\":{\"@id\":\"https:\\\/\\\/cefanl.be\\\/index.php\\\/implantations\\\/cefa-vielsalm\\\/#breadcrumb\"},\"inLanguage\":\"fr-FR\",\"potentialAction\":[{\"@type\":\"ReadAction\",\"target\":[\"https:\\\/\\\/cefanl.be\\\/index.php\\\/implantations\\\/cefa-vielsalm\\\/\"]}]},{\"@type\":\"ImageObject\",\"inLanguage\":\"fr-FR\",\"@id\":\"https:\\\/\\\/cefanl.be\\\/index.php\\\/implantations\\\/cefa-vielsalm\\\/#primaryimage\",\"url\":\"https:\\\/\\\/cefanl.be\\\/wp-content\\\/uploads\\\/2023\\\/01\\\/Manhay.jpg\",\"contentUrl\":\"https:\\\/\\\/cefanl.be\\\/wp-content\\\/uploads\\\/2023\\\/01\\\/Manhay.jpg\",\"width\":1803,\"height\":1200},{\"@type\":\"BreadcrumbList\",\"@id\":\"https:\\\/\\\/cefanl.be\\\/index.php\\\/implantations\\\/cefa-vielsalm\\\/#breadcrumb\",\"itemListElement\":[{\"@type\":\"ListItem\",\"position\":1,\"name\":\"Accueil\",\"item\":\"https:\\\/\\\/cefanl.be\\\/\"},{\"@type\":\"ListItem\",\"position\":2,\"name\":\"IMPLANTATIONS\",\"item\":\"https:\\\/\\\/cefanl.be\\\/index.php\\\/implantations\\\/\"},{\"@type\":\"ListItem\",\"position\":3,\"name\":\"CEFA VIELSALM\"}]},{\"@type\":\"WebSite\",\"@id\":\"https:\\\/\\\/cefanl.be\\\/#website\",\"url\":\"https:\\\/\\\/cefanl.be\\\/\",\"name\":\"CEFA Nord-Luxembourg\",\"description\":\"Bastogne - Bomal - Aywaille - Erez\u00e9e - Vielsalm\",\"publisher\":{\"@id\":\"https:\\\/\\\/cefanl.be\\\/#organization\"},\"potentialAction\":[{\"@type\":\"SearchAction\",\"target\":{\"@type\":\"EntryPoint\",\"urlTemplate\":\"https:\\\/\\\/cefanl.be\\\/?s={search_term_string}\"},\"query-input\":{\"@type\":\"PropertyValueSpecification\",\"valueRequired\":true,\"valueName\":\"search_term_string\"}}],\"inLanguage\":\"fr-FR\"},{\"@type\":\"Organization\",\"@id\":\"https:\\\/\\\/cefanl.be\\\/#organization\",\"name\":\"CEFA Nord-Luxembourg\",\"url\":\"https:\\\/\\\/cefanl.be\\\/\",\"logo\":{\"@type\":\"ImageObject\",\"inLanguage\":\"fr-FR\",\"@id\":\"https:\\\/\\\/cefanl.be\\\/#\\\/schema\\\/logo\\\/image\\\/\",\"url\":\"https:\\\/\\\/cefanl.be\\\/wp-content\\\/uploads\\\/2024\\\/08\\\/cropped-Logo-CEFA-TOUS-ARBH-ARMB-ARAY-Erezee-ARMV-ICET-202.jpg\",\"contentUrl\":\"https:\\\/\\\/cefanl.be\\\/wp-content\\\/uploads\\\/2024\\\/08\\\/cropped-Logo-CEFA-TOUS-ARBH-ARMB-ARAY-Erezee-ARMV-ICET-202.jpg\",\"width\":643,\"height\":526,\"caption\":\"CEFA Nord-Luxembourg\"},\"image\":{\"@id\":\"https:\\\/\\\/cefanl.be\\\/#\\\/schema\\\/logo\\\/image\\\/\"},\"sameAs\":[\"https:\\\/\\\/www.facebook.com\\\/CEFA.Bastogne.Bomal.Aywaille.Erezee\\\/\"]}]}<\/script>\n<!-- \/ Yoast SEO plugin. -->","yoast_head_json":{"title":"CEFA VIELSALM - CEFA Nord-Luxembourg","description":"CEFA - Centre d'Education et de Formation en Alternance \u00e0 Manhay - CEFA Nord-Luxembourg Ath\u00e9n\u00e9e Royal Vielsalm - Manhay","robots":{"index":"index","follow":"follow","max-snippet":"max-snippet:-1","max-image-preview":"max-image-preview:large","max-video-preview":"max-video-preview:-1"},"canonical":"https:\/\/cefanl.be\/index.php\/implantations\/cefa-vielsalm\/","og_locale":"fr_FR","og_type":"article","og_title":"CEFA VIELSALM - CEFA Nord-Luxembourg","og_description":"CEFA - Centre d'Education et de Formation en Alternance \u00e0 Manhay - CEFA Nord-Luxembourg Ath\u00e9n\u00e9e Royal Vielsalm - Manhay","og_url":"https:\/\/cefanl.be\/index.php\/implantations\/cefa-vielsalm\/","og_site_name":"CEFA Nord-Luxembourg","article_publisher":"https:\/\/www.facebook.com\/CEFA.Bastogne.Bomal.Aywaille.Erezee\/","article_modified_time":"2026-04-07T17:32:03+00:00","og_image":[{"width":1803,"height":1200,"url":"https:\/\/cefanl.be\/wp-content\/uploads\/2023\/01\/Manhay.jpg","type":"image\/jpeg"}],"twitter_card":"summary_large_image","twitter_misc":{"Dur\u00e9e de lecture estim\u00e9e":"3 minutes"},"schema":{"@context":"https:\/\/schema.org","@graph":[{"@type":"WebPage","@id":"https:\/\/cefanl.be\/index.php\/implantations\/cefa-vielsalm\/","url":"https:\/\/cefanl.be\/index.php\/implantations\/cefa-vielsalm\/","name":"CEFA VIELSALM - CEFA Nord-Luxembourg","isPartOf":{"@id":"https:\/\/cefanl.be\/#website"},"primaryImageOfPage":{"@id":"https:\/\/cefanl.be\/index.php\/implantations\/cefa-vielsalm\/#primaryimage"},"image":{"@id":"https:\/\/cefanl.be\/index.php\/implantations\/cefa-vielsalm\/#primaryimage"},"thumbnailUrl":"https:\/\/cefanl.be\/wp-content\/uploads\/2023\/01\/Manhay.jpg","datePublished":"2023-01-23T14:29:38+00:00","dateModified":"2026-04-07T17:32:03+00:00","description":"CEFA - Centre d'Education et de Formation en Alternance \u00e0 Manhay - CEFA Nord-Luxembourg Ath\u00e9n\u00e9e Royal Vielsalm - Manhay","breadcrumb":{"@id":"https:\/\/cefanl.be\/index.php\/implantations\/cefa-vielsalm\/#breadcrumb"},"inLanguage":"fr-FR","potentialAction":[{"@type":"ReadAction","target":["https:\/\/cefanl.be\/index.php\/implantations\/cefa-vielsalm\/"]}]},{"@type":"ImageObject","inLanguage":"fr-FR","@id":"https:\/\/cefanl.be\/index.php\/implantations\/cefa-vielsalm\/#primaryimage","url":"https:\/\/cefanl.be\/wp-content\/uploads\/2023\/01\/Manhay.jpg","contentUrl":"https:\/\/cefanl.be\/wp-content\/uploads\/2023\/01\/Manhay.jpg","width":1803,"height":1200},{"@type":"BreadcrumbList","@id":"https:\/\/cefanl.be\/index.php\/implantations\/cefa-vielsalm\/#breadcrumb","itemListElement":[{"@type":"ListItem","position":1,"name":"Accueil","item":"https:\/\/cefanl.be\/"},{"@type":"ListItem","position":2,"name":"IMPLANTATIONS","item":"https:\/\/cefanl.be\/index.php\/implantations\/"},{"@type":"ListItem","position":3,"name":"CEFA VIELSALM"}]},{"@type":"WebSite","@id":"https:\/\/cefanl.be\/#website","url":"https:\/\/cefanl.be\/","name":"CEFA Nord-Luxembourg","description":"Bastogne - Bomal - Aywaille - Erez\u00e9e - Vielsalm","publisher":{"@id":"https:\/\/cefanl.be\/#organization"},"potentialAction":[{"@type":"SearchAction","target":{"@type":"EntryPoint","urlTemplate":"https:\/\/cefanl.be\/?s={search_term_string}"},"query-input":{"@type":"PropertyValueSpecification","valueRequired":true,"valueName":"search_term_string"}}],"inLanguage":"fr-FR"},{"@type":"Organization","@id":"https:\/\/cefanl.be\/#organization","name":"CEFA Nord-Luxembourg","url":"https:\/\/cefanl.be\/","logo":{"@type":"ImageObject","inLanguage":"fr-FR","@id":"https:\/\/cefanl.be\/#\/schema\/logo\/image\/","url":"https:\/\/cefanl.be\/wp-content\/uploads\/2024\/08\/cropped-Logo-CEFA-TOUS-ARBH-ARMB-ARAY-Erezee-ARMV-ICET-202.jpg","contentUrl":"https:\/\/cefanl.be\/wp-content\/uploads\/2024\/08\/cropped-Logo-CEFA-TOUS-ARBH-ARMB-ARAY-Erezee-ARMV-ICET-202.jpg","width":643,"height":526,"caption":"CEFA Nord-Luxembourg"},"image":{"@id":"https:\/\/cefanl.be\/#\/schema\/logo\/image\/"},"sameAs":["https:\/\/www.facebook.com\/CEFA.Bastogne.Bomal.Aywaille.Erezee\/"]}]}},"uagb_featured_image_src":{"full":["https:\/\/cefanl.be\/wp-content\/uploads\/2023\/01\/Manhay.jpg",1803,1200,false],"thumbnail":["https:\/\/cefanl.be\/wp-content\/uploads\/2023\/01\/Manhay.jpg",150,150,true],"medium":["https:\/\/cefanl.be\/wp-content\/uploads\/2023\/01\/Manhay.jpg",300,200,true],"medium_large":["https:\/\/cefanl.be\/wp-content\/uploads\/2023\/01\/Manhay.jpg",768,511,true],"large":["https:\/\/cefanl.be\/wp-content\/uploads\/2023\/01\/Manhay.jpg",1024,682,true],"etfrtb_logo":["https:\/\/cefanl.be\/wp-content\/uploads\/2023\/01\/Manhay.jpg",200,133,true],"1536x1536":["https:\/\/cefanl.be\/wp-content\/uploads\/2023\/01\/Manhay.jpg",1536,1022,true],"2048x2048":["https:\/\/cefanl.be\/wp-content\/uploads\/2023\/01\/Manhay.jpg",1803,1200,true],"tc-grid-full":["https:\/\/cefanl.be\/wp-content\/uploads\/2023\/01\/Manhay.jpg",1110,444,true],"tc-grid":["https:\/\/cefanl.be\/wp-content\/uploads\/2023\/01\/Manhay.jpg",570,350,true],"tc-thumb":["https:\/\/cefanl.be\/wp-content\/uploads\/2023\/01\/Manhay.jpg",270,250,true],"slider-full":["https:\/\/cefanl.be\/wp-content\/uploads\/2023\/01\/Manhay.jpg",1803,500,true],"slider":["https:\/\/cefanl.be\/wp-content\/uploads\/2023\/01\/Manhay.jpg",1110,500,true],"tc-sq-thumb":["https:\/\/cefanl.be\/wp-content\/uploads\/2023\/01\/Manhay.jpg",510,510,true],"tc-ws-thumb":["https:\/\/cefanl.be\/wp-content\/uploads\/2023\/01\/Manhay.jpg",1110,624,true],"tc-ws-small-thumb":["https:\/\/cefanl.be\/wp-content\/uploads\/2023\/01\/Manhay.jpg",528,297,true],"tc-slider-small":["https:\/\/cefanl.be\/wp-content\/uploads\/2023\/01\/Manhay.jpg",517,235,true]},"uagb_author_info":{"display_name":"Geoffrey Plat\u00e9us","author_link":"https:\/\/cefanl.be\/index.php\/author\/admin2186\/"},"uagb_comment_info":0,"uagb_excerpt":"Le CEFA Nord-Luxembourg vient de finaliser sa coop\u00e9ration avec l&rsquo;Ath\u00e9n\u00e9e Royal de Vielsalm &#8211; Manhay. Cette collaboration sera active \u00e0 partir de l&rsquo;ann\u00e9e scolaire 2023-2024 sur le site de Rencheux Notre collaboration avec l&rsquo;Ath\u00e9n\u00e9e Royal de Vielsalm est \u00e9galement l&rsquo;occasion de proposer une nouvelle offre de formations et d&rsquo;options. L&rsquo;ouverture de ces options est sous\u2026","jetpack_sharing_enabled":true,"_links":{"self":[{"href":"https:\/\/cefanl.be\/index.php\/wp-json\/wp\/v2\/pages\/2479","targetHints":{"allow":["GET"]}}],"collection":[{"href":"https:\/\/cefanl.be\/index.php\/wp-json\/wp\/v2\/pages"}],"about":[{"href":"https:\/\/cefanl.be\/index.php\/wp-json\/wp\/v2\/types\/page"}],"author":[{"embeddable":true,"href":"https:\/\/cefanl.be\/index.php\/wp-json\/wp\/v2\/users\/1"}],"replies":[{"embeddable":true,"href":"https:\/\/cefanl.be\/index.php\/wp-json\/wp\/v2\/comments?post=2479"}],"version-history":[{"count":24,"href":"https:\/\/cefanl.be\/index.php\/wp-json\/wp\/v2\/pages\/2479\/revisions"}],"predecessor-version":[{"id":5197,"href":"https:\/\/cefanl.be\/index.php\/wp-json\/wp\/v2\/pages\/2479\/revisions\/5197"}],"up":[{"embeddable":true,"href":"https:\/\/cefanl.be\/index.php\/wp-json\/wp\/v2\/pages\/37"}],"wp:featuredmedia":[{"embeddable":true,"href":"https:\/\/cefanl.be\/index.php\/wp-json\/wp\/v2\/media\/2480"}],"wp:attachment":[{"href":"https:\/\/cefanl.be\/index.php\/wp-json\/wp\/v2\/media?parent=2479"}],"curies":[{"name":"wp","href":"https:\/\/api.w.org\/{rel}","templated":true}]}}